{"id":12042,"date":"2023-12-15T13:54:27","date_gmt":"2023-12-15T13:54:27","guid":{"rendered":"https:\/\/upbeat-carver.217-154-185-52.plesk.page\/?page_id=12042"},"modified":"2024-08-01T17:54:49","modified_gmt":"2024-08-01T17:54:49","slug":"legal","status":"publish","type":"page","link":"https:\/\/upbeat-carver.217-154-185-52.plesk.page\/?page_id=12042","title":{"rendered":"Legal"},"content":{"rendered":"\n<div style=\"height:30px\" aria-hidden=\"true\" class=\"wp-block-spacer\"><\/div>\n\n\n\n<div class=\"wp-block-group tic-page-content\"><div class=\"wp-block-group__inner-container is-layout-constrained wp-block-group-is-layout-constrained\">\n<a class=\"tic-subheader-image\" style=\"display:none\" href=\"https:\/\/upbeat-carver.217-154-185-52.plesk.page\/wp-content\/uploads\/2023\/12\/cabecera-legal-1.webp\"><\/a>\n\n\n\n<p>El portal de TURISMO DE LA SIERRA DE FRANCIA, accesible desde la direcci\u00f3n www.turismosierrradefrancia.es, es titularidad de la Diputaci\u00f3n Provincial de Salamanca, con domicilio en la calle Felipe Espino n\u00ba 1 de Salamanca, CP 37002 y con CIF P3700000G, a la que puedes dirigirte para cualquier aclaraci\u00f3n a trav\u00e9s del correo electr\u00f3nico informacion@lasalina.es o por correo ordinario a la direcci\u00f3n antes indicada.<\/p>\n\n\n\n<p>Este portal tiene como objetivo la difusi\u00f3n de la Sierra de Francia y el fomento del turismo hacia la misma.<\/p>\n\n\n\n<p class=\"tic-titulo-secundario\"><strong>Seguridad y mantenimiento de las prestaciones del portal<\/strong><\/p>\n\n\n\n<p>Debido a obligaciones legales aplicables a las administraciones p\u00fablicas y a los servicios que ofrecen las mismas por Internet, utilizamos determinados sistemas espec\u00edficos para mantener la seguridad y prestaciones de nuestro portal \u201cturismosierradefrancia.es\u201d. El sistema analiza tu tr\u00e1fico y comprueba que no contiene elementos que puedan da\u00f1ar a nuestros sistemas, ni afectar a otros visitantes, bloqueando autom\u00e1ticamente aquellos aspectos que considere peligrosos. Si deseas informaci\u00f3n adicional al respecto, puedes consultar nuestra pol\u00edtica de privacidad de la p\u00e1gina y no dudes en contactar con nosotros si consideras insuficiente la informaci\u00f3n facilitada.<\/p>\n\n\n\n<p class=\"tic-titulo-secundario\"><strong>Propiedad Intelectual<\/strong><\/p>\n\n\n\n<p>Como ya te hemos dicho, este portal \u201cturismosierradefrancia.es\u201d pertenece a la Diputaci\u00f3n de Salamanca y est\u00e1 protegido por la correspondiente legislaci\u00f3n de propiedad intelectual. No puedes hacer uso de ning\u00fan contenido del mismo, tanto textos, como fotograf\u00edas, o cualquier otro elemento audiovisual, sin consentimiento expreso de la Diputaci\u00f3n de Salamanca. Si quieres utilizar alguna parte de nuestro portal, por favor, contacta con nosotros previamente, en cualquiera de las direcciones antes indicadas, para pedirnos autorizaci\u00f3n y\/o comprobar las condiciones de reutilizaci\u00f3n de dicho\/s elemento\/s. En uso de nuestra titularidad sobre el portal, podemos efectuar cambios en los contenidos del mismo sin aviso previo, y sin hacernos responsables del uso que terceros puedan haber hecho o enlazado sobre el contenido publicado en Internet, ni de los perjuicios de cualquier tipo que dichos cambios puedan provocarles.<\/p>\n\n\n\n<p class=\"tic-titulo-secundario\"><strong>Otras Posibles Responsabilidades<\/strong><\/p>\n\n\n\n<p>Este portal \u201cturismosierradefrancia.es\u201d contiene enlaces a otros portales o servicios de terceros, cuyos contenidos y tratamientos son, como no puede ser de otra manera, totalmente ajenos a la Diputaci\u00f3n de Salamanca. Al visitar esos portales o servicios deber\u00e1s decidir si aceptas, o no, sus propias condiciones de utilizaci\u00f3n y privacidad. Recuerda una vez m\u00e1s que puedes utilizar las funciones incorporadas en tu navegador para ejercer parcialmente esos derechos. Todo esto es especialmente aplicable a la utilizaci\u00f3n de cookies\/DARD espec\u00edficas por parte de esos portales externos. Para m\u00e1s informaci\u00f3n puedes consultar nuestras p\u00e1ginas de Pol\u00edtica de Privacidad y de Cookies.<\/p>\n\n\n\n<p>Tambi\u00e9n te informamos que utilizamos servicios de terceros para publicar mapas insertados en nuestro portal y asesorarte en posibles rutas a seguir (Google Maps) y para facilitar la visualizaci\u00f3n de v\u00eddeos insertados en nuestras p\u00e1ginas (YouTube). No nos hacemos responsables de la posible publicidad que puedan incluir de terceros estos servicios y es posible que dichos servicios puedan utilizar cookies o tecnolog\u00edas similares.<\/p>\n\n\n\n<p>Si deseas m\u00e1s informaci\u00f3n sobre las cookies que utilizamos, puedes consultar nuestra p\u00e1gina sobre Cookies. Si deseas m\u00e1s informaci\u00f3n sobre el tratamiento que damos a tus datos personales, puedes consultar nuestra Pol\u00edtica de Privacidad.<\/p>\n\n\n\n<p class=\"tic-titulo-secundario\"><strong>Accesibilidad<\/strong><\/p>\n\n\n\n<p>Como ver\u00e1s, hemos incluido determinadas herramientas para facilitarte la navegaci\u00f3n, si tienes problemas de accesibilidad a los contenidos de nuestra p\u00e1gina. Puedes consultar al respecto nuestra Declaraci\u00f3n de Accesibilidad.<\/p>\n\n\n\n<p class=\"tic-titulo-secundario\"><strong>Aviso Importante<\/strong><\/p>\n\n\n\n<p>Esta pol\u00edtica de privacidad, propiedad intelectual y otros avisos legales, est\u00e1 sujeta a revisi\u00f3n continua, por lo que te recomendamos que la visites con cierta frecuencia, por si se produjesen cambios en la misma<\/p>\n\n\n\n<p>Si observas cualquier error o inexactitud que creas que debemos corregir, no dudes en contactar con nosotros, que gustosamente estudiaremos tu solicitud y te ofreceremos cumplida respuesta a la misma. En todo caso, si surgiese cualquier conflicto o reclamaci\u00f3n sobre el contenido del portal o propiamente sobre este contenido legal la legislaci\u00f3n aplicable al respecto ser\u00e1 la espa\u00f1ola y la jurisdicci\u00f3n corresponder\u00eda a los tribunales de Salamanca.<\/p>\n\n\n\n<p class=\"tic-titulo-secundario\"><strong>DETALLE DE LEGISLACI\u00d3N APLICABLE<\/strong><\/p>\n\n\n\n<p>Por si fuera de su inter\u00e9s, la siguiente legislaci\u00f3n es de aplicaci\u00f3n a este servicio:<\/p>\n\n\n\n<ul class=\"wp-block-list\">\n<li>Reglamento (UE) 2016\/679 del Parlamento Europeo y del Consejo, de 27 de abril de 2016, relativo a la protecci\u00f3n de las personas f\u00edsicas en lo que respecta al tratamiento de datos personales y a la libre circulaci\u00f3n de estos datos y por el que se deroga la Directiva 95\/46\/CE (Reglamento general de protecci\u00f3n de datos).<\/li>\n\n\n\n<li>Ley Org\u00e1nica 3\/2018, de 5 de diciembre, de Protecci\u00f3n de Datos Personales y garant\u00eda de los derechos digitales.<\/li>\n\n\n\n<li>Ley 34\/2002, de 11 de julio, de servicios de la sociedad de la informaci\u00f3n y de comercio electr\u00f3nico (LSSI).<\/li>\n\n\n\n<li>Real Decreto 311\/2022, de 3 de mayo, por el que se regula el Esquema Nacional de Seguridad.<\/li>\n\n\n\n<li>Real Decreto 1112\/2018, de 7 de septiembre, sobre accesibilidad de los sitios web y aplicaciones para dispositivos m\u00f3viles del sector p\u00fablico.<\/li>\n<\/ul>\n\n\n\n<p>Fecha \u00faltima revisi\u00f3n: 1 de agosto de 2024<\/p>\n\n\n\n<div style=\"height:30px\" aria-hidden=\"true\" class=\"wp-block-spacer\"><\/div>\n\n\n\n<div style=\"height:50px\" aria-hidden=\"true\" class=\"wp-block-spacer\"><\/div>\n\n\n\n<figure class=\"wp-block-gallery has-nested-images columns-default is-cropped wp-block-gallery-1 is-layout-flex wp-block-gallery-is-layout-flex\"><\/figure>\n<\/div><\/div>\n\n\n\n<div style=\"height:30px\" aria-hidden=\"true\" class=\"wp-block-spacer\"><\/div>\n\n\n\n<div class=\"wp-block-group tic-page-footer\"><div class=\"wp-block-group__inner-container is-layout-constrained wp-block-group-is-layout-constrained\">\n<p class=\"tic-secicon has-medium-font-size\"><strong>Relacionado<\/strong><\/p>\n\n\n\n\t\t\t<div class=\"foogallery foogallery-container foogallery-carousel foogallery-lightbox-none fg-carousel-hide-nav-arrows fg-carousel-hide-pagination fg-carousel-hide-progress-bar fg-carousel fg-ready fg-custom fg-shadow-outline fg-loading-default fg-loaded-fade-in fg-caption-always fg-hover-fade fg-c-c\" id=\"foogallery-gallery-3652\" data-foogallery=\"{&quot;item&quot;:{&quot;showCaptionTitle&quot;:true,&quot;showCaptionDescription&quot;:true},&quot;lazy&quot;:true,&quot;template&quot;:{&quot;maxItems&quot;:7,&quot;scale&quot;:0,&quot;gutter&quot;:{&quot;min&quot;:5,&quot;max&quot;:10,&quot;unit&quot;:&quot;px&quot;},&quot;autoplay&quot;:{&quot;time&quot;:5,&quot;interaction&quot;:&quot;disable&quot;},&quot;centerOnClick&quot;:false}}\" style=\"--fg-title-line-clamp: 0; --fg-description-line-clamp: 0;\" >\n\t<button type=\"button\" class=\"fg-carousel-prev\" title=\"Previous\"><\/button>\n\t<div class=\"fg-carousel-inner\">\n\t\t<div class=\"fg-carousel-center\"><\/div>\n\t\t<div class=\"fg-item fg-type-iframe fg-idle\"><figure class=\"fg-item-inner\"><a href=\"https:\/\/upbeat-carver.217-154-185-52.plesk.page\/nuestros-pueblos\/\" data-caption-title=\"Nuestros Pueblos\" data-attachment-id=\"16463\" data-type=\"iframe\" class=\"fg-thumb\"><span class=\"fg-image-wrap\"><img fetchpriority=\"high\" decoding=\"async\" title=\"Nuestros Pueblos\" width=\"293\" height=\"400\" class=\"skip-lazy fg-image\" data-src-fg=\"https:\/\/upbeat-carver.217-154-185-52.plesk.page\/wp-content\/uploads\/cache\/2024\/06\/nuestros-pueblos-recomendado\/3450360749.webp\" src=\"data:image\/svg+xml,%3Csvg%20xmlns%3D%22http%3A%2F%2Fwww.w3.org%2F2000%2Fsvg%22%20width%3D%22293%22%20height%3D%22400%22%20viewBox%3D%220%200%20293%20400%22%3E%3C%2Fsvg%3E\" loading=\"eager\"><\/span><span class=\"fg-image-overlay\"><\/span><\/a><figcaption class=\"fg-caption\"><div class=\"fg-caption-inner\"><div class=\"fg-caption-title\">Nuestros Pueblos<\/div><\/div><\/figcaption><\/figure><div class=\"fg-loader\"><\/div><\/div><div class=\"fg-item fg-type-iframe fg-idle\"><figure class=\"fg-item-inner\"><a href=\"https:\/\/upbeat-carver.217-154-185-52.plesk.page\/turismo-activo\/estacion-de-deportes-de-montana\/senderismo\/\" data-caption-title=\"Senderismo\" data-attachment-id=\"16465\" data-type=\"iframe\" class=\"fg-thumb\"><span class=\"fg-image-wrap\"><img decoding=\"async\" title=\"Senderismo\" width=\"293\" height=\"400\" class=\"skip-lazy fg-image\" data-src-fg=\"https:\/\/upbeat-carver.217-154-185-52.plesk.page\/wp-content\/uploads\/cache\/2024\/06\/senderismo-recomendador\/653318006.webp\" src=\"data:image\/svg+xml,%3Csvg%20xmlns%3D%22http%3A%2F%2Fwww.w3.org%2F2000%2Fsvg%22%20width%3D%22293%22%20height%3D%22400%22%20viewBox%3D%220%200%20293%20400%22%3E%3C%2Fsvg%3E\" loading=\"eager\"><\/span><span class=\"fg-image-overlay\"><\/span><\/a><figcaption class=\"fg-caption\"><div class=\"fg-caption-inner\"><div class=\"fg-caption-title\">Senderismo<\/div><\/div><\/figcaption><\/figure><div class=\"fg-loader\"><\/div><\/div><div class=\"fg-item fg-type-iframe fg-idle\"><figure class=\"fg-item-inner\"><a href=\"https:\/\/upbeat-carver.217-154-185-52.plesk.page\/turismo-activo\/turismo-rutas-accesibles\/\" data-caption-title=\"Rutas Accesibles\" data-attachment-id=\"16464\" data-type=\"iframe\" class=\"fg-thumb\"><span class=\"fg-image-wrap\"><img decoding=\"async\" title=\"Rutas Accesibles\" width=\"293\" height=\"400\" class=\"skip-lazy fg-image\" data-src-fg=\"https:\/\/upbeat-carver.217-154-185-52.plesk.page\/wp-content\/uploads\/cache\/2024\/06\/rutas-accesibles-recomendador\/4236705883.webp\" src=\"data:image\/svg+xml,%3Csvg%20xmlns%3D%22http%3A%2F%2Fwww.w3.org%2F2000%2Fsvg%22%20width%3D%22293%22%20height%3D%22400%22%20viewBox%3D%220%200%20293%20400%22%3E%3C%2Fsvg%3E\" loading=\"eager\"><\/span><span class=\"fg-image-overlay\"><\/span><\/a><figcaption class=\"fg-caption\"><div class=\"fg-caption-inner\"><div class=\"fg-caption-title\">Rutas Accesibles<\/div><\/div><\/figcaption><\/figure><div class=\"fg-loader\"><\/div><\/div><div class=\"fg-item fg-type-iframe fg-idle\"><figure class=\"fg-item-inner\"><a href=\"https:\/\/upbeat-carver.217-154-185-52.plesk.page\/donde-dormir\/\" data-caption-title=\"\u00bfD\u00f3nde Comer?\" data-attachment-id=\"16462\" data-type=\"iframe\" class=\"fg-thumb\"><span class=\"fg-image-wrap\"><img decoding=\"async\" title=\"\u00bfD\u00f3nde Comer?\" width=\"293\" height=\"400\" class=\"skip-lazy fg-image\" data-src-fg=\"https:\/\/upbeat-carver.217-154-185-52.plesk.page\/wp-content\/uploads\/cache\/2024\/06\/donde_comer-recomendado\/3830583107.webp\" src=\"data:image\/svg+xml,%3Csvg%20xmlns%3D%22http%3A%2F%2Fwww.w3.org%2F2000%2Fsvg%22%20width%3D%22293%22%20height%3D%22400%22%20viewBox%3D%220%200%20293%20400%22%3E%3C%2Fsvg%3E\" loading=\"eager\"><\/span><span class=\"fg-image-overlay\"><\/span><\/a><figcaption class=\"fg-caption\"><div class=\"fg-caption-inner\"><div class=\"fg-caption-title\">\u00bfD\u00f3nde Comer?<\/div><\/div><\/figcaption><\/figure><div class=\"fg-loader\"><\/div><\/div><div class=\"fg-item fg-type-iframe fg-idle\"><figure class=\"fg-item-inner\"><a href=\"https:\/\/upbeat-carver.217-154-185-52.plesk.page\/donde-dormir\/\" data-caption-title=\"\u00bfD\u00f3nde Dormir?\" data-attachment-id=\"16461\" data-type=\"iframe\" class=\"fg-thumb\"><span class=\"fg-image-wrap\"><img decoding=\"async\" title=\"\u00bfD\u00f3nde Dormir?\" width=\"293\" height=\"400\" class=\"skip-lazy fg-image\" data-src-fg=\"https:\/\/upbeat-carver.217-154-185-52.plesk.page\/wp-content\/uploads\/cache\/2024\/06\/donde-dormir-recomendado\/1300525129.webp\" src=\"data:image\/svg+xml,%3Csvg%20xmlns%3D%22http%3A%2F%2Fwww.w3.org%2F2000%2Fsvg%22%20width%3D%22293%22%20height%3D%22400%22%20viewBox%3D%220%200%20293%20400%22%3E%3C%2Fsvg%3E\" loading=\"eager\"><\/span><span class=\"fg-image-overlay\"><\/span><\/a><figcaption class=\"fg-caption\"><div class=\"fg-caption-inner\"><div class=\"fg-caption-title\">\u00bfD\u00f3nde Dormir?<\/div><\/div><\/figcaption><\/figure><div class=\"fg-loader\"><\/div><\/div><div class=\"fg-item fg-type-iframe fg-idle\"><figure class=\"fg-item-inner\"><a href=\"https:\/\/upbeat-carver.217-154-185-52.plesk.page\/turismo-activo\/caminos-de-arte-en-la-naturaleza\/\" data-caption-title=\"Caminos de Arte\" data-attachment-id=\"16459\" data-type=\"iframe\" class=\"fg-thumb\"><span class=\"fg-image-wrap\"><img decoding=\"async\" title=\"Caminos de Arte\" width=\"293\" height=\"400\" class=\"skip-lazy fg-image\" data-src-fg=\"https:\/\/upbeat-carver.217-154-185-52.plesk.page\/wp-content\/uploads\/cache\/2024\/06\/caminos-del-arte-recomendador\/3488217815.webp\" src=\"data:image\/svg+xml,%3Csvg%20xmlns%3D%22http%3A%2F%2Fwww.w3.org%2F2000%2Fsvg%22%20width%3D%22293%22%20height%3D%22400%22%20viewBox%3D%220%200%20293%20400%22%3E%3C%2Fsvg%3E\" loading=\"eager\"><\/span><span class=\"fg-image-overlay\"><\/span><\/a><figcaption class=\"fg-caption\"><div class=\"fg-caption-inner\"><div class=\"fg-caption-title\">Caminos de Arte<\/div><\/div><\/figcaption><\/figure><div class=\"fg-loader\"><\/div><\/div><div class=\"fg-item fg-type-iframe fg-idle\"><figure class=\"fg-item-inner\"><a href=\"https:\/\/upbeat-carver.217-154-185-52.plesk.page\/cultura\/centros-interpretacion-museos\/\" data-caption-title=\"Centros de Interpretaci\u00f3n\" data-attachment-id=\"16460\" data-type=\"iframe\" class=\"fg-thumb\"><span class=\"fg-image-wrap\"><img decoding=\"async\" title=\"Centros de Interpretaci\u00f3n\" width=\"293\" height=\"400\" class=\"skip-lazy fg-image\" data-src-fg=\"https:\/\/upbeat-carver.217-154-185-52.plesk.page\/wp-content\/uploads\/cache\/2024\/06\/centro-interpretacion-museo\/542232789.webp\" src=\"data:image\/svg+xml,%3Csvg%20xmlns%3D%22http%3A%2F%2Fwww.w3.org%2F2000%2Fsvg%22%20width%3D%22293%22%20height%3D%22400%22%20viewBox%3D%220%200%20293%20400%22%3E%3C%2Fsvg%3E\" loading=\"eager\"><\/span><span class=\"fg-image-overlay\"><\/span><\/a><figcaption class=\"fg-caption\"><div class=\"fg-caption-inner\"><div class=\"fg-caption-title\">Centros de Interpretaci\u00f3n<\/div><\/div><\/figcaption><\/figure><div class=\"fg-loader\"><\/div><\/div>\t<\/div>\n\t<div class=\"fg-carousel-bottom\"><\/div>\n\t<div class=\"fg-carousel-progress\"><\/div>\n\t<button type=\"button\" class=\"fg-carousel-next\" title=\"Siguiente\"><\/button>\n<\/div>\n\n\n<div style=\"height:50px\" aria-hidden=\"true\" class=\"wp-block-spacer\"><\/div>\n<\/div><\/div>\n<style class=\"advgb-styles-renderer\">\n#foogallery-gallery-3652 .fg-image { width: 293px; }#foogallery-gallery-3652 { \r\n width:100%;\r\n}\r\n\r\n#foogallery-gallery-3652 div.fg-caption-title { \r\nfont-weight:700;\r\n}\r\n\r\n<\/style>","protected":false},"excerpt":{"rendered":"<p>El portal de TURISMO DE LA SIERRA DE FRANCIA, accesible desde la direcci\u00f3n www.turismosierrradefrancia.es, es titularidad de la Diputaci\u00f3n Provincial&hellip; <a class=\"continue\" href=\"https:\/\/upbeat-carver.217-154-185-52.plesk.page\/?page_id=12042\">Seguir leyendo<span> Legal<\/span><\/a><\/p>\n","protected":false},"author":1,"featured_media":0,"parent":0,"menu_order":0,"comment_status":"closed","ping_status":"closed","template":"","meta":{"advgb_blocks_editor_width":"","advgb_blocks_columns_visual_guide":"","footnotes":""},"class_list":["post-12042","page","type-page","status-publish","hentry"],"yoast_head":"<!-- This site is optimized with the Yoast SEO plugin v27.2 - https:\/\/yoast.com\/product\/yoast-seo-wordpress\/ -->\n<title>Legal - Sierra de Francia<\/title>\n<meta name=\"description\" content=\"No te lleves sorpresas, reserva con antelaci\u00f3n tu pr\u00f3xima visita a la Sierra de Francia. Tus actividades, tus experiencias.\" \/>\n<meta name=\"robots\" content=\"index, follow, max-snippet:-1, max-image-preview:large, max-video-preview:-1\" \/>\n<link rel=\"canonical\" href=\"https:\/\/upbeat-carver.217-154-185-52.plesk.page\/legal\/\" \/>\n<meta property=\"og:locale\" content=\"es_ES\" \/>\n<meta property=\"og:type\" content=\"article\" \/>\n<meta property=\"og:title\" content=\"Legal - Sierra de Francia\" \/>\n<meta property=\"og:description\" content=\"No te lleves sorpresas, reserva con antelaci\u00f3n tu pr\u00f3xima visita a la Sierra de Francia. Tus actividades, tus experiencias.\" \/>\n<meta property=\"og:url\" content=\"https:\/\/upbeat-carver.217-154-185-52.plesk.page\/legal\/\" \/>\n<meta property=\"og:site_name\" content=\"Sierra de Francia\" \/>\n<meta property=\"article:publisher\" content=\"https:\/\/www.facebook.com\/visitasierradefrancia\/\" \/>\n<meta property=\"article:modified_time\" content=\"2024-08-01T17:54:49+00:00\" \/>\n<meta name=\"twitter:card\" content=\"summary_large_image\" \/>\n<meta name=\"twitter:site\" content=\"@visitaSF\" \/>\n<meta name=\"twitter:label1\" content=\"Tiempo de lectura\" \/>\n\t<meta name=\"twitter:data1\" content=\"4 minutos\" \/>\n<script type=\"application\/ld+json\" class=\"yoast-schema-graph\">{\"@context\":\"https:\/\/schema.org\",\"@graph\":[{\"@type\":\"WebPage\",\"@id\":\"https:\/\/upbeat-carver.217-154-185-52.plesk.page\/legal\/\",\"url\":\"https:\/\/upbeat-carver.217-154-185-52.plesk.page\/legal\/\",\"name\":\"Legal - Sierra de Francia\",\"isPartOf\":{\"@id\":\"https:\/\/upbeat-carver.217-154-185-52.plesk.page\/#website\"},\"datePublished\":\"2023-12-15T13:54:27+00:00\",\"dateModified\":\"2024-08-01T17:54:49+00:00\",\"description\":\"No te lleves sorpresas, reserva con antelaci\u00f3n tu pr\u00f3xima visita a la Sierra de Francia. Tus actividades, tus experiencias.\",\"breadcrumb\":{\"@id\":\"https:\/\/upbeat-carver.217-154-185-52.plesk.page\/legal\/#breadcrumb\"},\"inLanguage\":\"es\",\"potentialAction\":[{\"@type\":\"ReadAction\",\"target\":[\"https:\/\/upbeat-carver.217-154-185-52.plesk.page\/legal\/\"]}]},{\"@type\":\"BreadcrumbList\",\"@id\":\"https:\/\/upbeat-carver.217-154-185-52.plesk.page\/legal\/#breadcrumb\",\"itemListElement\":[{\"@type\":\"ListItem\",\"position\":1,\"name\":\"Inicio\",\"item\":\"https:\/\/upbeat-carver.217-154-185-52.plesk.page\/\"},{\"@type\":\"ListItem\",\"position\":2,\"name\":\"Legal\"}]},{\"@type\":\"WebSite\",\"@id\":\"https:\/\/upbeat-carver.217-154-185-52.plesk.page\/#website\",\"url\":\"https:\/\/upbeat-carver.217-154-185-52.plesk.page\/\",\"name\":\"Sierra de Francia\",\"description\":\"\",\"publisher\":{\"@id\":\"https:\/\/upbeat-carver.217-154-185-52.plesk.page\/#organization\"},\"alternateName\":\"Turismo Sierra de Francia\",\"potentialAction\":[{\"@type\":\"SearchAction\",\"target\":{\"@type\":\"EntryPoint\",\"urlTemplate\":\"https:\/\/upbeat-carver.217-154-185-52.plesk.page\/?s={search_term_string}\"},\"query-input\":{\"@type\":\"PropertyValueSpecification\",\"valueRequired\":true,\"valueName\":\"search_term_string\"}}],\"inLanguage\":\"es\"},{\"@type\":\"Organization\",\"@id\":\"https:\/\/upbeat-carver.217-154-185-52.plesk.page\/#organization\",\"name\":\"Sierra de Francia\",\"alternateName\":\"Turismo Sierra de Francia\",\"url\":\"https:\/\/upbeat-carver.217-154-185-52.plesk.page\/\",\"logo\":{\"@type\":\"ImageObject\",\"inLanguage\":\"es\",\"@id\":\"https:\/\/upbeat-carver.217-154-185-52.plesk.page\/#\/schema\/logo\/image\/\",\"url\":\"https:\/\/upbeat-carver.217-154-185-52.plesk.page\/wp-content\/uploads\/2024\/04\/cropped-logo_redondo-removebg-preview.png\",\"contentUrl\":\"https:\/\/upbeat-carver.217-154-185-52.plesk.page\/wp-content\/uploads\/2024\/04\/cropped-logo_redondo-removebg-preview.png\",\"width\":512,\"height\":512,\"caption\":\"Sierra de Francia\"},\"image\":{\"@id\":\"https:\/\/upbeat-carver.217-154-185-52.plesk.page\/#\/schema\/logo\/image\/\"},\"sameAs\":[\"https:\/\/www.facebook.com\/visitasierradefrancia\/\",\"https:\/\/x.com\/visitaSF\",\"https:\/\/www.instagram.com\/visitasierradefrancia\/\",\"https:\/\/www.youtube.com\/@visitasierradefrancia\"]}]}<\/script>\n<!-- \/ Yoast SEO plugin. -->","yoast_head_json":{"title":"Legal - Sierra de Francia","description":"No te lleves sorpresas, reserva con antelaci\u00f3n tu pr\u00f3xima visita a la Sierra de Francia. Tus actividades, tus experiencias.","robots":{"index":"index","follow":"follow","max-snippet":"max-snippet:-1","max-image-preview":"max-image-preview:large","max-video-preview":"max-video-preview:-1"},"canonical":"https:\/\/upbeat-carver.217-154-185-52.plesk.page\/legal\/","og_locale":"es_ES","og_type":"article","og_title":"Legal - Sierra de Francia","og_description":"No te lleves sorpresas, reserva con antelaci\u00f3n tu pr\u00f3xima visita a la Sierra de Francia. Tus actividades, tus experiencias.","og_url":"https:\/\/upbeat-carver.217-154-185-52.plesk.page\/legal\/","og_site_name":"Sierra de Francia","article_publisher":"https:\/\/www.facebook.com\/visitasierradefrancia\/","article_modified_time":"2024-08-01T17:54:49+00:00","twitter_card":"summary_large_image","twitter_site":"@visitaSF","twitter_misc":{"Tiempo de lectura":"4 minutos"},"schema":{"@context":"https:\/\/schema.org","@graph":[{"@type":"WebPage","@id":"https:\/\/upbeat-carver.217-154-185-52.plesk.page\/legal\/","url":"https:\/\/upbeat-carver.217-154-185-52.plesk.page\/legal\/","name":"Legal - Sierra de Francia","isPartOf":{"@id":"https:\/\/upbeat-carver.217-154-185-52.plesk.page\/#website"},"datePublished":"2023-12-15T13:54:27+00:00","dateModified":"2024-08-01T17:54:49+00:00","description":"No te lleves sorpresas, reserva con antelaci\u00f3n tu pr\u00f3xima visita a la Sierra de Francia. Tus actividades, tus experiencias.","breadcrumb":{"@id":"https:\/\/upbeat-carver.217-154-185-52.plesk.page\/legal\/#breadcrumb"},"inLanguage":"es","potentialAction":[{"@type":"ReadAction","target":["https:\/\/upbeat-carver.217-154-185-52.plesk.page\/legal\/"]}]},{"@type":"BreadcrumbList","@id":"https:\/\/upbeat-carver.217-154-185-52.plesk.page\/legal\/#breadcrumb","itemListElement":[{"@type":"ListItem","position":1,"name":"Inicio","item":"https:\/\/upbeat-carver.217-154-185-52.plesk.page\/"},{"@type":"ListItem","position":2,"name":"Legal"}]},{"@type":"WebSite","@id":"https:\/\/upbeat-carver.217-154-185-52.plesk.page\/#website","url":"https:\/\/upbeat-carver.217-154-185-52.plesk.page\/","name":"Sierra de Francia","description":"","publisher":{"@id":"https:\/\/upbeat-carver.217-154-185-52.plesk.page\/#organization"},"alternateName":"Turismo Sierra de Francia","potentialAction":[{"@type":"SearchAction","target":{"@type":"EntryPoint","urlTemplate":"https:\/\/upbeat-carver.217-154-185-52.plesk.page\/?s={search_term_string}"},"query-input":{"@type":"PropertyValueSpecification","valueRequired":true,"valueName":"search_term_string"}}],"inLanguage":"es"},{"@type":"Organization","@id":"https:\/\/upbeat-carver.217-154-185-52.plesk.page\/#organization","name":"Sierra de Francia","alternateName":"Turismo Sierra de Francia","url":"https:\/\/upbeat-carver.217-154-185-52.plesk.page\/","logo":{"@type":"ImageObject","inLanguage":"es","@id":"https:\/\/upbeat-carver.217-154-185-52.plesk.page\/#\/schema\/logo\/image\/","url":"https:\/\/upbeat-carver.217-154-185-52.plesk.page\/wp-content\/uploads\/2024\/04\/cropped-logo_redondo-removebg-preview.png","contentUrl":"https:\/\/upbeat-carver.217-154-185-52.plesk.page\/wp-content\/uploads\/2024\/04\/cropped-logo_redondo-removebg-preview.png","width":512,"height":512,"caption":"Sierra de Francia"},"image":{"@id":"https:\/\/upbeat-carver.217-154-185-52.plesk.page\/#\/schema\/logo\/image\/"},"sameAs":["https:\/\/www.facebook.com\/visitasierradefrancia\/","https:\/\/x.com\/visitaSF","https:\/\/www.instagram.com\/visitasierradefrancia\/","https:\/\/www.youtube.com\/@visitasierradefrancia"]}]}},"coauthors":[],"author_meta":{"author_link":"https:\/\/upbeat-carver.217-154-185-52.plesk.page\/?author=1","display_name":"admin"},"relative_dates":{"created":"Publicado 2 a\u00f1os hace","modified":"Actualizado 2 a\u00f1os hace"},"absolute_dates":{"created":"Publicado el 15\/12\/2023","modified":"Actualizado el 01\/08\/2024"},"absolute_dates_time":{"created":"Publicado el 15\/12\/2023 13:54","modified":"Actualizado el 01\/08\/2024 17:54"},"featured_img_caption":"","featured_img":false,"series_order":"","_links":{"self":[{"href":"https:\/\/upbeat-carver.217-154-185-52.plesk.page\/index.php?rest_route=\/wp\/v2\/pages\/12042","targetHints":{"allow":["GET"]}}],"collection":[{"href":"https:\/\/upbeat-carver.217-154-185-52.plesk.page\/index.php?rest_route=\/wp\/v2\/pages"}],"about":[{"href":"https:\/\/upbeat-carver.217-154-185-52.plesk.page\/index.php?rest_route=\/wp\/v2\/types\/page"}],"author":[{"embeddable":true,"href":"https:\/\/upbeat-carver.217-154-185-52.plesk.page\/index.php?rest_route=\/wp\/v2\/users\/1"}],"replies":[{"embeddable":true,"href":"https:\/\/upbeat-carver.217-154-185-52.plesk.page\/index.php?rest_route=%2Fwp%2Fv2%2Fcomments&post=12042"}],"version-history":[{"count":3,"href":"https:\/\/upbeat-carver.217-154-185-52.plesk.page\/index.php?rest_route=\/wp\/v2\/pages\/12042\/revisions"}],"predecessor-version":[{"id":17529,"href":"https:\/\/upbeat-carver.217-154-185-52.plesk.page\/index.php?rest_route=\/wp\/v2\/pages\/12042\/revisions\/17529"}],"wp:attachment":[{"href":"https:\/\/upbeat-carver.217-154-185-52.plesk.page\/index.php?rest_route=%2Fwp%2Fv2%2Fmedia&parent=12042"}],"curies":[{"name":"wp","href":"https:\/\/api.w.org\/{rel}","templated":true}]}}