{"id":12045,"date":"2023-12-15T14:10:48","date_gmt":"2023-12-15T14:10:48","guid":{"rendered":"https:\/\/upbeat-carver.217-154-185-52.plesk.page\/?page_id=12045"},"modified":"2024-08-03T13:23:35","modified_gmt":"2024-08-03T13:23:35","slug":"privacidad","status":"publish","type":"page","link":"https:\/\/upbeat-carver.217-154-185-52.plesk.page\/?page_id=12045","title":{"rendered":"Privacidad"},"content":{"rendered":"\n<div style=\"height:30px\" aria-hidden=\"true\" class=\"wp-block-spacer\"><\/div>\n\n\n\n<div class=\"wp-block-group tic-page-content\"><div class=\"wp-block-group__inner-container is-layout-constrained wp-block-group-is-layout-constrained\">\n<a class=\"tic-subheader-image\" style=\"display:none\" href=\"https:\/\/upbeat-carver.217-154-185-52.plesk.page\/wp-content\/uploads\/2023\/12\/cabecera-legal-2.webp\"><\/a>\n\n\n\n<p class=\"tic-titulo-principal\"><strong><u>POL\u00cdTICA DE PRIVACIDAD \u201cTURISMOSIERRADEFRANCIA\u201d.<\/u><\/strong><\/p>\n\n\n\n<p>Datos del responsable del tratamiento:<\/p>\n\n\n\n<p>Identidad: Diputaci\u00f3n Provincial de Salamanca &#8211; NIF: P3700000G&nbsp;<\/p>\n\n\n\n<p>Direcci\u00f3n postal: c\/ Felipe Espino 1, 37002 SALAMANCA Tel\u00e9fono: 923293100 &#8211; Correo electr\u00f3nico: <a href=\"mailto:lopd-arco@lasalina.es\">lopd-arco@lasalina.es<\/a><\/p>\n\n\n\n<p>En la Diputaci\u00f3n de Salamanca tratamos la informaci\u00f3n que voluntariamente nos facilita con el fin de gestionar nuestra p\u00e1gina web \u201cturismosierradefrancia\u201d. Los datos que nos proporciona se conservar\u00e1n mientras no nos solicite el borrado de los mismos o retire su consentimiento al tratamiento. Dichos datos no se ceder\u00e1n a terceros, salvo en los casos en que exista una obligaci\u00f3n legal. Usted tiene derecho a obtener informaci\u00f3n sobre si en la Diputaci\u00f3n de Salamanca estamos tratando sus datos personales, por lo que puede ejercer sus derechos de acceso, rectificaci\u00f3n, supresi\u00f3n y portabilidad de datos y oposici\u00f3n y limitaci\u00f3n a su tratamiento, si procede, ante la Diputaci\u00f3n de Salamanca, en la direcci\u00f3n antes indicada, o en la direcci\u00f3n de correo electr\u00f3nico lopd-arco@lasalina.es, adjuntando copia de su DNI o documento equivalente, esto con el \u00fanico fin de acreditar su identidad. Tambi\u00e9n puede contactar con nuestra Delegada de Protecci\u00f3n de Datos (DPD) en las direcciones postales y electr\u00f3nicas antes indicadas o en nuestra sede electr\u00f3nica en la direcci\u00f3n <a href=\"https:\/\/sede.diputaciondesalamanca.gob.es\">https:\/\/sede.diputaciondesalamanca.gob.es<\/a>. Asimismo, y especialmente si considera que no ha obtenido satisfacci\u00f3n plena en el ejercicio de sus derechos en materia de protecci\u00f3n de datos, podr\u00e1 presentar una reclamaci\u00f3n ante la autoridad de control nacional, dirigi\u00e9ndose a estos efectos a la Agencia Espa\u00f1ola de Protecci\u00f3n de Datos, C\/ Jorge Juan, 6 \u2013 28001 Madrid o trav\u00e9s de su p\u00e1gina web <a href=\"http:\/\/www.aepd.es\">www.aepd.es<\/a><\/p>\n\n\n\n<p class=\"tic-titulo-secundario\"><strong>Registro de Actividades de Tratamiento<\/strong><\/p>\n\n\n\n<p>Tratamiento de datos: <strong>\u201cSEGURIDAD DE LA INFORMACI\u00d3N\u201d<\/strong><\/p>\n\n\n\n<figure class=\"wp-block-table\"><table><tbody><tr><td>a)&nbsp;&nbsp; Responsable del tratamiento<\/td><td>Identidad: Diputaci\u00f3n de Salamanca &#8211; NIF: P3700000G Direcci\u00f3n postal: c\/ Felipe Espino 1, 37002 SALAMANCA Correo electr\u00f3nico: lopd-arco@lasalina.es Tel\u00e9fono: 923293100 Contacto DPD en las mismas direcciones anteriores.<\/td><\/tr><tr><td>b)&nbsp;&nbsp; Finalidad del tratamiento<\/td><td>Seguridad de la informaci\u00f3n y prestaci\u00f3n del servicio web, as\u00ed como monitorizaci\u00f3n del tr\u00e1fico Internet en la p\u00e1gina.<\/td><\/tr><tr><td>c)&nbsp;&nbsp;&nbsp; Legitimaci\u00f3n del tratamiento<\/td><td>Cumplimiento obligaci\u00f3n legal. (Real Decreto 311\/2022, de 3 de mayo, Esquema Nacional de Seguridad)<\/td><\/tr><tr><td>d)&nbsp;&nbsp; Categor\u00edas de interesados<\/td><td>Visitantes de la p\u00e1gina web<\/td><\/tr><tr><td>e)&nbsp;&nbsp; Categor\u00edas de datos<\/td><td>Direcciones IP de visitantes y tr\u00e1fico de red asociado.<\/td><\/tr><tr><td>f)&nbsp;&nbsp;&nbsp; Categor\u00edas de destinatarios<\/td><td>No se contemplan cesiones de los datos personales recabados para este tratamiento, excepto obligaci\u00f3n legal; FFCCSE y CCN-CNI para posibles investigaciones de las brechas de seguridad que pudieran sufrirse<\/td><\/tr><tr><td>g)&nbsp;&nbsp; Transferencias internacionales<\/td><td>No est\u00e1 previsto realizar transferencias internacionales de datos.<\/td><\/tr><tr><td>h)&nbsp;&nbsp; Plazo de supresi\u00f3n<\/td><td>A petici\u00f3n del interesado, o un a\u00f1o.<\/td><\/tr><tr><td>i)&nbsp;&nbsp;&nbsp; Medidas de seguridad<\/td><td>Se han habilitado las medidas de seguridad oportunas, de conformidad con los riesgos estimados, para garantizar la prestaci\u00f3n y resiliencia de la p\u00e1gina web, de conformidad con el Esquema Nacional de Seguridad.<\/td><\/tr><\/tbody><\/table><\/figure>\n\n\n\n<p>Tratamiento de datos: <strong>\u201cAN\u00c1LISIS ESTAD\u00cdSTICO DE VISITANTES\u201d<\/strong><\/p>\n\n\n\n<figure class=\"wp-block-table\"><table><tbody><tr><td>a)&nbsp;&nbsp; Responsable del tratamiento<\/td><td>Identidad: Diputaci\u00f3n de Salamanca &#8211; NIF: P3700000G Direcci\u00f3n postal: c\/ Felipe Espino 1, 37002 SALAMANCA Correo electr\u00f3nico: lopd-arco@lasalina.es Tel\u00e9fono: 923293100 Contacto DPD en las mismas direcciones anteriores.<\/td><\/tr><tr><td>b)&nbsp;&nbsp; Finalidad del tratamiento<\/td><td>Monitorizaci\u00f3n de la volumetr\u00eda de p\u00e1ginas visitadas y datos estad\u00edsticos asociados.<\/td><\/tr><tr><td>c)&nbsp;&nbsp;&nbsp; Legitimaci\u00f3n del tratamiento<\/td><td>Inter\u00e9s leg\u00edtimo (Conocer la utilizaci\u00f3n de la p\u00e1gina web. Riesgo m\u00ednimo, informaci\u00f3n anonimizada por GA4)<\/td><\/tr><tr><td>d)&nbsp;&nbsp; Categor\u00edas de interesados<\/td><td>Visitantes de la p\u00e1gina web<\/td><\/tr><tr><td>e)&nbsp;&nbsp; Categor\u00edas de datos<\/td><td>Informaci\u00f3n estad\u00edstica sobre visitantes, almacenada por Google Analytics 4 (GA4) anonimizada.<\/td><\/tr><tr><td>f)&nbsp;&nbsp;&nbsp; Categor\u00edas de destinatarios<\/td><td>Google Analytics. https:\/\/support.google.com\/analytics\/answer\/12017362?hl=en&amp;sjid=13962612589669471269-EU<\/td><\/tr><tr><td>g) Transferencias internacionales<\/td><td>No est\u00e1 previsto realizar transferencias internacionales de datos.<\/td><\/tr><tr><td>h)&nbsp;&nbsp; Plazo de supresi\u00f3n<\/td><td>A petici\u00f3n del interesado, o un a\u00f1o. En todo caso Google Analytics anonimiza la informaci\u00f3n tratada.<\/td><\/tr><tr><td>i)&nbsp;&nbsp;&nbsp; Medidas de seguridad<\/td><td>Se han habilitado las medidas de seguridad oportunas, de conformidad con los riesgos estimados, para garantizar la prestaci\u00f3n y resiliencia de la p\u00e1gina web, de conformidad con el Esquema Nacional de Seguridad.<\/td><\/tr><\/tbody><\/table><\/figure>\n\n\n\n<p class=\"tic-titulo-secundario\"><strong>ATENCI\u00d3N DEL EJERCICIO DE DERECHOS EN MATERIA DE PROTECCI\u00d3N DE DATOS<\/strong><\/p>\n\n\n\n<p>Para ejercer los derechos que le asisten en materia de protecci\u00f3n de datos ante la Diputaci\u00f3n Provincial de Salamanca puede enviar un escrito a la direcci\u00f3n:  Diputaci\u00f3n de Salamanca c\/ Felipe Espino 1, 37002 \u2013 Salamanca REF: DPD &#8211; Protecci\u00f3n de datos<\/p>\n\n\n\n<p>O al correo electr\u00f3nico <a href=\"mailto:lopd-arco@lasalina.es\">lopd-arco@lasalina.es<\/a><\/p>\n\n\n\n<p>Tambi\u00e9n puedes contactar con nuestra DPD en las mismas direcciones de correo postal o electr\u00f3nico anteriormente indicadas.<\/p>\n\n\n\n<ul class=\"wp-block-list\">\n<li>Debe incluir copia de su documento nacional de identidad o pasaporte, ya que solo los titulares de los datos personales (interesados) podr\u00e1n ejercer sus derechos de acceso, rectificaci\u00f3n, supresi\u00f3n, oposici\u00f3n, portabilidad y limitaci\u00f3n del tratamiento. El ejercicio de los derechos es gratuito.<\/li>\n\n\n\n<li>La Diputaci\u00f3n de Salamanca, en calidad de responsable del tratamiento, deber\u00e1 dar respuesta a los interesados sin dilaci\u00f3n indebida y de forma concisa, transparente, inteligible, con un lenguaje claro y sencillo y conservar la prueba del cumplimiento del deber de responder a las solicitudes de ejercicio de derechos formuladas.<\/li>\n\n\n\n<li>Si la solicitud se presenta por medios electr\u00f3nicos, la informaci\u00f3n se facilitar\u00e1 por estos medios cuando sea posible, salvo que el interesado solicite que sea de otro modo.<\/li>\n\n\n\n<li>Las solicitudes deben responderse en el plazo de un mes desde su recepci\u00f3n, pudiendo prorrogarse en otros dos meses teniendo en cuenta la complejidad o el n\u00famero de solicitudes, pero en ese caso debe informarse al interesado de la pr\u00f3rroga en el plazo de un mes a partir de la recepci\u00f3n de la solicitud, indicando los motivos de la ampliaci\u00f3n del plazo.<\/li>\n<\/ul>\n\n\n\n<p class=\"tic-titulo-secundario\"><strong>DERECHO DE ACCESO<\/strong><\/p>\n\n\n\n<p>En el derecho de accesose facilitar\u00e1 a los interesados copia de los datos personales de los que se disponga junto con la finalidad para la que han sido recogidos, la identidad de los destinatarios de los datos, los plazos de conservaci\u00f3n previstos o el criterio utilizado para determinarlo, la existencia del derecho a solicitar la rectificaci\u00f3n o supresi\u00f3n de datos personales as\u00ed como la limitaci\u00f3n o la oposici\u00f3n a su tratamiento, el derecho a presentar una reclamaci\u00f3n ante la Agencia Espa\u00f1ola de Protecci\u00f3n de Datos y si los datos no han sido obtenidos del interesado, cualquier informaci\u00f3n disponibles sobre su origen. El derecho a obtener copia de los datos <strong>no puede afectar negativamente<\/strong> a los derechos y libertades de otros interesados.<\/p>\n\n\n\n<p><a href=\"https:\/\/www.aepd.es\/media\/formularios\/formulario-derecho-de-acceso.pdf\">Formulario para el ejercicio del derecho de acceso.<\/a> (enlace a la AEPD)<\/p>\n\n\n\n<p class=\"tic-titulo-secundario\"><strong>DERECHO DE RECTIFICACI\u00d3N<\/strong><\/p>\n\n\n\n<p>En el derecho de rectificaci\u00f3n se proceder\u00e1 a modificar los datos de los interesados que fueran inexactos o incompletos atendiendo a los fines del tratamiento. El interesado deber\u00e1 indicar en la solicitud a qu\u00e9 datos se refiere y la correcci\u00f3n que haya de realizarse, aportando, cuando sea preciso, la documentaci\u00f3n justificativa de la inexactitud o car\u00e1cter incompleto de los datos objeto de tratamiento. Si los datos han sido comunicados por el responsable a otros responsables, deber\u00e1 notificarles la rectificaci\u00f3n de estos salvo que sea imposible o exija un esfuerzo desproporcionado, facilitando al interesado informaci\u00f3n acerca de dichos destinatarios, si as\u00ed lo solicita.<\/p>\n\n\n\n<p><a href=\"https:\/\/www.aepd.es\/media\/formularios\/formulario-derecho-de-rectificacion.pdf\">Formulario para el ejercicio del derecho de rectificaci\u00f3n<\/a> (enlace a la AEPD)<\/p>\n\n\n\n<p class=\"tic-titulo-secundario\"><strong>DERECHO DE SUPRESI\u00d3N<\/strong><\/p>\n\n\n\n<p>En el derecho de supresi\u00f3n se eliminar\u00e1n los datos de los interesados cuando estos manifiesten su negativa al tratamiento y no exista una base legal que lo impida, no sean necesarios en relaci\u00f3n con los fines para los que fueron recogidos, retiren el consentimiento prestado y no haya otra base legal que legitime el tratamiento o \u00e9ste sea il\u00edcito. Si la supresi\u00f3n deriva del ejercicio del derecho de oposici\u00f3n del interesado al tratamiento de sus datos con fines de mercadotecnia, pueden conservarse los datos identificativos del interesado con el fin de impedir futuros tratamientos. Si los datos han sido comunicados por el responsable a otros responsables, deber\u00e1 notificarles la supresi\u00f3n de estos salvo que sea imposible o exija un esfuerzo desproporcionado, facilitando al interesado informaci\u00f3n acerca de dichos destinatarios, si as\u00ed lo solicita.<\/p>\n\n\n\n<p><a href=\"https:\/\/www.aepd.es\/media\/formularios\/formulario-derecho-de-supresion.pdf\">Formulario para el ejercicio del derecho de supresi\u00f3n<\/a> (enlace a la AEPD)<\/p>\n\n\n\n<p class=\"tic-titulo-secundario\"><strong>DERECHO DE OPOSICI\u00d3N<\/strong><\/p>\n\n\n\n<p>En el derecho de oposici\u00f3n, cuando los interesados manifiesten su negativa al tratamiento de sus datos personales ante el responsable, este dejar\u00e1 de procesarlos siempre que no exista una obligaci\u00f3n legal que lo impida. Cuando el tratamiento est\u00e9 basado en una misi\u00f3n de inter\u00e9s p\u00fablico o en el inter\u00e9s leg\u00edtimo del responsable, ante una solicitud de ejercicio del derecho de oposici\u00f3n, el responsable dejar\u00e1 de tratar los datos salvo que se acrediten motivos imperiosos que prevalezcan sobre los intereses, derechos y libertades del interesado o sean necesarios para la formulaci\u00f3n, ejercicio o defensa de reclamaciones. Si el interesado se opone al tratamiento con fines de mercadotecnia directa, los datos personales dejar\u00e1n de ser tratados para estos fines.<\/p>\n\n\n\n<p><a href=\"https:\/\/www.aepd.es\/media\/formularios\/formulario-derecho-de-oposicion.pdf\">Formulario para el ejercicio del derecho de oposici\u00f3n<\/a> (enlace a la AEPD)<\/p>\n\n\n\n<p class=\"tic-titulo-secundario\"><strong>DERECHO DE PORTABILIDAD<\/strong><\/p>\n\n\n\n<p>En el derecho de portabilidad, si el tratamiento se efect\u00faa por medios automatizados y se basa en el consentimiento o se realiza en el marco de un contrato, los interesados pueden solicitar recibir copia de sus datos personales en un formato estructurado, de uso com\u00fan y lectura mec\u00e1nica. Asimismo, tienen derecho a solicitar que sean transmitidos directamente a un nuevo responsable, cuya identidad deber\u00e1 ser comunicada, cuando sea t\u00e9cnicamente posible.<\/p>\n\n\n\n<p><a href=\"https:\/\/www.aepd.es\/media\/formularios\/formulario-derecho-de-portabilidad.pdf\">Formulario para el ejercicio de la portabilidad de los datos<\/a> (enlace a la AEPD)<\/p>\n\n\n\n<p class=\"tic-titulo-secundario\"><strong>DERECHO DE LIMITACI\u00d3N AL TRATAMIENTO<\/strong><\/p>\n\n\n\n<p>En el derecho de limitaci\u00f3n del tratamiento, los interesados pueden solicitar la suspensi\u00f3n del tratamiento de sus datos para impugnar su exactitud mientras el responsable realiza las verificaciones necesarias o en el caso de que el tratamiento se realice en base al inter\u00e9s leg\u00edtimo del responsable o en cumplimiento de una misi\u00f3n de inter\u00e9s p\u00fablico, mientras se verifica si estos motivos prevalecen sobre los intereses, derechos y libertades del interesado. El interesado tambi\u00e9n puede solicitar la conservaci\u00f3n de los datos si considera que el tratamiento es il\u00edcito y, en lugar de la supresi\u00f3n, solicita la limitaci\u00f3n del tratamiento, o si aun no necesit\u00e1ndolos ya el responsable para los fines para los que fueron recabados, el interesado los necesita para la formulaci\u00f3n, ejercicio o defensa de reclamaciones. La circunstancia de que el tratamiento de los datos del interesado est\u00e9 limitado <strong>deber\u00e1 constar claramente en los sistemas<\/strong> del responsable. Si los datos han sido comunicados por el responsable a otros responsables, deber\u00e1 notificarles la limitaci\u00f3n del tratamiento de estos salvo que sea imposible o exija un esfuerzo desproporcionado, facilitando al interesado informaci\u00f3n acerca de dichos destinatarios, si as\u00ed lo solicita.<\/p>\n\n\n\n<p><a href=\"https:\/\/www.aepd.es\/media\/formularios\/formulario-derecho-de-limitacion.pdf\">Formulario para el ejercicio de la limitaci\u00f3n del tratamiento<\/a> (enlace a la AEPD)<\/p>\n\n\n\n<p>Si no se da curso a su solicitud de ejercicio de derechos, el responsable del tratamiento, en este caso la Diputaci\u00f3n de Salamanca, le informar\u00e1, sin dilaci\u00f3n y a m\u00e1s tardar transcurrido un mes desde la recepci\u00f3n de su solicitud, de las razones de su no actuaci\u00f3n y de la posibilidad de presentar una reclamaci\u00f3n al respecto ante la Agencia Espa\u00f1ola de Protecci\u00f3n de Datos y de ejercitar acciones judiciales.<\/p>\n\n\n\n<p>Si deseas m\u00e1s informaci\u00f3n sobre las condiciones de utilizaci\u00f3n de nuestra p\u00e1gina turismosierradefrancia.es pueden consultar nuestra p\u00e1gina de Aviso Legal.<\/p>\n\n\n\n<p>Si deseas m\u00e1s informaci\u00f3n sobre las cookies que utilizamos puedes consultar nuestra p\u00e1gina sobre Cookies.<\/p>\n\n\n\n<p class=\"tic-titulo-secundario\"><strong>DETALLE DE LEGISLACI\u00d3N APLICABLE<\/strong><\/p>\n\n\n\n<p>Por si fuera de su inter\u00e9s, la siguiente legislaci\u00f3n es de aplicaci\u00f3n a este servicio:<\/p>\n\n\n\n<ul class=\"wp-block-list\">\n<li>Reglamento (UE) 2016\/679 del Parlamento Europeo y del Consejo, de 27 de abril de 2016, relativo a la protecci\u00f3n de las personas f\u00edsicas en lo que respecta al tratamiento de datos personales y a la libre circulaci\u00f3n de estos datos y por el que se deroga la Directiva 95\/46\/CE (Reglamento general de protecci\u00f3n de datos).<\/li>\n\n\n\n<li>Ley Org\u00e1nica 3\/2018, de 5 de diciembre, de Protecci\u00f3n de Datos Personales y garant\u00eda de los derechos digitales.<\/li>\n\n\n\n<li>Ley 34\/2002, de 11 de julio, de servicios de la sociedad de la informaci\u00f3n y de comercio electr\u00f3nico (LSSI).<\/li>\n\n\n\n<li>Real Decreto 311\/2022, de 3 de mayo, por el que se regula el Esquema Nacional de Seguridad.<\/li>\n\n\n\n<li>Real Decreto 1112\/2018, de 7 de septiembre, sobre accesibilidad de los sitios web y aplicaciones para dispositivos m\u00f3viles del sector p\u00fablico.<\/li>\n<\/ul>\n\n\n\n<p>Fecha \u00faltima revisi\u00f3n: 1 de agosto de 2024<\/p>\n\n\n\n<div style=\"height:30px\" aria-hidden=\"true\" class=\"wp-block-spacer\"><\/div>\n\n\n\n<div style=\"height:50px\" aria-hidden=\"true\" class=\"wp-block-spacer\"><\/div>\n\n\n\n<figure class=\"wp-block-gallery has-nested-images columns-default is-cropped wp-block-gallery-1 is-layout-flex wp-block-gallery-is-layout-flex\"><\/figure>\n\n\n\n<div style=\"height:30px\" aria-hidden=\"true\" class=\"wp-block-spacer\"><\/div>\n<\/div><\/div>\n\n\n\n<div class=\"wp-block-group tic-page-footer\"><div class=\"wp-block-group__inner-container is-layout-constrained wp-block-group-is-layout-constrained\">\n<p class=\"tic-secicon has-medium-font-size\"><strong>Relacionado<\/strong><\/p>\n\n\n\n\t\t\t<div class=\"foogallery foogallery-container foogallery-carousel foogallery-lightbox-none fg-carousel-hide-nav-arrows fg-carousel-hide-pagination fg-carousel-hide-progress-bar fg-carousel fg-ready fg-custom fg-shadow-outline fg-loading-default fg-loaded-fade-in fg-caption-always fg-hover-fade fg-c-c\" id=\"foogallery-gallery-3652\" data-foogallery=\"{&quot;item&quot;:{&quot;showCaptionTitle&quot;:true,&quot;showCaptionDescription&quot;:true},&quot;lazy&quot;:true,&quot;template&quot;:{&quot;maxItems&quot;:7,&quot;scale&quot;:0,&quot;gutter&quot;:{&quot;min&quot;:5,&quot;max&quot;:10,&quot;unit&quot;:&quot;px&quot;},&quot;autoplay&quot;:{&quot;time&quot;:5,&quot;interaction&quot;:&quot;disable&quot;},&quot;centerOnClick&quot;:false}}\" style=\"--fg-title-line-clamp: 0; --fg-description-line-clamp: 0;\" >\n\t<button type=\"button\" class=\"fg-carousel-prev\" title=\"Previous\"><\/button>\n\t<div class=\"fg-carousel-inner\">\n\t\t<div class=\"fg-carousel-center\"><\/div>\n\t\t<div class=\"fg-item fg-type-iframe fg-idle\"><figure class=\"fg-item-inner\"><a href=\"https:\/\/upbeat-carver.217-154-185-52.plesk.page\/nuestros-pueblos\/\" data-caption-title=\"Nuestros Pueblos\" data-attachment-id=\"16463\" data-type=\"iframe\" class=\"fg-thumb\"><span class=\"fg-image-wrap\"><img fetchpriority=\"high\" decoding=\"async\" title=\"Nuestros Pueblos\" width=\"293\" height=\"400\" class=\"skip-lazy fg-image\" data-src-fg=\"https:\/\/upbeat-carver.217-154-185-52.plesk.page\/wp-content\/uploads\/cache\/2024\/06\/nuestros-pueblos-recomendado\/3450360749.webp\" src=\"data:image\/svg+xml,%3Csvg%20xmlns%3D%22http%3A%2F%2Fwww.w3.org%2F2000%2Fsvg%22%20width%3D%22293%22%20height%3D%22400%22%20viewBox%3D%220%200%20293%20400%22%3E%3C%2Fsvg%3E\" loading=\"eager\"><\/span><span class=\"fg-image-overlay\"><\/span><\/a><figcaption class=\"fg-caption\"><div class=\"fg-caption-inner\"><div class=\"fg-caption-title\">Nuestros Pueblos<\/div><\/div><\/figcaption><\/figure><div class=\"fg-loader\"><\/div><\/div><div class=\"fg-item fg-type-iframe fg-idle\"><figure class=\"fg-item-inner\"><a href=\"https:\/\/upbeat-carver.217-154-185-52.plesk.page\/turismo-activo\/estacion-de-deportes-de-montana\/senderismo\/\" data-caption-title=\"Senderismo\" data-attachment-id=\"16465\" data-type=\"iframe\" class=\"fg-thumb\"><span class=\"fg-image-wrap\"><img decoding=\"async\" title=\"Senderismo\" width=\"293\" height=\"400\" class=\"skip-lazy fg-image\" data-src-fg=\"https:\/\/upbeat-carver.217-154-185-52.plesk.page\/wp-content\/uploads\/cache\/2024\/06\/senderismo-recomendador\/653318006.webp\" src=\"data:image\/svg+xml,%3Csvg%20xmlns%3D%22http%3A%2F%2Fwww.w3.org%2F2000%2Fsvg%22%20width%3D%22293%22%20height%3D%22400%22%20viewBox%3D%220%200%20293%20400%22%3E%3C%2Fsvg%3E\" loading=\"eager\"><\/span><span class=\"fg-image-overlay\"><\/span><\/a><figcaption class=\"fg-caption\"><div class=\"fg-caption-inner\"><div class=\"fg-caption-title\">Senderismo<\/div><\/div><\/figcaption><\/figure><div class=\"fg-loader\"><\/div><\/div><div class=\"fg-item fg-type-iframe fg-idle\"><figure class=\"fg-item-inner\"><a href=\"https:\/\/upbeat-carver.217-154-185-52.plesk.page\/turismo-activo\/turismo-rutas-accesibles\/\" data-caption-title=\"Rutas Accesibles\" data-attachment-id=\"16464\" data-type=\"iframe\" class=\"fg-thumb\"><span class=\"fg-image-wrap\"><img decoding=\"async\" title=\"Rutas Accesibles\" width=\"293\" height=\"400\" class=\"skip-lazy fg-image\" data-src-fg=\"https:\/\/upbeat-carver.217-154-185-52.plesk.page\/wp-content\/uploads\/cache\/2024\/06\/rutas-accesibles-recomendador\/4236705883.webp\" src=\"data:image\/svg+xml,%3Csvg%20xmlns%3D%22http%3A%2F%2Fwww.w3.org%2F2000%2Fsvg%22%20width%3D%22293%22%20height%3D%22400%22%20viewBox%3D%220%200%20293%20400%22%3E%3C%2Fsvg%3E\" loading=\"eager\"><\/span><span class=\"fg-image-overlay\"><\/span><\/a><figcaption class=\"fg-caption\"><div class=\"fg-caption-inner\"><div class=\"fg-caption-title\">Rutas Accesibles<\/div><\/div><\/figcaption><\/figure><div class=\"fg-loader\"><\/div><\/div><div class=\"fg-item fg-type-iframe fg-idle\"><figure class=\"fg-item-inner\"><a href=\"https:\/\/upbeat-carver.217-154-185-52.plesk.page\/donde-dormir\/\" data-caption-title=\"\u00bfD\u00f3nde Comer?\" data-attachment-id=\"16462\" data-type=\"iframe\" class=\"fg-thumb\"><span class=\"fg-image-wrap\"><img decoding=\"async\" title=\"\u00bfD\u00f3nde Comer?\" width=\"293\" height=\"400\" class=\"skip-lazy fg-image\" data-src-fg=\"https:\/\/upbeat-carver.217-154-185-52.plesk.page\/wp-content\/uploads\/cache\/2024\/06\/donde_comer-recomendado\/3830583107.webp\" src=\"data:image\/svg+xml,%3Csvg%20xmlns%3D%22http%3A%2F%2Fwww.w3.org%2F2000%2Fsvg%22%20width%3D%22293%22%20height%3D%22400%22%20viewBox%3D%220%200%20293%20400%22%3E%3C%2Fsvg%3E\" loading=\"eager\"><\/span><span class=\"fg-image-overlay\"><\/span><\/a><figcaption class=\"fg-caption\"><div class=\"fg-caption-inner\"><div class=\"fg-caption-title\">\u00bfD\u00f3nde Comer?<\/div><\/div><\/figcaption><\/figure><div class=\"fg-loader\"><\/div><\/div><div class=\"fg-item fg-type-iframe fg-idle\"><figure class=\"fg-item-inner\"><a href=\"https:\/\/upbeat-carver.217-154-185-52.plesk.page\/donde-dormir\/\" data-caption-title=\"\u00bfD\u00f3nde Dormir?\" data-attachment-id=\"16461\" data-type=\"iframe\" class=\"fg-thumb\"><span class=\"fg-image-wrap\"><img decoding=\"async\" title=\"\u00bfD\u00f3nde Dormir?\" width=\"293\" height=\"400\" class=\"skip-lazy fg-image\" data-src-fg=\"https:\/\/upbeat-carver.217-154-185-52.plesk.page\/wp-content\/uploads\/cache\/2024\/06\/donde-dormir-recomendado\/1300525129.webp\" src=\"data:image\/svg+xml,%3Csvg%20xmlns%3D%22http%3A%2F%2Fwww.w3.org%2F2000%2Fsvg%22%20width%3D%22293%22%20height%3D%22400%22%20viewBox%3D%220%200%20293%20400%22%3E%3C%2Fsvg%3E\" loading=\"eager\"><\/span><span class=\"fg-image-overlay\"><\/span><\/a><figcaption class=\"fg-caption\"><div class=\"fg-caption-inner\"><div class=\"fg-caption-title\">\u00bfD\u00f3nde Dormir?<\/div><\/div><\/figcaption><\/figure><div class=\"fg-loader\"><\/div><\/div><div class=\"fg-item fg-type-iframe fg-idle\"><figure class=\"fg-item-inner\"><a href=\"https:\/\/upbeat-carver.217-154-185-52.plesk.page\/turismo-activo\/caminos-de-arte-en-la-naturaleza\/\" data-caption-title=\"Caminos de Arte\" data-attachment-id=\"16459\" data-type=\"iframe\" class=\"fg-thumb\"><span class=\"fg-image-wrap\"><img decoding=\"async\" title=\"Caminos de Arte\" width=\"293\" height=\"400\" class=\"skip-lazy fg-image\" data-src-fg=\"https:\/\/upbeat-carver.217-154-185-52.plesk.page\/wp-content\/uploads\/cache\/2024\/06\/caminos-del-arte-recomendador\/3488217815.webp\" src=\"data:image\/svg+xml,%3Csvg%20xmlns%3D%22http%3A%2F%2Fwww.w3.org%2F2000%2Fsvg%22%20width%3D%22293%22%20height%3D%22400%22%20viewBox%3D%220%200%20293%20400%22%3E%3C%2Fsvg%3E\" loading=\"eager\"><\/span><span class=\"fg-image-overlay\"><\/span><\/a><figcaption class=\"fg-caption\"><div class=\"fg-caption-inner\"><div class=\"fg-caption-title\">Caminos de Arte<\/div><\/div><\/figcaption><\/figure><div class=\"fg-loader\"><\/div><\/div><div class=\"fg-item fg-type-iframe fg-idle\"><figure class=\"fg-item-inner\"><a href=\"https:\/\/upbeat-carver.217-154-185-52.plesk.page\/cultura\/centros-interpretacion-museos\/\" data-caption-title=\"Centros de Interpretaci\u00f3n\" data-attachment-id=\"16460\" data-type=\"iframe\" class=\"fg-thumb\"><span class=\"fg-image-wrap\"><img decoding=\"async\" title=\"Centros de Interpretaci\u00f3n\" width=\"293\" height=\"400\" class=\"skip-lazy fg-image\" data-src-fg=\"https:\/\/upbeat-carver.217-154-185-52.plesk.page\/wp-content\/uploads\/cache\/2024\/06\/centro-interpretacion-museo\/542232789.webp\" src=\"data:image\/svg+xml,%3Csvg%20xmlns%3D%22http%3A%2F%2Fwww.w3.org%2F2000%2Fsvg%22%20width%3D%22293%22%20height%3D%22400%22%20viewBox%3D%220%200%20293%20400%22%3E%3C%2Fsvg%3E\" loading=\"eager\"><\/span><span class=\"fg-image-overlay\"><\/span><\/a><figcaption class=\"fg-caption\"><div class=\"fg-caption-inner\"><div class=\"fg-caption-title\">Centros de Interpretaci\u00f3n<\/div><\/div><\/figcaption><\/figure><div class=\"fg-loader\"><\/div><\/div>\t<\/div>\n\t<div class=\"fg-carousel-bottom\"><\/div>\n\t<div class=\"fg-carousel-progress\"><\/div>\n\t<button type=\"button\" class=\"fg-carousel-next\" title=\"Siguiente\"><\/button>\n<\/div>\n\n\n<div style=\"height:50px\" aria-hidden=\"true\" class=\"wp-block-spacer\"><\/div>\n<\/div><\/div>\n<style class=\"advgb-styles-renderer\">\n#foogallery-gallery-3652 .fg-image { width: 293px; }#foogallery-gallery-3652 { \r\n width:100%;\r\n}\r\n\r\n#foogallery-gallery-3652 div.fg-caption-title { \r\nfont-weight:700;\r\n}\r\n\r\n<\/style>","protected":false},"excerpt":{"rendered":"<p>POL\u00cdTICA DE PRIVACIDAD \u201cTURISMOSIERRADEFRANCIA\u201d. Datos del responsable del tratamiento: Identidad: Diputaci\u00f3n Provincial de Salamanca &#8211; NIF: P3700000G&nbsp; Direcci\u00f3n postal: c\/&hellip; <a class=\"continue\" href=\"https:\/\/upbeat-carver.217-154-185-52.plesk.page\/?page_id=12045\">Seguir leyendo<span> Privacidad<\/span><\/a><\/p>\n","protected":false},"author":1,"featured_media":0,"parent":0,"menu_order":0,"comment_status":"closed","ping_status":"closed","template":"","meta":{"advgb_blocks_editor_width":"","advgb_blocks_columns_visual_guide":"","footnotes":""},"class_list":["post-12045","page","type-page","status-publish","hentry"],"yoast_head":"<!-- This site is optimized with the Yoast SEO plugin v27.2 - https:\/\/yoast.com\/product\/yoast-seo-wordpress\/ -->\n<title>Privacidad - Sierra de Francia<\/title>\n<meta name=\"description\" content=\"No te lleves sorpresas, reserva con antelaci\u00f3n tu pr\u00f3xima visita a la Sierra de Francia. Tus actividades, tus experiencias.\" \/>\n<meta name=\"robots\" content=\"index, follow, max-snippet:-1, max-image-preview:large, max-video-preview:-1\" \/>\n<link rel=\"canonical\" href=\"https:\/\/upbeat-carver.217-154-185-52.plesk.page\/privacidad\/\" \/>\n<meta property=\"og:locale\" content=\"es_ES\" \/>\n<meta property=\"og:type\" content=\"article\" \/>\n<meta property=\"og:title\" content=\"Privacidad - Sierra de Francia\" \/>\n<meta property=\"og:description\" content=\"No te lleves sorpresas, reserva con antelaci\u00f3n tu pr\u00f3xima visita a la Sierra de Francia. Tus actividades, tus experiencias.\" \/>\n<meta property=\"og:url\" content=\"https:\/\/upbeat-carver.217-154-185-52.plesk.page\/privacidad\/\" \/>\n<meta property=\"og:site_name\" content=\"Sierra de Francia\" \/>\n<meta property=\"article:publisher\" content=\"https:\/\/www.facebook.com\/visitasierradefrancia\/\" \/>\n<meta property=\"article:modified_time\" content=\"2024-08-03T13:23:35+00:00\" \/>\n<meta name=\"twitter:card\" content=\"summary_large_image\" \/>\n<meta name=\"twitter:site\" content=\"@visitaSF\" \/>\n<meta name=\"twitter:label1\" content=\"Tiempo de lectura\" \/>\n\t<meta name=\"twitter:data1\" content=\"9 minutos\" \/>\n<script type=\"application\/ld+json\" class=\"yoast-schema-graph\">{\"@context\":\"https:\/\/schema.org\",\"@graph\":[{\"@type\":\"WebPage\",\"@id\":\"https:\/\/upbeat-carver.217-154-185-52.plesk.page\/privacidad\/\",\"url\":\"https:\/\/upbeat-carver.217-154-185-52.plesk.page\/privacidad\/\",\"name\":\"Privacidad - Sierra de Francia\",\"isPartOf\":{\"@id\":\"https:\/\/upbeat-carver.217-154-185-52.plesk.page\/#website\"},\"datePublished\":\"2023-12-15T14:10:48+00:00\",\"dateModified\":\"2024-08-03T13:23:35+00:00\",\"description\":\"No te lleves sorpresas, reserva con antelaci\u00f3n tu pr\u00f3xima visita a la Sierra de Francia. Tus actividades, tus experiencias.\",\"breadcrumb\":{\"@id\":\"https:\/\/upbeat-carver.217-154-185-52.plesk.page\/privacidad\/#breadcrumb\"},\"inLanguage\":\"es\",\"potentialAction\":[{\"@type\":\"ReadAction\",\"target\":[\"https:\/\/upbeat-carver.217-154-185-52.plesk.page\/privacidad\/\"]}]},{\"@type\":\"BreadcrumbList\",\"@id\":\"https:\/\/upbeat-carver.217-154-185-52.plesk.page\/privacidad\/#breadcrumb\",\"itemListElement\":[{\"@type\":\"ListItem\",\"position\":1,\"name\":\"Inicio\",\"item\":\"https:\/\/upbeat-carver.217-154-185-52.plesk.page\/\"},{\"@type\":\"ListItem\",\"position\":2,\"name\":\"Privacidad\"}]},{\"@type\":\"WebSite\",\"@id\":\"https:\/\/upbeat-carver.217-154-185-52.plesk.page\/#website\",\"url\":\"https:\/\/upbeat-carver.217-154-185-52.plesk.page\/\",\"name\":\"Sierra de Francia\",\"description\":\"\",\"publisher\":{\"@id\":\"https:\/\/upbeat-carver.217-154-185-52.plesk.page\/#organization\"},\"alternateName\":\"Turismo Sierra de Francia\",\"potentialAction\":[{\"@type\":\"SearchAction\",\"target\":{\"@type\":\"EntryPoint\",\"urlTemplate\":\"https:\/\/upbeat-carver.217-154-185-52.plesk.page\/?s={search_term_string}\"},\"query-input\":{\"@type\":\"PropertyValueSpecification\",\"valueRequired\":true,\"valueName\":\"search_term_string\"}}],\"inLanguage\":\"es\"},{\"@type\":\"Organization\",\"@id\":\"https:\/\/upbeat-carver.217-154-185-52.plesk.page\/#organization\",\"name\":\"Sierra de Francia\",\"alternateName\":\"Turismo Sierra de Francia\",\"url\":\"https:\/\/upbeat-carver.217-154-185-52.plesk.page\/\",\"logo\":{\"@type\":\"ImageObject\",\"inLanguage\":\"es\",\"@id\":\"https:\/\/upbeat-carver.217-154-185-52.plesk.page\/#\/schema\/logo\/image\/\",\"url\":\"https:\/\/upbeat-carver.217-154-185-52.plesk.page\/wp-content\/uploads\/2024\/04\/cropped-logo_redondo-removebg-preview.png\",\"contentUrl\":\"https:\/\/upbeat-carver.217-154-185-52.plesk.page\/wp-content\/uploads\/2024\/04\/cropped-logo_redondo-removebg-preview.png\",\"width\":512,\"height\":512,\"caption\":\"Sierra de Francia\"},\"image\":{\"@id\":\"https:\/\/upbeat-carver.217-154-185-52.plesk.page\/#\/schema\/logo\/image\/\"},\"sameAs\":[\"https:\/\/www.facebook.com\/visitasierradefrancia\/\",\"https:\/\/x.com\/visitaSF\",\"https:\/\/www.instagram.com\/visitasierradefrancia\/\",\"https:\/\/www.youtube.com\/@visitasierradefrancia\"]}]}<\/script>\n<!-- \/ Yoast SEO plugin. -->","yoast_head_json":{"title":"Privacidad - Sierra de Francia","description":"No te lleves sorpresas, reserva con antelaci\u00f3n tu pr\u00f3xima visita a la Sierra de Francia. Tus actividades, tus experiencias.","robots":{"index":"index","follow":"follow","max-snippet":"max-snippet:-1","max-image-preview":"max-image-preview:large","max-video-preview":"max-video-preview:-1"},"canonical":"https:\/\/upbeat-carver.217-154-185-52.plesk.page\/privacidad\/","og_locale":"es_ES","og_type":"article","og_title":"Privacidad - Sierra de Francia","og_description":"No te lleves sorpresas, reserva con antelaci\u00f3n tu pr\u00f3xima visita a la Sierra de Francia. Tus actividades, tus experiencias.","og_url":"https:\/\/upbeat-carver.217-154-185-52.plesk.page\/privacidad\/","og_site_name":"Sierra de Francia","article_publisher":"https:\/\/www.facebook.com\/visitasierradefrancia\/","article_modified_time":"2024-08-03T13:23:35+00:00","twitter_card":"summary_large_image","twitter_site":"@visitaSF","twitter_misc":{"Tiempo de lectura":"9 minutos"},"schema":{"@context":"https:\/\/schema.org","@graph":[{"@type":"WebPage","@id":"https:\/\/upbeat-carver.217-154-185-52.plesk.page\/privacidad\/","url":"https:\/\/upbeat-carver.217-154-185-52.plesk.page\/privacidad\/","name":"Privacidad - Sierra de Francia","isPartOf":{"@id":"https:\/\/upbeat-carver.217-154-185-52.plesk.page\/#website"},"datePublished":"2023-12-15T14:10:48+00:00","dateModified":"2024-08-03T13:23:35+00:00","description":"No te lleves sorpresas, reserva con antelaci\u00f3n tu pr\u00f3xima visita a la Sierra de Francia. Tus actividades, tus experiencias.","breadcrumb":{"@id":"https:\/\/upbeat-carver.217-154-185-52.plesk.page\/privacidad\/#breadcrumb"},"inLanguage":"es","potentialAction":[{"@type":"ReadAction","target":["https:\/\/upbeat-carver.217-154-185-52.plesk.page\/privacidad\/"]}]},{"@type":"BreadcrumbList","@id":"https:\/\/upbeat-carver.217-154-185-52.plesk.page\/privacidad\/#breadcrumb","itemListElement":[{"@type":"ListItem","position":1,"name":"Inicio","item":"https:\/\/upbeat-carver.217-154-185-52.plesk.page\/"},{"@type":"ListItem","position":2,"name":"Privacidad"}]},{"@type":"WebSite","@id":"https:\/\/upbeat-carver.217-154-185-52.plesk.page\/#website","url":"https:\/\/upbeat-carver.217-154-185-52.plesk.page\/","name":"Sierra de Francia","description":"","publisher":{"@id":"https:\/\/upbeat-carver.217-154-185-52.plesk.page\/#organization"},"alternateName":"Turismo Sierra de Francia","potentialAction":[{"@type":"SearchAction","target":{"@type":"EntryPoint","urlTemplate":"https:\/\/upbeat-carver.217-154-185-52.plesk.page\/?s={search_term_string}"},"query-input":{"@type":"PropertyValueSpecification","valueRequired":true,"valueName":"search_term_string"}}],"inLanguage":"es"},{"@type":"Organization","@id":"https:\/\/upbeat-carver.217-154-185-52.plesk.page\/#organization","name":"Sierra de Francia","alternateName":"Turismo Sierra de Francia","url":"https:\/\/upbeat-carver.217-154-185-52.plesk.page\/","logo":{"@type":"ImageObject","inLanguage":"es","@id":"https:\/\/upbeat-carver.217-154-185-52.plesk.page\/#\/schema\/logo\/image\/","url":"https:\/\/upbeat-carver.217-154-185-52.plesk.page\/wp-content\/uploads\/2024\/04\/cropped-logo_redondo-removebg-preview.png","contentUrl":"https:\/\/upbeat-carver.217-154-185-52.plesk.page\/wp-content\/uploads\/2024\/04\/cropped-logo_redondo-removebg-preview.png","width":512,"height":512,"caption":"Sierra de Francia"},"image":{"@id":"https:\/\/upbeat-carver.217-154-185-52.plesk.page\/#\/schema\/logo\/image\/"},"sameAs":["https:\/\/www.facebook.com\/visitasierradefrancia\/","https:\/\/x.com\/visitaSF","https:\/\/www.instagram.com\/visitasierradefrancia\/","https:\/\/www.youtube.com\/@visitasierradefrancia"]}]}},"coauthors":[],"author_meta":{"author_link":"https:\/\/upbeat-carver.217-154-185-52.plesk.page\/?author=1","display_name":"admin"},"relative_dates":{"created":"Publicado 2 a\u00f1os hace","modified":"Actualizado 2 a\u00f1os hace"},"absolute_dates":{"created":"Publicado el 15\/12\/2023","modified":"Actualizado el 03\/08\/2024"},"absolute_dates_time":{"created":"Publicado el 15\/12\/2023 14:10","modified":"Actualizado el 03\/08\/2024 13:23"},"featured_img_caption":"","featured_img":false,"series_order":"","_links":{"self":[{"href":"https:\/\/upbeat-carver.217-154-185-52.plesk.page\/index.php?rest_route=\/wp\/v2\/pages\/12045","targetHints":{"allow":["GET"]}}],"collection":[{"href":"https:\/\/upbeat-carver.217-154-185-52.plesk.page\/index.php?rest_route=\/wp\/v2\/pages"}],"about":[{"href":"https:\/\/upbeat-carver.217-154-185-52.plesk.page\/index.php?rest_route=\/wp\/v2\/types\/page"}],"author":[{"embeddable":true,"href":"https:\/\/upbeat-carver.217-154-185-52.plesk.page\/index.php?rest_route=\/wp\/v2\/users\/1"}],"replies":[{"embeddable":true,"href":"https:\/\/upbeat-carver.217-154-185-52.plesk.page\/index.php?rest_route=%2Fwp%2Fv2%2Fcomments&post=12045"}],"version-history":[{"count":3,"href":"https:\/\/upbeat-carver.217-154-185-52.plesk.page\/index.php?rest_route=\/wp\/v2\/pages\/12045\/revisions"}],"predecessor-version":[{"id":17729,"href":"https:\/\/upbeat-carver.217-154-185-52.plesk.page\/index.php?rest_route=\/wp\/v2\/pages\/12045\/revisions\/17729"}],"wp:attachment":[{"href":"https:\/\/upbeat-carver.217-154-185-52.plesk.page\/index.php?rest_route=%2Fwp%2Fv2%2Fmedia&parent=12045"}],"curies":[{"name":"wp","href":"https:\/\/api.w.org\/{rel}","templated":true}]}}