{"id":3417,"date":"2023-06-06T18:50:20","date_gmt":"2023-06-06T18:50:20","guid":{"rendered":"https:\/\/upbeat-carver.217-154-185-52.plesk.page\/?page_id=3417"},"modified":"2024-07-17T08:49:39","modified_gmt":"2024-07-17T08:49:39","slug":"naturaleza","status":"publish","type":"page","link":"https:\/\/upbeat-carver.217-154-185-52.plesk.page\/?page_id=3417","title":{"rendered":"Naturaleza"},"content":{"rendered":"\n<a class=\"tic-subheader-image\" style=\"display:none\" href=\"https:\/\/upbeat-carver.217-154-185-52.plesk.page\/wp-content\/uploads\/2023\/09\/turismo-sierra-de-francia-cabecera-naturaleza-2.webp\"><\/a>\n\n\n\n<p class=\"has-drop-cap tic-contenido-principal\">El turismo de naturaleza en la <strong>Sierra de Francia<\/strong> ofrece una experiencia excepcional para aquellos que buscan escapar de la vida urbana y sumergirse en la belleza serena y la biodiversidad de esta zona. Ubicada en la provincia de <strong>Salamanca<\/strong>, la Sierra de Francia es un destino de monta\u00f1as pintorescas, valles verdes y pueblos encantadores.&nbsp;Los amantes de la naturaleza encontrar\u00e1n un verdadero para\u00edso, con oportunidades para practicar senderismo, observar aves en su h\u00e1bitat natural y disfrutar de la rica flora y fauna.<\/p>\n\n\n\n<div class=\"wp-block-group tic-contenido-secundario-mosaic\"><div class=\"wp-block-group__inner-container is-layout-constrained wp-block-group-is-layout-constrained\">\n<p>Si est\u00e1s buscando relajarte en un entorno natural o sumergirte en emocionantes desaf\u00edos al aire libre, esta zona tiene mucho que ofrecer, te&nbsp;dejar\u00e1 recuerdos imborrables y un profundo respeto por el medio ambiente. \u00danete a nosotros en esta aventura de descubrimiento, aprendizaje y conexi\u00f3n con la tierra.&nbsp;El turismo de naturaleza en la <strong>Sierra de Francia<\/strong> es una oportunidad para descubrir la majestuosidad de los bosques, la cultura local y la conservaci\u00f3n en un entorno que cautivar\u00e1 los sentidos y dejar\u00e1 una impresi\u00f3n duradera a todos los que la visitan.<\/p>\n<\/div><\/div>\n\n\n\n<p class=\"has-text-align-center tic-cita\">\u00a1Descubre la magia del turismo de naturaleza en la Sierra de Francia y sum\u00e9rgete en un mundo de belleza natural y una aventura sostenible!<\/p>\n\n\n\n<div style=\"height:30px\" aria-hidden=\"true\" class=\"wp-block-spacer\"><\/div>\n\n\n\n<div class=\"wp-block-group tic-content-mosaic\"><div class=\"wp-block-group__inner-container is-layout-constrained wp-block-group-is-layout-constrained\">\n<div class=\"wp-block-columns is-layout-flex wp-container-core-columns-is-layout-9d6595d7 wp-block-columns-is-layout-flex\">\n<div class=\"wp-block-column is-layout-flow wp-block-column-is-layout-flow\">\n<div class=\"wp-block-cover aligncenter has-custom-content-position is-position-bottom-left tic-image-mosaic\"><span aria-hidden=\"true\" class=\"wp-block-cover__background has-background-dim-10 has-background-dim\" style=\"background-color:#63664e\"><\/span><img fetchpriority=\"high\" decoding=\"async\" width=\"1800\" height=\"993\" class=\"wp-block-cover__image-background wp-image-5495\" alt=\"Naturaleza en la Biosfera en la sierra de francia\" src=\"https:\/\/upbeat-carver.217-154-185-52.plesk.page\/wp-content\/uploads\/2023\/09\/turismo-sierra-de-francia-cabecera-naturaleza-2.webp\" data-object-fit=\"cover\" srcset=\"https:\/\/upbeat-carver.217-154-185-52.plesk.page\/wp-content\/uploads\/2023\/09\/turismo-sierra-de-francia-cabecera-naturaleza-2.webp 1800w, https:\/\/upbeat-carver.217-154-185-52.plesk.page\/wp-content\/uploads\/2023\/09\/turismo-sierra-de-francia-cabecera-naturaleza-2-300x166.webp 300w, https:\/\/upbeat-carver.217-154-185-52.plesk.page\/wp-content\/uploads\/2023\/09\/turismo-sierra-de-francia-cabecera-naturaleza-2-1024x565.webp 1024w, https:\/\/upbeat-carver.217-154-185-52.plesk.page\/wp-content\/uploads\/2023\/09\/turismo-sierra-de-francia-cabecera-naturaleza-2-768x424.webp 768w, https:\/\/upbeat-carver.217-154-185-52.plesk.page\/wp-content\/uploads\/2023\/09\/turismo-sierra-de-francia-cabecera-naturaleza-2-1536x847.webp 1536w, https:\/\/upbeat-carver.217-154-185-52.plesk.page\/wp-content\/uploads\/2023\/09\/turismo-sierra-de-francia-cabecera-naturaleza-2-136x75.webp 136w, https:\/\/upbeat-carver.217-154-185-52.plesk.page\/wp-content\/uploads\/2023\/09\/turismo-sierra-de-francia-cabecera-naturaleza-2-480x265.webp 480w\" sizes=\"(max-width:767px) 480px, (max-width:1800px) 100vw, 1800px\" \/><div class=\"wp-block-cover__inner-container is-layout-flow wp-block-cover-is-layout-flow\">\n<p class=\"has-text-align-left tic-link-mosaic has-medium-font-size\"><strong><a href=\"https:\/\/upbeat-carver.217-154-185-52.plesk.page\/naturaleza\/reserva-de-la-biosfera\/\" data-type=\"page\" data-id=\"4129\">Reserva de la Biosfera<\/a><\/strong><\/p>\n<\/div><\/div>\n<\/div>\n\n\n\n<div class=\"wp-block-column is-layout-flow wp-block-column-is-layout-flow\">\n<div class=\"wp-block-cover aligncenter has-custom-content-position is-position-bottom-left tic-image-mosaic\"><span aria-hidden=\"true\" class=\"wp-block-cover__background has-background-dim-10 has-background-dim\" style=\"background-color:#4d4d24\"><\/span><img decoding=\"async\" width=\"1600\" height=\"1064\" class=\"wp-block-cover__image-background wp-image-16017\" alt=\"Parque Natural Las Batuecas-Sierra de Francia 2 1\" src=\"https:\/\/upbeat-carver.217-154-185-52.plesk.page\/wp-content\/uploads\/2024\/06\/parque-natural-las-batuecas-1.webp\" data-object-fit=\"cover\" srcset=\"https:\/\/upbeat-carver.217-154-185-52.plesk.page\/wp-content\/uploads\/2024\/06\/parque-natural-las-batuecas-1.webp 1600w, https:\/\/upbeat-carver.217-154-185-52.plesk.page\/wp-content\/uploads\/2024\/06\/parque-natural-las-batuecas-1-300x200.webp 300w, https:\/\/upbeat-carver.217-154-185-52.plesk.page\/wp-content\/uploads\/2024\/06\/parque-natural-las-batuecas-1-1024x681.webp 1024w, https:\/\/upbeat-carver.217-154-185-52.plesk.page\/wp-content\/uploads\/2024\/06\/parque-natural-las-batuecas-1-768x511.webp 768w, https:\/\/upbeat-carver.217-154-185-52.plesk.page\/wp-content\/uploads\/2024\/06\/parque-natural-las-batuecas-1-1536x1021.webp 1536w, https:\/\/upbeat-carver.217-154-185-52.plesk.page\/wp-content\/uploads\/2024\/06\/parque-natural-las-batuecas-1-113x75.webp 113w, https:\/\/upbeat-carver.217-154-185-52.plesk.page\/wp-content\/uploads\/2024\/06\/parque-natural-las-batuecas-1-480x319.webp 480w\" sizes=\"(max-width:767px) 480px, (max-width:1600px) 100vw, 1600px\" \/><div class=\"wp-block-cover__inner-container is-layout-flow wp-block-cover-is-layout-flow\">\n<p class=\"has-text-align-left tic-link-mosaic has-medium-font-size\"><strong><a href=\"https:\/\/upbeat-carver.217-154-185-52.plesk.page\/naturaleza\/parque-natural-las-batuecas-sierra-de-francia\/\" data-type=\"URL\" data-id=\"https:\/\/upbeat-carver.217-154-185-52.plesk.page\/naturaleza\/parque-natural-las-batuecas-sierra-de-francia\/\">Parque Natural Las Batuecas-Sierra de Francia<\/a><\/strong><\/p>\n<\/div><\/div>\n<\/div>\n\n\n\n<div class=\"wp-block-column is-layout-flow wp-block-column-is-layout-flow\">\n<div class=\"wp-block-cover aligncenter has-custom-content-position is-position-bottom-left tic-image-mosaic\"><span aria-hidden=\"true\" class=\"wp-block-cover__background has-background-dim-10 has-background-dim\" style=\"background-color:#816235\"><\/span><img decoding=\"async\" width=\"1900\" height=\"1225\" class=\"wp-block-cover__image-background wp-image-5825\" alt=\"Figuras protecci\u00f3n ambiental sierra de francia\" src=\"https:\/\/upbeat-carver.217-154-185-52.plesk.page\/wp-content\/uploads\/2023\/09\/Bosque-copia-2.webp\" data-object-fit=\"cover\" srcset=\"https:\/\/upbeat-carver.217-154-185-52.plesk.page\/wp-content\/uploads\/2023\/09\/Bosque-copia-2.webp 1900w, https:\/\/upbeat-carver.217-154-185-52.plesk.page\/wp-content\/uploads\/2023\/09\/Bosque-copia-2-300x193.webp 300w, https:\/\/upbeat-carver.217-154-185-52.plesk.page\/wp-content\/uploads\/2023\/09\/Bosque-copia-2-1024x660.webp 1024w, https:\/\/upbeat-carver.217-154-185-52.plesk.page\/wp-content\/uploads\/2023\/09\/Bosque-copia-2-768x495.webp 768w, https:\/\/upbeat-carver.217-154-185-52.plesk.page\/wp-content\/uploads\/2023\/09\/Bosque-copia-2-1536x990.webp 1536w, https:\/\/upbeat-carver.217-154-185-52.plesk.page\/wp-content\/uploads\/2023\/09\/Bosque-copia-2-116x75.webp 116w, https:\/\/upbeat-carver.217-154-185-52.plesk.page\/wp-content\/uploads\/2023\/09\/Bosque-copia-2-480x309.webp 480w\" sizes=\"(max-width:767px) 480px, (max-width:1900px) 100vw, 1900px\" \/><div class=\"wp-block-cover__inner-container is-layout-flow wp-block-cover-is-layout-flow\">\n<p class=\"has-text-align-left tic-link-mosaic has-medium-font-size\"><strong><a href=\"https:\/\/upbeat-carver.217-154-185-52.plesk.page\/naturaleza\/figuras-de-proteccion-ambiental\/\">Figuras de Protecci\u00f3n Ambiental<\/a><\/strong><\/p>\n<\/div><\/div>\n<\/div>\n<\/div>\n\n\n\n<div class=\"wp-block-columns is-layout-flex wp-container-core-columns-is-layout-9d6595d7 wp-block-columns-is-layout-flex\">\n<div class=\"wp-block-column is-layout-flow wp-block-column-is-layout-flow\">\n<div class=\"wp-block-cover aligncenter has-custom-content-position is-position-bottom-left tic-image-mosaic\"><span aria-hidden=\"true\" class=\"wp-block-cover__background has-background-dim-10 has-background-dim\" style=\"background-color:#837857\"><\/span><img loading=\"lazy\" decoding=\"async\" width=\"669\" height=\"400\" class=\"wp-block-cover__image-background wp-image-780\" alt=\"parque micol\u00f3gico portada sierra de francia\" src=\"https:\/\/upbeat-carver.217-154-185-52.plesk.page\/wp-content\/uploads\/2023\/03\/parque-micologico-setas-sierra.webp\" style=\"object-position:92% 59%\" data-object-fit=\"cover\" data-object-position=\"92% 59%\" srcset=\"https:\/\/upbeat-carver.217-154-185-52.plesk.page\/wp-content\/uploads\/2023\/03\/parque-micologico-setas-sierra.webp 669w, https:\/\/upbeat-carver.217-154-185-52.plesk.page\/wp-content\/uploads\/2023\/03\/parque-micologico-setas-sierra-300x179.webp 300w, https:\/\/upbeat-carver.217-154-185-52.plesk.page\/wp-content\/uploads\/2023\/03\/parque-micologico-setas-sierra-244x146.webp 244w, https:\/\/upbeat-carver.217-154-185-52.plesk.page\/wp-content\/uploads\/2023\/03\/parque-micologico-setas-sierra-50x30.webp 50w, https:\/\/upbeat-carver.217-154-185-52.plesk.page\/wp-content\/uploads\/2023\/03\/parque-micologico-setas-sierra-125x75.webp 125w\" sizes=\"(max-width:767px) 480px, 669px\" \/><div class=\"wp-block-cover__inner-container is-layout-flow wp-block-cover-is-layout-flow\">\n<p class=\"has-text-align-center tic-link-mosaic has-medium-font-size\"><strong><a href=\"https:\/\/upbeat-carver.217-154-185-52.plesk.page\/naturaleza\/parque-micologico\/\">Parque Micol\u00f3gico<\/a><\/strong><\/p>\n<\/div><\/div>\n<\/div>\n\n\n\n<div class=\"wp-block-column is-layout-flow wp-block-column-is-layout-flow\">\n<div class=\"wp-block-cover aligncenter is-light has-custom-content-position is-position-bottom-left tic-image-mosaic\"><span aria-hidden=\"true\" class=\"wp-block-cover__background has-background-dim-10 has-background-dim\" style=\"background-color:#91ad69\"><\/span><img loading=\"lazy\" decoding=\"async\" width=\"1600\" height=\"1200\" class=\"wp-block-cover__image-background wp-image-5852\" alt=\"flora fauna geo sierra de francia\" src=\"https:\/\/upbeat-carver.217-154-185-52.plesk.page\/wp-content\/uploads\/2023\/09\/turismo-sierra-de-francia-mariposa.webp\" data-object-fit=\"cover\" srcset=\"https:\/\/upbeat-carver.217-154-185-52.plesk.page\/wp-content\/uploads\/2023\/09\/turismo-sierra-de-francia-mariposa.webp 1600w, https:\/\/upbeat-carver.217-154-185-52.plesk.page\/wp-content\/uploads\/2023\/09\/turismo-sierra-de-francia-mariposa-300x225.webp 300w, https:\/\/upbeat-carver.217-154-185-52.plesk.page\/wp-content\/uploads\/2023\/09\/turismo-sierra-de-francia-mariposa-1024x768.webp 1024w, https:\/\/upbeat-carver.217-154-185-52.plesk.page\/wp-content\/uploads\/2023\/09\/turismo-sierra-de-francia-mariposa-768x576.webp 768w, https:\/\/upbeat-carver.217-154-185-52.plesk.page\/wp-content\/uploads\/2023\/09\/turismo-sierra-de-francia-mariposa-1536x1152.webp 1536w, https:\/\/upbeat-carver.217-154-185-52.plesk.page\/wp-content\/uploads\/2023\/09\/turismo-sierra-de-francia-mariposa-100x75.webp 100w, https:\/\/upbeat-carver.217-154-185-52.plesk.page\/wp-content\/uploads\/2023\/09\/turismo-sierra-de-francia-mariposa-960x720.webp 960w, https:\/\/upbeat-carver.217-154-185-52.plesk.page\/wp-content\/uploads\/2023\/09\/turismo-sierra-de-francia-mariposa-480x360.webp 480w\" sizes=\"(max-width:767px) 480px, (max-width:1600px) 100vw, 1600px\" \/><div class=\"wp-block-cover__inner-container is-layout-flow wp-block-cover-is-layout-flow\">\n<p class=\"has-text-align-left tic-link-mosaic has-medium-font-size\"><strong><a href=\"https:\/\/upbeat-carver.217-154-185-52.plesk.page\/naturaleza\/flora-fauna-geomorfologia\/\">Flora, Fauna y Geomorfolog\u00eda<\/a><\/strong><\/p>\n<\/div><\/div>\n<\/div>\n<\/div>\n<\/div><\/div>\n","protected":false},"excerpt":{"rendered":"<p>El turismo de naturaleza en la Sierra de Francia ofrece una experiencia excepcional para aquellos que buscan escapar de la&hellip; <a class=\"continue\" href=\"https:\/\/upbeat-carver.217-154-185-52.plesk.page\/?page_id=3417\">Seguir leyendo<span> Naturaleza<\/span><\/a><\/p>\n","protected":false},"author":1,"featured_media":0,"parent":0,"menu_order":0,"comment_status":"closed","ping_status":"closed","template":"","meta":{"advgb_blocks_editor_width":"","advgb_blocks_columns_visual_guide":"","footnotes":""},"class_list":["post-3417","page","type-page","status-publish","hentry"],"yoast_head":"<!-- This site is optimized with the Yoast SEO plugin v27.2 - https:\/\/yoast.com\/product\/yoast-seo-wordpress\/ -->\n<title>Naturaleza - Sierra de Francia<\/title>\n<meta name=\"description\" content=\"Bosques de entornos como La Reserva de la Biosfera, el Parque Natural Las Batuecas-Sierra de Francia o el ZEC Quilamas y ZECs de San Mart\u00edn del Casta\u00f1ar y Escurial de la Sierra.\" \/>\n<meta name=\"robots\" content=\"index, follow, max-snippet:-1, max-image-preview:large, max-video-preview:-1\" \/>\n<link rel=\"canonical\" href=\"https:\/\/upbeat-carver.217-154-185-52.plesk.page\/naturaleza\/\" \/>\n<meta property=\"og:locale\" content=\"es_ES\" \/>\n<meta property=\"og:type\" content=\"article\" \/>\n<meta property=\"og:title\" content=\"Naturaleza - Sierra de Francia\" \/>\n<meta property=\"og:description\" content=\"Bosques de entornos como La Reserva de la Biosfera, el Parque Natural Las Batuecas-Sierra de Francia o el ZEC Quilamas y ZECs de San Mart\u00edn del Casta\u00f1ar y Escurial de la Sierra.\" \/>\n<meta property=\"og:url\" content=\"https:\/\/upbeat-carver.217-154-185-52.plesk.page\/naturaleza\/\" \/>\n<meta property=\"og:site_name\" content=\"Sierra de Francia\" \/>\n<meta property=\"article:publisher\" content=\"https:\/\/www.facebook.com\/visitasierradefrancia\/\" \/>\n<meta property=\"article:modified_time\" content=\"2024-07-17T08:49:39+00:00\" \/>\n<meta property=\"og:image\" content=\"https:\/\/upbeat-carver.217-154-185-52.plesk.page\/wp-content\/uploads\/2023\/09\/turismo-sierra-de-francia-cabecera-naturaleza-2.webp\" \/>\n<meta name=\"twitter:card\" content=\"summary_large_image\" \/>\n<meta name=\"twitter:site\" content=\"@visitaSF\" \/>\n<meta name=\"twitter:label1\" content=\"Tiempo de lectura\" \/>\n\t<meta name=\"twitter:data1\" content=\"2 minutos\" \/>\n<script type=\"application\/ld+json\" class=\"yoast-schema-graph\">{\"@context\":\"https:\/\/schema.org\",\"@graph\":[{\"@type\":\"WebPage\",\"@id\":\"https:\/\/upbeat-carver.217-154-185-52.plesk.page\/naturaleza\/\",\"url\":\"https:\/\/upbeat-carver.217-154-185-52.plesk.page\/naturaleza\/\",\"name\":\"Naturaleza - Sierra de Francia\",\"isPartOf\":{\"@id\":\"https:\/\/upbeat-carver.217-154-185-52.plesk.page\/#website\"},\"primaryImageOfPage\":{\"@id\":\"https:\/\/upbeat-carver.217-154-185-52.plesk.page\/naturaleza\/#primaryimage\"},\"image\":{\"@id\":\"https:\/\/upbeat-carver.217-154-185-52.plesk.page\/naturaleza\/#primaryimage\"},\"thumbnailUrl\":\"https:\/\/upbeat-carver.217-154-185-52.plesk.page\/wp-content\/uploads\/2023\/09\/turismo-sierra-de-francia-cabecera-naturaleza-2.webp\",\"datePublished\":\"2023-06-06T18:50:20+00:00\",\"dateModified\":\"2024-07-17T08:49:39+00:00\",\"description\":\"Bosques de entornos como La Reserva de la Biosfera, el Parque Natural Las Batuecas-Sierra de Francia o el ZEC Quilamas y ZECs de San Mart\u00edn del Casta\u00f1ar y Escurial de la Sierra.\",\"breadcrumb\":{\"@id\":\"https:\/\/upbeat-carver.217-154-185-52.plesk.page\/naturaleza\/#breadcrumb\"},\"inLanguage\":\"es\",\"potentialAction\":[{\"@type\":\"ReadAction\",\"target\":[\"https:\/\/upbeat-carver.217-154-185-52.plesk.page\/naturaleza\/\"]}]},{\"@type\":\"ImageObject\",\"inLanguage\":\"es\",\"@id\":\"https:\/\/upbeat-carver.217-154-185-52.plesk.page\/naturaleza\/#primaryimage\",\"url\":\"https:\/\/upbeat-carver.217-154-185-52.plesk.page\/wp-content\/uploads\/2023\/09\/turismo-sierra-de-francia-cabecera-naturaleza-2.webp\",\"contentUrl\":\"https:\/\/upbeat-carver.217-154-185-52.plesk.page\/wp-content\/uploads\/2023\/09\/turismo-sierra-de-francia-cabecera-naturaleza-2.webp\",\"width\":1800,\"height\":993,\"caption\":\"Naturaleza en la Biosfera en la sierra de francia\"},{\"@type\":\"BreadcrumbList\",\"@id\":\"https:\/\/upbeat-carver.217-154-185-52.plesk.page\/naturaleza\/#breadcrumb\",\"itemListElement\":[{\"@type\":\"ListItem\",\"position\":1,\"name\":\"Inicio\",\"item\":\"https:\/\/upbeat-carver.217-154-185-52.plesk.page\/\"},{\"@type\":\"ListItem\",\"position\":2,\"name\":\"Naturaleza\"}]},{\"@type\":\"WebSite\",\"@id\":\"https:\/\/upbeat-carver.217-154-185-52.plesk.page\/#website\",\"url\":\"https:\/\/upbeat-carver.217-154-185-52.plesk.page\/\",\"name\":\"Sierra de Francia\",\"description\":\"\",\"publisher\":{\"@id\":\"https:\/\/upbeat-carver.217-154-185-52.plesk.page\/#organization\"},\"alternateName\":\"Turismo Sierra de Francia\",\"potentialAction\":[{\"@type\":\"SearchAction\",\"target\":{\"@type\":\"EntryPoint\",\"urlTemplate\":\"https:\/\/upbeat-carver.217-154-185-52.plesk.page\/?s={search_term_string}\"},\"query-input\":{\"@type\":\"PropertyValueSpecification\",\"valueRequired\":true,\"valueName\":\"search_term_string\"}}],\"inLanguage\":\"es\"},{\"@type\":\"Organization\",\"@id\":\"https:\/\/upbeat-carver.217-154-185-52.plesk.page\/#organization\",\"name\":\"Sierra de Francia\",\"alternateName\":\"Turismo Sierra de Francia\",\"url\":\"https:\/\/upbeat-carver.217-154-185-52.plesk.page\/\",\"logo\":{\"@type\":\"ImageObject\",\"inLanguage\":\"es\",\"@id\":\"https:\/\/upbeat-carver.217-154-185-52.plesk.page\/#\/schema\/logo\/image\/\",\"url\":\"https:\/\/upbeat-carver.217-154-185-52.plesk.page\/wp-content\/uploads\/2024\/04\/cropped-logo_redondo-removebg-preview.png\",\"contentUrl\":\"https:\/\/upbeat-carver.217-154-185-52.plesk.page\/wp-content\/uploads\/2024\/04\/cropped-logo_redondo-removebg-preview.png\",\"width\":512,\"height\":512,\"caption\":\"Sierra de Francia\"},\"image\":{\"@id\":\"https:\/\/upbeat-carver.217-154-185-52.plesk.page\/#\/schema\/logo\/image\/\"},\"sameAs\":[\"https:\/\/www.facebook.com\/visitasierradefrancia\/\",\"https:\/\/x.com\/visitaSF\",\"https:\/\/www.instagram.com\/visitasierradefrancia\/\",\"https:\/\/www.youtube.com\/@visitasierradefrancia\"]}]}<\/script>\n<!-- \/ Yoast SEO plugin. -->","yoast_head_json":{"title":"Naturaleza - Sierra de Francia","description":"Bosques de entornos como La Reserva de la Biosfera, el Parque Natural Las Batuecas-Sierra de Francia o el ZEC Quilamas y ZECs de San Mart\u00edn del Casta\u00f1ar y Escurial de la Sierra.","robots":{"index":"index","follow":"follow","max-snippet":"max-snippet:-1","max-image-preview":"max-image-preview:large","max-video-preview":"max-video-preview:-1"},"canonical":"https:\/\/upbeat-carver.217-154-185-52.plesk.page\/naturaleza\/","og_locale":"es_ES","og_type":"article","og_title":"Naturaleza - Sierra de Francia","og_description":"Bosques de entornos como La Reserva de la Biosfera, el Parque Natural Las Batuecas-Sierra de Francia o el ZEC Quilamas y ZECs de San Mart\u00edn del Casta\u00f1ar y Escurial de la Sierra.","og_url":"https:\/\/upbeat-carver.217-154-185-52.plesk.page\/naturaleza\/","og_site_name":"Sierra de Francia","article_publisher":"https:\/\/www.facebook.com\/visitasierradefrancia\/","article_modified_time":"2024-07-17T08:49:39+00:00","og_image":[{"url":"https:\/\/upbeat-carver.217-154-185-52.plesk.page\/wp-content\/uploads\/2023\/09\/turismo-sierra-de-francia-cabecera-naturaleza-2.webp","type":"","width":"","height":""}],"twitter_card":"summary_large_image","twitter_site":"@visitaSF","twitter_misc":{"Tiempo de lectura":"2 minutos"},"schema":{"@context":"https:\/\/schema.org","@graph":[{"@type":"WebPage","@id":"https:\/\/upbeat-carver.217-154-185-52.plesk.page\/naturaleza\/","url":"https:\/\/upbeat-carver.217-154-185-52.plesk.page\/naturaleza\/","name":"Naturaleza - Sierra de Francia","isPartOf":{"@id":"https:\/\/upbeat-carver.217-154-185-52.plesk.page\/#website"},"primaryImageOfPage":{"@id":"https:\/\/upbeat-carver.217-154-185-52.plesk.page\/naturaleza\/#primaryimage"},"image":{"@id":"https:\/\/upbeat-carver.217-154-185-52.plesk.page\/naturaleza\/#primaryimage"},"thumbnailUrl":"https:\/\/upbeat-carver.217-154-185-52.plesk.page\/wp-content\/uploads\/2023\/09\/turismo-sierra-de-francia-cabecera-naturaleza-2.webp","datePublished":"2023-06-06T18:50:20+00:00","dateModified":"2024-07-17T08:49:39+00:00","description":"Bosques de entornos como La Reserva de la Biosfera, el Parque Natural Las Batuecas-Sierra de Francia o el ZEC Quilamas y ZECs de San Mart\u00edn del Casta\u00f1ar y Escurial de la Sierra.","breadcrumb":{"@id":"https:\/\/upbeat-carver.217-154-185-52.plesk.page\/naturaleza\/#breadcrumb"},"inLanguage":"es","potentialAction":[{"@type":"ReadAction","target":["https:\/\/upbeat-carver.217-154-185-52.plesk.page\/naturaleza\/"]}]},{"@type":"ImageObject","inLanguage":"es","@id":"https:\/\/upbeat-carver.217-154-185-52.plesk.page\/naturaleza\/#primaryimage","url":"https:\/\/upbeat-carver.217-154-185-52.plesk.page\/wp-content\/uploads\/2023\/09\/turismo-sierra-de-francia-cabecera-naturaleza-2.webp","contentUrl":"https:\/\/upbeat-carver.217-154-185-52.plesk.page\/wp-content\/uploads\/2023\/09\/turismo-sierra-de-francia-cabecera-naturaleza-2.webp","width":1800,"height":993,"caption":"Naturaleza en la Biosfera en la sierra de francia"},{"@type":"BreadcrumbList","@id":"https:\/\/upbeat-carver.217-154-185-52.plesk.page\/naturaleza\/#breadcrumb","itemListElement":[{"@type":"ListItem","position":1,"name":"Inicio","item":"https:\/\/upbeat-carver.217-154-185-52.plesk.page\/"},{"@type":"ListItem","position":2,"name":"Naturaleza"}]},{"@type":"WebSite","@id":"https:\/\/upbeat-carver.217-154-185-52.plesk.page\/#website","url":"https:\/\/upbeat-carver.217-154-185-52.plesk.page\/","name":"Sierra de Francia","description":"","publisher":{"@id":"https:\/\/upbeat-carver.217-154-185-52.plesk.page\/#organization"},"alternateName":"Turismo Sierra de Francia","potentialAction":[{"@type":"SearchAction","target":{"@type":"EntryPoint","urlTemplate":"https:\/\/upbeat-carver.217-154-185-52.plesk.page\/?s={search_term_string}"},"query-input":{"@type":"PropertyValueSpecification","valueRequired":true,"valueName":"search_term_string"}}],"inLanguage":"es"},{"@type":"Organization","@id":"https:\/\/upbeat-carver.217-154-185-52.plesk.page\/#organization","name":"Sierra de Francia","alternateName":"Turismo Sierra de Francia","url":"https:\/\/upbeat-carver.217-154-185-52.plesk.page\/","logo":{"@type":"ImageObject","inLanguage":"es","@id":"https:\/\/upbeat-carver.217-154-185-52.plesk.page\/#\/schema\/logo\/image\/","url":"https:\/\/upbeat-carver.217-154-185-52.plesk.page\/wp-content\/uploads\/2024\/04\/cropped-logo_redondo-removebg-preview.png","contentUrl":"https:\/\/upbeat-carver.217-154-185-52.plesk.page\/wp-content\/uploads\/2024\/04\/cropped-logo_redondo-removebg-preview.png","width":512,"height":512,"caption":"Sierra de Francia"},"image":{"@id":"https:\/\/upbeat-carver.217-154-185-52.plesk.page\/#\/schema\/logo\/image\/"},"sameAs":["https:\/\/www.facebook.com\/visitasierradefrancia\/","https:\/\/x.com\/visitaSF","https:\/\/www.instagram.com\/visitasierradefrancia\/","https:\/\/www.youtube.com\/@visitasierradefrancia"]}]}},"coauthors":[],"author_meta":{"author_link":"https:\/\/upbeat-carver.217-154-185-52.plesk.page\/?author=1","display_name":"admin"},"relative_dates":{"created":"Publicado 3 a\u00f1os hace","modified":"Actualizado 2 a\u00f1os hace"},"absolute_dates":{"created":"Publicado el 06\/06\/2023","modified":"Actualizado el 17\/07\/2024"},"absolute_dates_time":{"created":"Publicado el 06\/06\/2023 18:50","modified":"Actualizado el 17\/07\/2024 08:49"},"featured_img_caption":"","featured_img":false,"series_order":"","_links":{"self":[{"href":"https:\/\/upbeat-carver.217-154-185-52.plesk.page\/index.php?rest_route=\/wp\/v2\/pages\/3417","targetHints":{"allow":["GET"]}}],"collection":[{"href":"https:\/\/upbeat-carver.217-154-185-52.plesk.page\/index.php?rest_route=\/wp\/v2\/pages"}],"about":[{"href":"https:\/\/upbeat-carver.217-154-185-52.plesk.page\/index.php?rest_route=\/wp\/v2\/types\/page"}],"author":[{"embeddable":true,"href":"https:\/\/upbeat-carver.217-154-185-52.plesk.page\/index.php?rest_route=\/wp\/v2\/users\/1"}],"replies":[{"embeddable":true,"href":"https:\/\/upbeat-carver.217-154-185-52.plesk.page\/index.php?rest_route=%2Fwp%2Fv2%2Fcomments&post=3417"}],"version-history":[{"count":94,"href":"https:\/\/upbeat-carver.217-154-185-52.plesk.page\/index.php?rest_route=\/wp\/v2\/pages\/3417\/revisions"}],"predecessor-version":[{"id":17158,"href":"https:\/\/upbeat-carver.217-154-185-52.plesk.page\/index.php?rest_route=\/wp\/v2\/pages\/3417\/revisions\/17158"}],"wp:attachment":[{"href":"https:\/\/upbeat-carver.217-154-185-52.plesk.page\/index.php?rest_route=%2Fwp%2Fv2%2Fmedia&parent=3417"}],"curies":[{"name":"wp","href":"https:\/\/api.w.org\/{rel}","templated":true}]}}