{"id":3526,"date":"2023-06-06T20:14:39","date_gmt":"2023-06-06T20:14:39","guid":{"rendered":"https:\/\/upbeat-carver.217-154-185-52.plesk.page\/?page_id=3526"},"modified":"2024-07-19T09:46:54","modified_gmt":"2024-07-19T09:46:54","slug":"gastronomia","status":"publish","type":"page","link":"https:\/\/upbeat-carver.217-154-185-52.plesk.page\/?page_id=3526","title":{"rendered":"Gastronom\u00eda"},"content":{"rendered":"\n<div class=\"wp-block-group\"><div class=\"wp-block-group__inner-container is-layout-constrained wp-block-group-is-layout-constrained\">\n<a class=\"tic-subheader-image\" style=\"display:none\" href=\"https:\/\/upbeat-carver.217-154-185-52.plesk.page\/wp-content\/uploads\/2023\/12\/cabecera-gastronomia-2.webp\"><\/a>\n\n\n\n<p class=\"has-drop-cap tic-contenido-principal\">La<strong> Sierra de Francia<\/strong> es hoy un aut\u00e9ntico para\u00edso culinario esperando a ser explorado por los amantes de la buena comida. Este pintoresco rinc\u00f3n de la provincia de <strong>Salamanca<\/strong> esconde un tesoro gastron\u00f3mico que ha sido cuidadosamente transmitido de generaci\u00f3n en generaci\u00f3n, ofreciendo una experiencia culinaria \u00fanica en cada uno de sus encantadores pueblos.<\/p>\n\n\n\n<div class=\"wp-block-group tic-contenido-secundario-mosaic\"><div class=\"wp-block-group__inner-container is-layout-constrained wp-block-group-is-layout-constrained\">\n<p>Los secretos culinarios de la Sierra de Francia se desvelan a trav\u00e9s de ingredientes frescos y la calidad excepcional de sus productos locales. Aqu\u00ed, las recetas tradicionales han resistido el paso del tiempo, lo que significa que cada plato se prepara con un cari\u00f1o y una pasi\u00f3n por la comida que son verdaderamente inigualables.duradera a todos los que la visitan.<\/p>\n\n\n\n<p>Pero no podemos olvidar acompa\u00f1ar estas delicias culinarias con los excelentes vinos de Denominaci\u00f3n de Origen Protegida Sierra de Salamanca. Cada sorbo es una experiencia sensorial que complementa a la perfecci\u00f3n los sabores locales, creando una sinfon\u00eda gastron\u00f3mica que dejar\u00e1 una impresi\u00f3n imborrable en tu paladar.As\u00ed que, si eres un apasionado de la gastronom\u00eda, no puedes dejar de visitar la Sierra de Francia. Descubre los tesoros culinarios que se esconden en cada rinc\u00f3n de este hermoso lugar y d\u00e9jate llevar por una experiencia gastron\u00f3mica \u00fanica que te conectar\u00e1 con las tradiciones y el sabor aut\u00e9ntico de la Sierra de Francia.<\/p>\n<\/div><\/div>\n<\/div><\/div>\n\n\n\n<p class=\"has-text-align-center tic-cita\">\u00a1Te invitamos a descubrir los secretos culinarios de la Sierra de Francia y a degustar la variedad de sus platos y vinos!<\/p>\n\n\n\n<div style=\"height:30px\" aria-hidden=\"true\" class=\"wp-block-spacer\"><\/div>\n\n\n\n<div class=\"wp-block-group tic-content-mosaic\"><div class=\"wp-block-group__inner-container is-layout-constrained wp-block-group-is-layout-constrained\">\n<div class=\"wp-block-columns is-layout-flex wp-container-core-columns-is-layout-9d6595d7 wp-block-columns-is-layout-flex\">\n<div class=\"wp-block-column is-layout-flow wp-block-column-is-layout-flow\">\n<div class=\"wp-block-cover aligncenter is-light has-custom-content-position is-position-bottom-left tic-image-mosaic\"><span aria-hidden=\"true\" class=\"wp-block-cover__background has-background-dim-10 has-background-dim\"><\/span><img fetchpriority=\"high\" decoding=\"async\" width=\"1904\" height=\"1428\" class=\"wp-block-cover__image-background wp-image-7239\" alt=\"\" src=\"https:\/\/upbeat-carver.217-154-185-52.plesk.page\/wp-content\/uploads\/2023\/10\/WhatsApp-Imzarongolloage-2023-10-04-at-15.27.10-copia-2-1.webp\" data-object-fit=\"cover\" srcset=\"https:\/\/upbeat-carver.217-154-185-52.plesk.page\/wp-content\/uploads\/2023\/10\/WhatsApp-Imzarongolloage-2023-10-04-at-15.27.10-copia-2-1.webp 1904w, https:\/\/upbeat-carver.217-154-185-52.plesk.page\/wp-content\/uploads\/2023\/10\/WhatsApp-Imzarongolloage-2023-10-04-at-15.27.10-copia-2-1-300x225.webp 300w, https:\/\/upbeat-carver.217-154-185-52.plesk.page\/wp-content\/uploads\/2023\/10\/WhatsApp-Imzarongolloage-2023-10-04-at-15.27.10-copia-2-1-1024x768.webp 1024w, https:\/\/upbeat-carver.217-154-185-52.plesk.page\/wp-content\/uploads\/2023\/10\/WhatsApp-Imzarongolloage-2023-10-04-at-15.27.10-copia-2-1-768x576.webp 768w, https:\/\/upbeat-carver.217-154-185-52.plesk.page\/wp-content\/uploads\/2023\/10\/WhatsApp-Imzarongolloage-2023-10-04-at-15.27.10-copia-2-1-1536x1152.webp 1536w, https:\/\/upbeat-carver.217-154-185-52.plesk.page\/wp-content\/uploads\/2023\/10\/WhatsApp-Imzarongolloage-2023-10-04-at-15.27.10-copia-2-1-100x75.webp 100w, https:\/\/upbeat-carver.217-154-185-52.plesk.page\/wp-content\/uploads\/2023\/10\/WhatsApp-Imzarongolloage-2023-10-04-at-15.27.10-copia-2-1-960x720.webp 960w, https:\/\/upbeat-carver.217-154-185-52.plesk.page\/wp-content\/uploads\/2023\/10\/WhatsApp-Imzarongolloage-2023-10-04-at-15.27.10-copia-2-1-480x360.webp 480w\" sizes=\"(max-width:767px) 480px, (max-width:1904px) 100vw, 1904px\" \/><div class=\"wp-block-cover__inner-container is-layout-flow wp-block-cover-is-layout-flow\">\n<p class=\"has-text-align-left tic-link-mosaic has-medium-font-size\"><strong><a href=\"https:\/\/upbeat-carver.217-154-185-52.plesk.page\/gastronomia\/platos-tipicos\/\">Platos T\u00edpicos<\/a><\/strong><\/p>\n<\/div><\/div>\n<\/div>\n\n\n\n<div class=\"wp-block-column is-layout-flow wp-block-column-is-layout-flow\">\n<div class=\"wp-block-cover aligncenter is-light has-custom-content-position is-position-bottom-left tic-image-mosaic\"><span aria-hidden=\"true\" class=\"wp-block-cover__background has-background-dim-10 has-background-dim\"><\/span><img decoding=\"async\" width=\"1500\" height=\"844\" class=\"wp-block-cover__image-background wp-image-5767\" alt=\"\" src=\"https:\/\/upbeat-carver.217-154-185-52.plesk.page\/wp-content\/uploads\/2023\/09\/Postre-Tarta-Queso-copia-2.webp\" data-object-fit=\"cover\" srcset=\"https:\/\/upbeat-carver.217-154-185-52.plesk.page\/wp-content\/uploads\/2023\/09\/Postre-Tarta-Queso-copia-2.webp 1500w, https:\/\/upbeat-carver.217-154-185-52.plesk.page\/wp-content\/uploads\/2023\/09\/Postre-Tarta-Queso-copia-2-300x169.webp 300w, https:\/\/upbeat-carver.217-154-185-52.plesk.page\/wp-content\/uploads\/2023\/09\/Postre-Tarta-Queso-copia-2-1024x576.webp 1024w, https:\/\/upbeat-carver.217-154-185-52.plesk.page\/wp-content\/uploads\/2023\/09\/Postre-Tarta-Queso-copia-2-768x432.webp 768w, https:\/\/upbeat-carver.217-154-185-52.plesk.page\/wp-content\/uploads\/2023\/09\/Postre-Tarta-Queso-copia-2-133x75.webp 133w, https:\/\/upbeat-carver.217-154-185-52.plesk.page\/wp-content\/uploads\/2023\/09\/Postre-Tarta-Queso-copia-2-1200x675.webp 1200w, https:\/\/upbeat-carver.217-154-185-52.plesk.page\/wp-content\/uploads\/2023\/09\/Postre-Tarta-Queso-copia-2-480x270.webp 480w\" sizes=\"(max-width:767px) 480px, (max-width:1500px) 100vw, 1500px\" \/><div class=\"wp-block-cover__inner-container is-layout-flow wp-block-cover-is-layout-flow\">\n<p class=\"has-text-align-left tic-link-mosaic has-medium-font-size\"><strong><a href=\"https:\/\/upbeat-carver.217-154-185-52.plesk.page\/gastronomia\/reposteria\/\">Reposter\u00eda<\/a><\/strong><\/p>\n<\/div><\/div>\n<\/div>\n\n\n\n<div class=\"wp-block-column is-layout-flow wp-block-column-is-layout-flow\">\n<div class=\"wp-block-cover aligncenter has-custom-content-position is-position-bottom-left tic-image-mosaic\"><span aria-hidden=\"true\" class=\"wp-block-cover__background has-background-dim-10 has-background-dim\" style=\"background-color:#6a4c42\"><\/span><img decoding=\"async\" width=\"1900\" height=\"1069\" class=\"wp-block-cover__image-background wp-image-17231\" alt=\"menu gastronom\u00eda jam\u00f3n\" src=\"https:\/\/upbeat-carver.217-154-185-52.plesk.page\/wp-content\/uploads\/2024\/07\/menu-gastronomia-jamon.webp\" data-object-fit=\"cover\" srcset=\"https:\/\/upbeat-carver.217-154-185-52.plesk.page\/wp-content\/uploads\/2024\/07\/menu-gastronomia-jamon.webp 1900w, https:\/\/upbeat-carver.217-154-185-52.plesk.page\/wp-content\/uploads\/2024\/07\/menu-gastronomia-jamon-300x169.webp 300w, https:\/\/upbeat-carver.217-154-185-52.plesk.page\/wp-content\/uploads\/2024\/07\/menu-gastronomia-jamon-1024x576.webp 1024w, https:\/\/upbeat-carver.217-154-185-52.plesk.page\/wp-content\/uploads\/2024\/07\/menu-gastronomia-jamon-768x432.webp 768w, https:\/\/upbeat-carver.217-154-185-52.plesk.page\/wp-content\/uploads\/2024\/07\/menu-gastronomia-jamon-1536x864.webp 1536w, https:\/\/upbeat-carver.217-154-185-52.plesk.page\/wp-content\/uploads\/2024\/07\/menu-gastronomia-jamon-133x75.webp 133w, https:\/\/upbeat-carver.217-154-185-52.plesk.page\/wp-content\/uploads\/2024\/07\/menu-gastronomia-jamon-600x337.webp 600w, https:\/\/upbeat-carver.217-154-185-52.plesk.page\/wp-content\/uploads\/2024\/07\/menu-gastronomia-jamon-480x270.webp 480w\" sizes=\"(max-width:767px) 480px, (max-width:1900px) 100vw, 1900px\" \/><div class=\"wp-block-cover__inner-container is-layout-flow wp-block-cover-is-layout-flow\">\n<p class=\"has-text-align-left tic-link-mosaic has-medium-font-size\"><strong><a href=\"https:\/\/upbeat-carver.217-154-185-52.plesk.page\/gastronomia\/productos-locales\/\">Productos Locales<\/a><\/strong><\/p>\n<\/div><\/div>\n<\/div>\n<\/div>\n\n\n\n<div class=\"wp-block-columns is-layout-flex wp-container-core-columns-is-layout-9d6595d7 wp-block-columns-is-layout-flex\">\n<div class=\"wp-block-column is-layout-flow wp-block-column-is-layout-flow\">\n<div class=\"wp-block-cover aligncenter is-light has-custom-content-position is-position-bottom-left tic-image-mosaic\"><span aria-hidden=\"true\" class=\"wp-block-cover__background has-background-dim-10 has-background-dim\"><\/span><img loading=\"lazy\" decoding=\"async\" width=\"1900\" height=\"1069\" class=\"wp-block-cover__image-background wp-image-5912\" alt=\"\" src=\"https:\/\/upbeat-carver.217-154-185-52.plesk.page\/wp-content\/uploads\/2023\/09\/salamanca_gastronomia2-copia-2.webp\" style=\"object-position:67% 57%\" data-object-fit=\"cover\" data-object-position=\"67% 57%\" srcset=\"https:\/\/upbeat-carver.217-154-185-52.plesk.page\/wp-content\/uploads\/2023\/09\/salamanca_gastronomia2-copia-2.webp 1900w, https:\/\/upbeat-carver.217-154-185-52.plesk.page\/wp-content\/uploads\/2023\/09\/salamanca_gastronomia2-copia-2-300x169.webp 300w, https:\/\/upbeat-carver.217-154-185-52.plesk.page\/wp-content\/uploads\/2023\/09\/salamanca_gastronomia2-copia-2-1024x576.webp 1024w, https:\/\/upbeat-carver.217-154-185-52.plesk.page\/wp-content\/uploads\/2023\/09\/salamanca_gastronomia2-copia-2-768x432.webp 768w, https:\/\/upbeat-carver.217-154-185-52.plesk.page\/wp-content\/uploads\/2023\/09\/salamanca_gastronomia2-copia-2-1536x864.webp 1536w, https:\/\/upbeat-carver.217-154-185-52.plesk.page\/wp-content\/uploads\/2023\/09\/salamanca_gastronomia2-copia-2-133x75.webp 133w, https:\/\/upbeat-carver.217-154-185-52.plesk.page\/wp-content\/uploads\/2023\/09\/salamanca_gastronomia2-copia-2-1200x675.webp 1200w, https:\/\/upbeat-carver.217-154-185-52.plesk.page\/wp-content\/uploads\/2023\/09\/salamanca_gastronomia2-copia-2-480x270.webp 480w\" sizes=\"(max-width:767px) 480px, (max-width:1900px) 100vw, 1900px\" \/><div class=\"wp-block-cover__inner-container is-layout-flow wp-block-cover-is-layout-flow\">\n<p class=\"has-text-align-left tic-link-mosaic has-medium-font-size\"><strong><a href=\"https:\/\/upbeat-carver.217-154-185-52.plesk.page\/gastronomia\/restaurantes-y-bares\/\">Restaurantes y Bares<\/a><\/strong><\/p>\n<\/div><\/div>\n<\/div>\n\n\n\n<div class=\"wp-block-column is-layout-flow wp-block-column-is-layout-flow\">\n<div class=\"wp-block-cover aligncenter is-light has-custom-content-position is-position-bottom-left tic-image-mosaic\"><span aria-hidden=\"true\" class=\"wp-block-cover__background has-background-dim-10 has-background-dim\"><\/span><img loading=\"lazy\" decoding=\"async\" width=\"1900\" height=\"1069\" class=\"wp-block-cover__image-background wp-image-5909\" alt=\"\" src=\"https:\/\/upbeat-carver.217-154-185-52.plesk.page\/wp-content\/uploads\/2023\/09\/Salamanca-cata-de-vino-copia-2.webp\" style=\"object-position:62% 71%\" data-object-fit=\"cover\" data-object-position=\"62% 71%\" srcset=\"https:\/\/upbeat-carver.217-154-185-52.plesk.page\/wp-content\/uploads\/2023\/09\/Salamanca-cata-de-vino-copia-2.webp 1900w, https:\/\/upbeat-carver.217-154-185-52.plesk.page\/wp-content\/uploads\/2023\/09\/Salamanca-cata-de-vino-copia-2-300x169.webp 300w, https:\/\/upbeat-carver.217-154-185-52.plesk.page\/wp-content\/uploads\/2023\/09\/Salamanca-cata-de-vino-copia-2-1024x576.webp 1024w, https:\/\/upbeat-carver.217-154-185-52.plesk.page\/wp-content\/uploads\/2023\/09\/Salamanca-cata-de-vino-copia-2-768x432.webp 768w, https:\/\/upbeat-carver.217-154-185-52.plesk.page\/wp-content\/uploads\/2023\/09\/Salamanca-cata-de-vino-copia-2-1536x864.webp 1536w, https:\/\/upbeat-carver.217-154-185-52.plesk.page\/wp-content\/uploads\/2023\/09\/Salamanca-cata-de-vino-copia-2-133x75.webp 133w, https:\/\/upbeat-carver.217-154-185-52.plesk.page\/wp-content\/uploads\/2023\/09\/Salamanca-cata-de-vino-copia-2-1200x675.webp 1200w, https:\/\/upbeat-carver.217-154-185-52.plesk.page\/wp-content\/uploads\/2023\/09\/Salamanca-cata-de-vino-copia-2-480x270.webp 480w\" sizes=\"(max-width:767px) 480px, (max-width:1900px) 100vw, 1900px\" \/><div class=\"wp-block-cover__inner-container is-layout-flow wp-block-cover-is-layout-flow\">\n<p class=\"has-text-align-left tic-link-mosaic has-medium-font-size\"><strong><a href=\"https:\/\/upbeat-carver.217-154-185-52.plesk.page\/gastronomia\/enoturismo-sostenible\/\">Enoturismo Sostenible<\/a><\/strong><\/p>\n<\/div><\/div>\n<\/div>\n<\/div>\n<\/div><\/div>\n","protected":false},"excerpt":{"rendered":"<p>La Sierra de Francia es hoy un aut\u00e9ntico para\u00edso culinario esperando a ser explorado por los amantes de la buena&hellip; <a class=\"continue\" href=\"https:\/\/upbeat-carver.217-154-185-52.plesk.page\/?page_id=3526\">Seguir leyendo<span> Gastronom\u00eda<\/span><\/a><\/p>\n","protected":false},"author":1,"featured_media":0,"parent":0,"menu_order":0,"comment_status":"closed","ping_status":"closed","template":"","meta":{"advgb_blocks_editor_width":"","advgb_blocks_columns_visual_guide":"","footnotes":""},"class_list":["post-3526","page","type-page","status-publish","hentry"],"yoast_head":"<!-- This site is optimized with the Yoast SEO plugin v27.2 - https:\/\/yoast.com\/product\/yoast-seo-wordpress\/ -->\n<title>Gastronom\u00eda - Sierra de Francia<\/title>\n<meta name=\"description\" content=\"La gastronom\u00eda de la Sierra de Francia se basa en los productos del lugar y en la tradici\u00f3n. una cocina sencilla de origen humilde, pero de gran calidad.\" \/>\n<meta name=\"robots\" content=\"index, follow, max-snippet:-1, max-image-preview:large, max-video-preview:-1\" \/>\n<link rel=\"canonical\" href=\"https:\/\/upbeat-carver.217-154-185-52.plesk.page\/gastronomia\/\" \/>\n<meta property=\"og:locale\" content=\"es_ES\" \/>\n<meta property=\"og:type\" content=\"article\" \/>\n<meta property=\"og:title\" content=\"Gastronom\u00eda - Sierra de Francia\" \/>\n<meta property=\"og:description\" content=\"La gastronom\u00eda de la Sierra de Francia se basa en los productos del lugar y en la tradici\u00f3n. una cocina sencilla de origen humilde, pero de gran calidad.\" \/>\n<meta property=\"og:url\" content=\"https:\/\/upbeat-carver.217-154-185-52.plesk.page\/gastronomia\/\" \/>\n<meta property=\"og:site_name\" content=\"Sierra de Francia\" \/>\n<meta property=\"article:publisher\" content=\"https:\/\/www.facebook.com\/visitasierradefrancia\/\" \/>\n<meta property=\"article:modified_time\" content=\"2024-07-19T09:46:54+00:00\" \/>\n<meta property=\"og:image\" content=\"https:\/\/upbeat-carver.217-154-185-52.plesk.page\/wp-content\/uploads\/2023\/10\/WhatsApp-Imzarongolloage-2023-10-04-at-15.27.10-copia-2-1.webp\" \/>\n<meta name=\"twitter:card\" content=\"summary_large_image\" \/>\n<meta name=\"twitter:site\" content=\"@visitaSF\" \/>\n<meta name=\"twitter:label1\" content=\"Tiempo de lectura\" \/>\n\t<meta name=\"twitter:data1\" content=\"3 minutos\" \/>\n<script type=\"application\/ld+json\" class=\"yoast-schema-graph\">{\"@context\":\"https:\/\/schema.org\",\"@graph\":[{\"@type\":\"WebPage\",\"@id\":\"https:\/\/upbeat-carver.217-154-185-52.plesk.page\/gastronomia\/\",\"url\":\"https:\/\/upbeat-carver.217-154-185-52.plesk.page\/gastronomia\/\",\"name\":\"Gastronom\u00eda - Sierra de Francia\",\"isPartOf\":{\"@id\":\"https:\/\/upbeat-carver.217-154-185-52.plesk.page\/#website\"},\"primaryImageOfPage\":{\"@id\":\"https:\/\/upbeat-carver.217-154-185-52.plesk.page\/gastronomia\/#primaryimage\"},\"image\":{\"@id\":\"https:\/\/upbeat-carver.217-154-185-52.plesk.page\/gastronomia\/#primaryimage\"},\"thumbnailUrl\":\"https:\/\/upbeat-carver.217-154-185-52.plesk.page\/wp-content\/uploads\/2023\/10\/WhatsApp-Imzarongolloage-2023-10-04-at-15.27.10-copia-2-1.webp\",\"datePublished\":\"2023-06-06T20:14:39+00:00\",\"dateModified\":\"2024-07-19T09:46:54+00:00\",\"description\":\"La gastronom\u00eda de la Sierra de Francia se basa en los productos del lugar y en la tradici\u00f3n. una cocina sencilla de origen humilde, pero de gran calidad.\",\"breadcrumb\":{\"@id\":\"https:\/\/upbeat-carver.217-154-185-52.plesk.page\/gastronomia\/#breadcrumb\"},\"inLanguage\":\"es\",\"potentialAction\":[{\"@type\":\"ReadAction\",\"target\":[\"https:\/\/upbeat-carver.217-154-185-52.plesk.page\/gastronomia\/\"]}]},{\"@type\":\"ImageObject\",\"inLanguage\":\"es\",\"@id\":\"https:\/\/upbeat-carver.217-154-185-52.plesk.page\/gastronomia\/#primaryimage\",\"url\":\"https:\/\/upbeat-carver.217-154-185-52.plesk.page\/wp-content\/uploads\/2023\/10\/WhatsApp-Imzarongolloage-2023-10-04-at-15.27.10-copia-2-1.webp\",\"contentUrl\":\"https:\/\/upbeat-carver.217-154-185-52.plesk.page\/wp-content\/uploads\/2023\/10\/WhatsApp-Imzarongolloage-2023-10-04-at-15.27.10-copia-2-1.webp\",\"width\":1904,\"height\":1428},{\"@type\":\"BreadcrumbList\",\"@id\":\"https:\/\/upbeat-carver.217-154-185-52.plesk.page\/gastronomia\/#breadcrumb\",\"itemListElement\":[{\"@type\":\"ListItem\",\"position\":1,\"name\":\"Inicio\",\"item\":\"https:\/\/upbeat-carver.217-154-185-52.plesk.page\/\"},{\"@type\":\"ListItem\",\"position\":2,\"name\":\"Gastronom\u00eda\"}]},{\"@type\":\"WebSite\",\"@id\":\"https:\/\/upbeat-carver.217-154-185-52.plesk.page\/#website\",\"url\":\"https:\/\/upbeat-carver.217-154-185-52.plesk.page\/\",\"name\":\"Sierra de Francia\",\"description\":\"\",\"publisher\":{\"@id\":\"https:\/\/upbeat-carver.217-154-185-52.plesk.page\/#organization\"},\"alternateName\":\"Turismo Sierra de Francia\",\"potentialAction\":[{\"@type\":\"SearchAction\",\"target\":{\"@type\":\"EntryPoint\",\"urlTemplate\":\"https:\/\/upbeat-carver.217-154-185-52.plesk.page\/?s={search_term_string}\"},\"query-input\":{\"@type\":\"PropertyValueSpecification\",\"valueRequired\":true,\"valueName\":\"search_term_string\"}}],\"inLanguage\":\"es\"},{\"@type\":\"Organization\",\"@id\":\"https:\/\/upbeat-carver.217-154-185-52.plesk.page\/#organization\",\"name\":\"Sierra de Francia\",\"alternateName\":\"Turismo Sierra de Francia\",\"url\":\"https:\/\/upbeat-carver.217-154-185-52.plesk.page\/\",\"logo\":{\"@type\":\"ImageObject\",\"inLanguage\":\"es\",\"@id\":\"https:\/\/upbeat-carver.217-154-185-52.plesk.page\/#\/schema\/logo\/image\/\",\"url\":\"https:\/\/upbeat-carver.217-154-185-52.plesk.page\/wp-content\/uploads\/2024\/04\/cropped-logo_redondo-removebg-preview.png\",\"contentUrl\":\"https:\/\/upbeat-carver.217-154-185-52.plesk.page\/wp-content\/uploads\/2024\/04\/cropped-logo_redondo-removebg-preview.png\",\"width\":512,\"height\":512,\"caption\":\"Sierra de Francia\"},\"image\":{\"@id\":\"https:\/\/upbeat-carver.217-154-185-52.plesk.page\/#\/schema\/logo\/image\/\"},\"sameAs\":[\"https:\/\/www.facebook.com\/visitasierradefrancia\/\",\"https:\/\/x.com\/visitaSF\",\"https:\/\/www.instagram.com\/visitasierradefrancia\/\",\"https:\/\/www.youtube.com\/@visitasierradefrancia\"]}]}<\/script>\n<!-- \/ Yoast SEO plugin. -->","yoast_head_json":{"title":"Gastronom\u00eda - Sierra de Francia","description":"La gastronom\u00eda de la Sierra de Francia se basa en los productos del lugar y en la tradici\u00f3n. una cocina sencilla de origen humilde, pero de gran calidad.","robots":{"index":"index","follow":"follow","max-snippet":"max-snippet:-1","max-image-preview":"max-image-preview:large","max-video-preview":"max-video-preview:-1"},"canonical":"https:\/\/upbeat-carver.217-154-185-52.plesk.page\/gastronomia\/","og_locale":"es_ES","og_type":"article","og_title":"Gastronom\u00eda - Sierra de Francia","og_description":"La gastronom\u00eda de la Sierra de Francia se basa en los productos del lugar y en la tradici\u00f3n. una cocina sencilla de origen humilde, pero de gran calidad.","og_url":"https:\/\/upbeat-carver.217-154-185-52.plesk.page\/gastronomia\/","og_site_name":"Sierra de Francia","article_publisher":"https:\/\/www.facebook.com\/visitasierradefrancia\/","article_modified_time":"2024-07-19T09:46:54+00:00","og_image":[{"url":"https:\/\/upbeat-carver.217-154-185-52.plesk.page\/wp-content\/uploads\/2023\/10\/WhatsApp-Imzarongolloage-2023-10-04-at-15.27.10-copia-2-1.webp","type":"","width":"","height":""}],"twitter_card":"summary_large_image","twitter_site":"@visitaSF","twitter_misc":{"Tiempo de lectura":"3 minutos"},"schema":{"@context":"https:\/\/schema.org","@graph":[{"@type":"WebPage","@id":"https:\/\/upbeat-carver.217-154-185-52.plesk.page\/gastronomia\/","url":"https:\/\/upbeat-carver.217-154-185-52.plesk.page\/gastronomia\/","name":"Gastronom\u00eda - Sierra de Francia","isPartOf":{"@id":"https:\/\/upbeat-carver.217-154-185-52.plesk.page\/#website"},"primaryImageOfPage":{"@id":"https:\/\/upbeat-carver.217-154-185-52.plesk.page\/gastronomia\/#primaryimage"},"image":{"@id":"https:\/\/upbeat-carver.217-154-185-52.plesk.page\/gastronomia\/#primaryimage"},"thumbnailUrl":"https:\/\/upbeat-carver.217-154-185-52.plesk.page\/wp-content\/uploads\/2023\/10\/WhatsApp-Imzarongolloage-2023-10-04-at-15.27.10-copia-2-1.webp","datePublished":"2023-06-06T20:14:39+00:00","dateModified":"2024-07-19T09:46:54+00:00","description":"La gastronom\u00eda de la Sierra de Francia se basa en los productos del lugar y en la tradici\u00f3n. una cocina sencilla de origen humilde, pero de gran calidad.","breadcrumb":{"@id":"https:\/\/upbeat-carver.217-154-185-52.plesk.page\/gastronomia\/#breadcrumb"},"inLanguage":"es","potentialAction":[{"@type":"ReadAction","target":["https:\/\/upbeat-carver.217-154-185-52.plesk.page\/gastronomia\/"]}]},{"@type":"ImageObject","inLanguage":"es","@id":"https:\/\/upbeat-carver.217-154-185-52.plesk.page\/gastronomia\/#primaryimage","url":"https:\/\/upbeat-carver.217-154-185-52.plesk.page\/wp-content\/uploads\/2023\/10\/WhatsApp-Imzarongolloage-2023-10-04-at-15.27.10-copia-2-1.webp","contentUrl":"https:\/\/upbeat-carver.217-154-185-52.plesk.page\/wp-content\/uploads\/2023\/10\/WhatsApp-Imzarongolloage-2023-10-04-at-15.27.10-copia-2-1.webp","width":1904,"height":1428},{"@type":"BreadcrumbList","@id":"https:\/\/upbeat-carver.217-154-185-52.plesk.page\/gastronomia\/#breadcrumb","itemListElement":[{"@type":"ListItem","position":1,"name":"Inicio","item":"https:\/\/upbeat-carver.217-154-185-52.plesk.page\/"},{"@type":"ListItem","position":2,"name":"Gastronom\u00eda"}]},{"@type":"WebSite","@id":"https:\/\/upbeat-carver.217-154-185-52.plesk.page\/#website","url":"https:\/\/upbeat-carver.217-154-185-52.plesk.page\/","name":"Sierra de Francia","description":"","publisher":{"@id":"https:\/\/upbeat-carver.217-154-185-52.plesk.page\/#organization"},"alternateName":"Turismo Sierra de Francia","potentialAction":[{"@type":"SearchAction","target":{"@type":"EntryPoint","urlTemplate":"https:\/\/upbeat-carver.217-154-185-52.plesk.page\/?s={search_term_string}"},"query-input":{"@type":"PropertyValueSpecification","valueRequired":true,"valueName":"search_term_string"}}],"inLanguage":"es"},{"@type":"Organization","@id":"https:\/\/upbeat-carver.217-154-185-52.plesk.page\/#organization","name":"Sierra de Francia","alternateName":"Turismo Sierra de Francia","url":"https:\/\/upbeat-carver.217-154-185-52.plesk.page\/","logo":{"@type":"ImageObject","inLanguage":"es","@id":"https:\/\/upbeat-carver.217-154-185-52.plesk.page\/#\/schema\/logo\/image\/","url":"https:\/\/upbeat-carver.217-154-185-52.plesk.page\/wp-content\/uploads\/2024\/04\/cropped-logo_redondo-removebg-preview.png","contentUrl":"https:\/\/upbeat-carver.217-154-185-52.plesk.page\/wp-content\/uploads\/2024\/04\/cropped-logo_redondo-removebg-preview.png","width":512,"height":512,"caption":"Sierra de Francia"},"image":{"@id":"https:\/\/upbeat-carver.217-154-185-52.plesk.page\/#\/schema\/logo\/image\/"},"sameAs":["https:\/\/www.facebook.com\/visitasierradefrancia\/","https:\/\/x.com\/visitaSF","https:\/\/www.instagram.com\/visitasierradefrancia\/","https:\/\/www.youtube.com\/@visitasierradefrancia"]}]}},"coauthors":[],"author_meta":{"author_link":"https:\/\/upbeat-carver.217-154-185-52.plesk.page\/?author=1","display_name":"admin"},"relative_dates":{"created":"Publicado 3 a\u00f1os hace","modified":"Actualizado 2 a\u00f1os hace"},"absolute_dates":{"created":"Publicado el 06\/06\/2023","modified":"Actualizado el 19\/07\/2024"},"absolute_dates_time":{"created":"Publicado el 06\/06\/2023 20:14","modified":"Actualizado el 19\/07\/2024 09:46"},"featured_img_caption":"","featured_img":false,"series_order":"","_links":{"self":[{"href":"https:\/\/upbeat-carver.217-154-185-52.plesk.page\/index.php?rest_route=\/wp\/v2\/pages\/3526","targetHints":{"allow":["GET"]}}],"collection":[{"href":"https:\/\/upbeat-carver.217-154-185-52.plesk.page\/index.php?rest_route=\/wp\/v2\/pages"}],"about":[{"href":"https:\/\/upbeat-carver.217-154-185-52.plesk.page\/index.php?rest_route=\/wp\/v2\/types\/page"}],"author":[{"embeddable":true,"href":"https:\/\/upbeat-carver.217-154-185-52.plesk.page\/index.php?rest_route=\/wp\/v2\/users\/1"}],"replies":[{"embeddable":true,"href":"https:\/\/upbeat-carver.217-154-185-52.plesk.page\/index.php?rest_route=%2Fwp%2Fv2%2Fcomments&post=3526"}],"version-history":[{"count":58,"href":"https:\/\/upbeat-carver.217-154-185-52.plesk.page\/index.php?rest_route=\/wp\/v2\/pages\/3526\/revisions"}],"predecessor-version":[{"id":17232,"href":"https:\/\/upbeat-carver.217-154-185-52.plesk.page\/index.php?rest_route=\/wp\/v2\/pages\/3526\/revisions\/17232"}],"wp:attachment":[{"href":"https:\/\/upbeat-carver.217-154-185-52.plesk.page\/index.php?rest_route=%2Fwp%2Fv2%2Fmedia&parent=3526"}],"curies":[{"name":"wp","href":"https:\/\/api.w.org\/{rel}","templated":true}]}}