{"id":4432,"date":"2023-06-27T17:29:19","date_gmt":"2023-06-27T17:29:19","guid":{"rendered":"https:\/\/upbeat-carver.217-154-185-52.plesk.page\/?page_id=4432"},"modified":"2025-01-27T09:23:04","modified_gmt":"2025-01-27T09:23:04","slug":"como-llegar","status":"publish","type":"page","link":"https:\/\/upbeat-carver.217-154-185-52.plesk.page\/?page_id=4432","title":{"rendered":"\u00bfC\u00f3mo Llegar?"},"content":{"rendered":"\n<a class=\"tic-subheader-image\" style=\"display:none\" href=\"https:\/\/upbeat-carver.217-154-185-52.plesk.page\/wp-content\/uploads\/2023\/11\/cabe.como_.llegar.webp\"><\/a>\n\n\n\n<div style=\"height:30px\" aria-hidden=\"true\" class=\"wp-block-spacer\"><\/div>\n\n\n\n<div class=\"wp-block-group tic-page-content\"><div class=\"wp-block-group__inner-container is-layout-constrained wp-block-group-is-layout-constrained\">\n<p class=\"has-drop-cap tic-contenido-principal\">La <strong>Sierra Francia<\/strong> se encuentra al suroeste de la Provincia de <strong>Salamanca<\/strong>, limitando con la comarca de las Hurdes en la provincia de C\u00e1ceres. La mejor manera de llegar a cualquiera de sus municipios es por carretera, aunque tambi\u00e9n a\u00f1adimos informaci\u00f3n de como llegar a Salamanca capital tanto por tren, autob\u00fas como por avi\u00f3n.<\/p>\n\n\n\n<p class=\"tic-content-mosaic-page\">Hemos creado este mapa interactivo donde se puede localizar todos los municipios que forman parte del <strong><a href=\"https:\/\/upbeat-carver.217-154-185-52.plesk.page\/plan-de-sostenibilidad\/\"><strong>Plan de Sostenibilidad Tur\u00edstica del Destino Sierra de Francia<\/strong>.<\/a><\/strong> Tiene un buscador para localizar cualquiera de los municipios, con datos como de inter\u00e9s como tel\u00e9fonos, direcciones&#8230; Si pulsas en <em>Como llegar<\/em> ver\u00e1s la informaci\u00f3n de la ruta elegida para llegar a la Sierra de Francia.<\/p>\n\n\n\n<div style=\"height:50px\" aria-hidden=\"true\" class=\"wp-block-spacer\"><\/div>\n\n\n<style type=\"text\/css\">\n    .asl-cont .sl-direction, .asl-buttons .directions {display: none !important;}.asl-buttons .zoomhere {display: none !important;}.asl-p-cont .asl-print-btn,.asl-cont .asl-print-btn {display: none !important;}    @media(max-width:991px){\n        #asl-storelocator.asl-cont .asl-panel {order: 0;}\n    }\n<\/style>\n<section id=\"asl-storelocator\" class=\"asl-cont asl-template-3 asl-layout-0 asl-bg-9  asl-text-0\">\n    <div class=\"asl-wrapper mb-5\">\n        <div class=\"sl-container-fluid\">\n                                    <div class=\"sl-row\">\n                <div class=\"pol-12\">\n                    <div class=\"sl-main-cont\">\n                        <div class=\"sl-row no-gutters\">\n                            <div id=\"asl-panel\" class=\"asl-panel pol-md-6 pol-lg-5 pol-xl-4\">\n                                <div class=\"asl-overlay\" id=\"map-loading\">\n                                  <div class=\"white\"><\/div>\n                                    <div class=\"sl-loading\">\n                                        <i class=\"animate-sl-spin icon-spin3\"><\/i>\n                                        Cargando                                    <\/div>\n                                <\/div>\n                                <div class=\"asl-filter-sec hide\"><\/div>\n                                <!-- list -->\n                                <div class=\"asl-panel-inner\">\n                                    <div class=\"sl-filter-sec\">\n                                        <div class=\"asl-addr-search\">\n                                            <input value=\"\" id=\"sl-main-search\" type=\"text\" class=\"asl-search-name form-control\" placeholder=\"Introduce tu direcci\u00f3n\">\n                                            <span class=\"sl-search-btn\"><i title=\"Buscar\" class=\"icon-search\"><\/i><\/span>\n                                        <\/div>  \n                                    <\/div>\n                                    <div class=\"asl-filter-tabs media\">\n                                        <div class=\"input-group\">\n                                            <ul class=\"sl-filt-a-list nav nav-pills\" role=\"tablist\"><\/ul>  \n                                            <div class=\"input-group-append\">\n                                                <div class=\"aswth-btn hide\">\n                                                    <span class=\"aswth\">\n                                                        <input type=\"checkbox\" class=\"aswth-input\" id=\"aswth-id\" checked>\n                                                        <label for=\"aswth-id\"><\/label>\n                                                        <div class=\"aswth-text\">\n                                                            <div class=\"contentA\">ABIERTO<\/div>\n                                                            <div class=\"contentB\">TODOS<\/div>\n                                                        <\/div>\n                                                    <\/span>\n                                                <\/div>\n                                            <\/div>\n                                        <\/div>\n                                    <\/div>\n                                    <div class=\"sl-main-cont-box\">\n                                        <div id=\"asl-list\" class=\"sl-list-wrapper\">\n                                            <ul id=\"p-statelist\" class=\"sl-list\">\n                                            <\/ul>\n                                        <\/div>\n                                    <\/div>\n                                <\/div>\n\n                                <div class=\"directions-cont hide\">\n                                    <div class=\"agile-modal-header\">\n                                        <button type=\"button\" class=\"close\"><span aria-hidden=\"true\">\u00d7<\/span><\/button>\n                                        <h4>Direcci\u00f3n de la tienda<\/h4>\n                                    <\/div>\n                                    <div class=\"rendered-directions\" id=\"asl-rendered-dir\" style=\"direction: ltr;\"><\/div>\n                                <\/div>\n                            <\/div>\n                            <div class=\"pol-md-6 pol-xl-8 pol-lg-7 asl-map\">\n                                <div class=\"map-image\">\n                                    <div id=\"asl-map-canv\" class=\"asl-map-canv\"><\/div>\n                                    \n                                    <div id=\"agile-modal-direction\" class=\"agile-modal fade\">\n    <div class=\"agile-modal-backdrop-in\"><\/div>\n    <div class=\"agile-modal-dialog in\">\n        <div class=\"agile-modal-content\">\n            <div class=\"sl-form-group d-flex justify-content-between\">\n                <h4>Obtenga su direcci\u00f3n<\/h4>\n                <button type=\"button\" class=\"close-directions sl-close\" data-dismiss=\"agile-modal\" aria-label=\"Close\">&times;<\/button>\n            <\/div>\n            <div class=\"sl-form-group\">\n                <label for=\"frm-lbl\">Desde:<\/label>\n                <input type=\"text\" class=\"form-control frm-place\" id=\"frm-lbl\" placeholder=\"Ingrese una ubicaci\u00f3n\">\n            <\/div>\n            <div class=\"sl-form-group\">\n                <label for=\"frm-lbl\">A:<\/label>\n                <input readonly=\"true\" type=\"text\"  class=\"directions-to form-control\" id=\"to-lbl\" placeholder=\"Direcci\u00f3n de destino rellenada previamente\">\n            <\/div>\n            <div class=\"sl-form-group mb-0\">\n                <label class=\"checkbox-inline\">\n                    <input type=\"radio\" name=\"dist-type\"  id=\"rbtn-km\" value=\"0\"> kil\u00f3metros                <\/label>\n                <label class=\"checkbox-inline\">\n                    <input type=\"radio\" name=\"dist-type\" checked id=\"rbtn-mile\" value=\"1\"> Milla                <\/label>\n            <\/div>\n            <div class=\"sl-form-group mb-0\">\n                <button type=\"submit\" class=\"btn btn-default btn-submit\">Como llegar<\/button>\n            <\/div>\n        <\/div>\n    <\/div>\n<\/div>\n\n<div id=\"asl-geolocation-agile-modal\" class=\"agile-modal fade\">\n  <div class=\"agile-modal-backdrop-in\"><\/div>\n  <div class=\"agile-modal-dialog in\">\n    <div class=\"agile-modal-content\">\n            <div class=\"sl-form-group d-flex justify-content-between\">\n        <h5>Usar mi ubicaci\u00f3n para encontrar el proveedor de servicios m\u00e1s cercano cerca de m\u00ed<\/h5>\n        <button type=\"button\" class=\"close-directions sl-close\" data-dismiss=\"agile-modal\" aria-label=\"Close\" aria-hidden=\"true\">&times;<\/button>\n      <\/div>\n      <div class=\"sl-form-group text-center mb-0\">\n        <button type=\"button\" id=\"asl-btn-geolocation\" class=\"btn btn-block btn-default\">uso Localizaci\u00f3n<\/button>\n      <\/div>\n          <\/div>\n  <\/div>\n<\/div>\n\n<div id=\"asl-desc-agile-modal\" class=\"agile-modal fade\">\n  <div class=\"agile-modal-backdrop-in\"><\/div>\n  <div class=\"agile-modal-dialog in\">\n    <div class=\"agile-modal-content\">\n      <div class=\"sl-row\">\n        <div class=\"pol-md-12\">\n          <div class=\"sl-form-group d-flex justify-content-between\">\n            <h4 class=\"sl-title\"><\/h4>\n            <button type=\"button\" class=\"close-directions sl-close\" data-dismiss=\"agile-modal\" aria-label=\"Close\">&times;<\/button>\n          <\/div>\n          <p class=\"sl-desc\"><\/p>\n        <\/div>\n      <\/div>\n    <\/div>\n  <\/div>\n<\/div>                                <\/div>\n                            <\/div>\n                        <\/div>\n                    <\/div>\n                <\/div>\n            <\/div>\n        <\/div> \n    <\/div>\n<\/section>\n<!-- This plugin is developed by \"Agile Store Locator for WordPress\" https:\/\/agilestorelocator.com -->\n\n\n\n<div style=\"height:30px\" aria-hidden=\"true\" class=\"wp-block-spacer\"><\/div>\n\n\n\n<div class=\"wp-block-group\"><div class=\"wp-block-group__inner-container is-layout-constrained wp-block-group-is-layout-constrained\">\n<p class=\"tic-titulo-secundario\"><strong>Por carretera<\/strong><\/p>\n\n\n\n<hr class=\"wp-block-separator has-alpha-channel-opacity\"\/>\n\n\n\n<p>Para llegar a la Sierra de Francia la distancia var\u00eda seg\u00fan el punto de partida. En t\u00e9rminos generales, se encuentra a unos 60 kil\u00f3metros de Salamanca capital, a menos de 100 kil\u00f3metros de Portugal, a 150 kil\u00f3metros de C\u00e1ceres, a 200 kil\u00f3metros de Valladolid y a 250 kil\u00f3metros de Madrid. Dada la extensi\u00f3n que abarcan los 30 municipios incluidos en el Plan de Sostenibilidad Tur\u00edstica de la Sierra de Francia, hay varias carreteras que nos conducen a ellos.<\/p>\n\n\n\n<p><strong><em>Desde Salamanca<\/em><\/strong>, tomaremos la carretera CL-512 hasta Vecinos. A un kil\u00f3metro de distancia aproximadamente, encontraremos una bifurcaci\u00f3n que nos ofrece dos opciones:<\/p>\n\n\n\n<div class=\"wp-block-group is-nowrap is-layout-flex wp-container-core-group-is-layout-ad2f72ca wp-block-group-is-layout-flex\">\n<ul class=\"wp-block-list\">\n<li>Seguir por la carretera SA-205 que nos lleva a Linares de Riofr\u00edo.<\/li>\n\n\n\n<li>Optar por la carretera SA-210, que nos dirige hacia Tamames. Desde aqu\u00ed, tendremos dos opciones adicionales: Continuar por la <strong>carretera SA-201<\/strong> hacia El Cabaco o Tomar la <strong>carretera SA-215<\/strong>, que nos lleva a San Miguel de Robledo, Sequeros, Villanueva del Conde y Garcibuey.<\/li>\n<\/ul>\n<\/div>\n\n\n\n<p>Para quienes llegan&nbsp;<strong><em>desde Extremadura<\/em><\/strong> existen tres opciones, seg\u00fan el punto de entrada a la provincia de Salamanca:<\/p>\n\n\n\n<div class=\"wp-block-group is-nowrap is-layout-flex wp-container-core-group-is-layout-ad2f72ca wp-block-group-is-layout-flex\">\n<ul class=\"wp-block-list\">\n<li>Desde Portugal y Ciudad Rodrigo, tomar la carretera SA-220 hasta El Maillo.<\/li>\n\n\n\n<li>Desde Guijuelo, seguir por la carretera DSA-230 o bien por la SA-214 hasta Linares de Riofr\u00edo.<\/li>\n\n\n\n<li>Si se viaja por la Autov\u00eda A-66, desviarse en B\u00e9jar hacia la carretera SA-220 hasta la bifurcaci\u00f3n que conduce a Santib\u00e1\u00f1ez de la Sierra, San Esteban de la Sierra y Linares de Riofr\u00edo.<\/li>\n<\/ul>\n<\/div>\n\n\n\n<p>Para quienes llegan a Salamanca desde la carretera EX-204, continuar por la SA-225 hasta Sotoserrano.<\/p>\n\n\n\n<p><strong><em>Desde Las Mestas<\/em><\/strong>, parte la carretera CC-167 que contin\u00faa por la SA-201 hasta La Alberca.<\/p>\n\n\n\n<p class=\"has-text-align-left\"><strong>Para m\u00e1s informaci\u00f3n y ayuda en carretera, puedes llamar al 011.<\/strong><\/p>\n\n\n\n<div style=\"height:15px\" aria-hidden=\"true\" class=\"wp-block-spacer\"><\/div>\n\n\n<div class=\"wp-block-image\">\n<figure class=\"aligncenter size-full\"><img fetchpriority=\"high\" decoding=\"async\" width=\"800\" height=\"284\" src=\"https:\/\/upbeat-carver.217-154-185-52.plesk.page\/wp-content\/uploads\/2024\/05\/logo-carretera-4-copia-mil.webp\" alt=\"se\u00f1al sierra de francia\" class=\"wp-image-14728\" style=\"object-fit:cover\" srcset=\"https:\/\/upbeat-carver.217-154-185-52.plesk.page\/wp-content\/uploads\/2024\/05\/logo-carretera-4-copia-mil.webp 800w, https:\/\/upbeat-carver.217-154-185-52.plesk.page\/wp-content\/uploads\/2024\/05\/logo-carretera-4-copia-mil-300x107.webp 300w, https:\/\/upbeat-carver.217-154-185-52.plesk.page\/wp-content\/uploads\/2024\/05\/logo-carretera-4-copia-mil-768x273.webp 768w, https:\/\/upbeat-carver.217-154-185-52.plesk.page\/wp-content\/uploads\/2024\/05\/logo-carretera-4-copia-mil-150x53.webp 150w, https:\/\/upbeat-carver.217-154-185-52.plesk.page\/wp-content\/uploads\/2024\/05\/logo-carretera-4-copia-mil-480x170.webp 480w\" sizes=\"(max-width:767px) 480px, (max-width:800px) 100vw, 800px\" \/><\/figure>\n<\/div><\/div><\/div>\n\n\n\n<div style=\"height:15px\" aria-hidden=\"true\" class=\"wp-block-spacer\"><\/div>\n\n\n\n<div class=\"wp-block-group\"><div class=\"wp-block-group__inner-container is-layout-constrained wp-block-group-is-layout-constrained\">\n<p class=\"tic-titulo-secundario\"><strong>En autob\u00fas<\/strong><\/p>\n\n\n\n<hr class=\"wp-block-separator has-alpha-channel-opacity\"\/>\n\n\n\n<p>La forma m\u00e1s conveniente de llegar a la Sierra de Francia en autob\u00fas es desde Salamanca capital, donde varias empresas ofrecen servicios hacia la mayor\u00eda de los municipios de la zona.<\/p>\n\n\n\n<p><strong>Autocares Cosme<\/strong>: Cubre los municipios de Herguijuela de la Sierra, Madro\u00f1al, Monforte de la Sierra, Casas del Conde, Mogarraz, San Mart\u00edn del Casta\u00f1ar, Nava de Francia, La Alberca, El Cabaco, Miranda del Casta\u00f1ar, Navarredonda de la Rinconada, Rinconada de la Sierra y Escurial de la Sierra.<\/p>\n\n\n\n<p>Tel\u00e9fono: 923 120 800<\/p>\n\n\n\n<p>Correo electr\u00f3nico: <a href=\"mailto:info@autocarescosme.com\"><strong>info@autocarescosme.com<\/strong><\/a><\/p>\n\n\n\n<p>P\u00e1gina web:<\/p>\n\n\n\n<p><strong><a href=\"https:\/\/www.autocarescosme.com\/rutas\/provinciales\/mogarraz-la-alberca-invierno\">https:\/\/www.autocarescosme.com\/rutas\/provinciales\/mogarraz-la-alberca-invierno<\/a><\/strong><\/p>\n\n\n\n<p><a href=\"https:\/\/www.autocarescosme.com\/rutas\/provinciales\/escurial-de-la-sierra\"><strong>https:\/\/www.autocarescosme.com\/rutas\/provinciales\/escurial-de-la-sierra<\/strong><\/a><\/p>\n\n\n\n<p><strong>Autocares J. Cristeto:<\/strong> Conecta los municipios de Garcibuey, Villanueva del Conde, Sequeros, San Miguel de Robledo, Cereceda de la Sierra, Cilleros de La Bastida, La Bastida y El Maillo.<\/p>\n\n\n\n<p>Tel\u00e9fono: 923 246 620 \/ 667 575 841&nbsp;<\/p>\n\n\n\n<p>Correo electr\u00f3nico: <strong><a href=\"mailto:info@autocaresjcristeto.com\">info@autocaresjcristeto.com<\/a>&nbsp;<\/strong><\/p>\n\n\n\n<p>P\u00e1gina web: <a href=\"https:\/\/autocaresjcristeto.com\/rutas-y-horarios\/\"><strong>https:\/\/autocaresjcristeto.com\/rutas-y-horarios\/<\/strong><\/a><\/p>\n\n\n\n<p><strong>Monbus:<\/strong> Ofrece servicios a Linares de Riofr\u00edo, San Miguel de Valero, San Esteban de la Sierra, Santib\u00e1\u00f1ez de la Sierra y Valero.<\/p>\n\n\n\n<p>Tel\u00e9fono: 900 929 192 para informaci\u00f3n&nbsp;<\/p>\n\n\n\n<p>Tel\u00e9fono para reservas bajo demanda: 954 905 102 \/ 637 896 439<\/p>\n\n\n\n<p>Correo electr\u00f3nico: <a href=\"mailto:info@monbus.es\"><strong>info@monbus.es<\/strong><\/a><\/p>\n\n\n\n<p>P\u00e1gina web: <a href=\"https:\/\/www.monbus.es\/es\/rutas-puntos-de-venta\"><strong>https:\/\/www.monbus.es\/es\/rutas-puntos-de-venta<\/strong><\/a><\/p>\n\n\n\n<p><strong>Estaci\u00f3n de Autobuses de Salamanca<\/strong><\/p>\n\n\n\n<p>Avda. Filiberto Villalobos, 71-85<\/p>\n\n\n\n<p>37007 Salamanca<\/p>\n\n\n\n<p>Tel\u00e9fono: 923 236 717<\/p>\n\n\n\n<p>Web:&nbsp;<a href=\"http:\/\/www.estacionautobusessalamanca.es\/\"><strong>www.estacionautobusessalamanca.es<\/strong><\/a><\/p>\n\n\n\n<p>Para los viajeros que llegan al Aeropuerto de Barajas en Madrid y optan por el autob\u00fas, la compa\u00f1\u00eda Avanza Bus ofrece un servicio directo que conecta el aeropuerto con Salamanca capital. La parada se encuentra en las Terminales T1 y T4, en el aparcamiento ubicado frente al vest\u00edbulo de llegadas.<\/p>\n\n\n\n<p>Los billetes y horarios est\u00e1n disponibles en el sitio web oficial:&nbsp;<strong><a href=\"https:\/\/www.avanzabus.com\/\">https:\/\/www.avanzabus.com\/<\/a>&nbsp;<\/strong> as\u00ed como en las taquillas del aeropuerto y en la agencia de viajes de El Corte Ingl\u00e9s en la primera planta de la Terminal. Tambi\u00e9n puedes obtener informaci\u00f3n llamando al tel\u00e9fono: +34 902 02 09 99 y 912 722 832.<\/p>\n<\/div><\/div>\n\n\n\n<div class=\"wp-block-group\"><div class=\"wp-block-group__inner-container is-layout-constrained wp-block-group-is-layout-constrained\">\n<p class=\"tic-titulo-secundario\"><strong>En tren<\/strong><\/p>\n\n\n\n<hr class=\"wp-block-separator has-alpha-channel-opacity\"\/>\n\n\n\n<p>Salamanca cuenta con conexiones ferroviarias diarias, incluyendo la l\u00ednea de Alta Velocidad a Madrid, as\u00ed como servicios a San Sebasti\u00e1n-Hendaya, Lisboa, Oporto, Barcelona, Valladolid, \u00c1vila y Palencia.<\/p>\n\n\n\n<p><strong>Estaci\u00f3n de tren de Salamanca<\/strong><\/p>\n\n\n\n<p>Paseo de la Estaci\u00f3n, s\/n C.P.: 37004 Salamanca<\/p>\n\n\n\n<p>Tel\u00e9fono: 902 320 320 y 912 320 320&nbsp;<\/p>\n\n\n\n<p>Web:&nbsp;<a href=\"http:\/\/www.renfe.com\/\"><strong>www.renfe.com<\/strong><\/a><\/p>\n<\/div><\/div>\n\n\n\n<div class=\"wp-block-group\"><div class=\"wp-block-group__inner-container is-layout-constrained wp-block-group-is-layout-constrained\">\n<p class=\"tic-titulo-secundario\"><strong>En avi\u00f3n<\/strong><\/p>\n\n\n\n<hr class=\"wp-block-separator has-alpha-channel-opacity\"\/>\n\n\n\n<p>A tan solo 15 kil\u00f3metros de la ciudad de Salamanca est\u00e1 situado el aeropuerto de Matac\u00e1n. Aunque de dimensiones modestas, este peque\u00f1o aeropuerto sirve como punto de partida para vuelos regulares y ch\u00e1rter en periodos espec\u00edficos.<\/p>\n\n\n\n<p><strong><a href=\"https:\/\/www.aena.es\/es\/salamanca.html\">Aeropuerto de Salamanca-Matac\u00e1n<\/a><\/strong><\/p>\n\n\n\n<p>N-501 km. 15 C.P. 37181 Calvarrasa de Abajo<\/p>\n\n\n\n<p>Tel\u00e9fono: 923 329 600&nbsp; &nbsp;<\/p>\n\n\n\n<p>Otros aeropuertos cercanos:<\/p>\n\n\n\n<p><strong><a href=\"https:\/\/www.aeropuertomadrid-barajas.com\">Aeropuerto Adolfo Suarez Madrid-Barajas<\/a><\/strong><\/p>\n\n\n\n<p>Tel\u00e9fono: 91 3211010<\/p>\n\n\n\n<p><strong><a href=\"https:\/\/www.aena.es\/es\/valladolid.html\">Aeropuerto de Valladolid-Villanubla<\/a><\/strong><\/p>\n\n\n\n<p>Tel\u00e9fono: 91 3211010<\/p>\n<\/div><\/div>\n<\/div><\/div>\n\n\n\n<div style=\"height:30px\" aria-hidden=\"true\" class=\"wp-block-spacer\"><\/div>\n\n\n\n<div class=\"wp-block-group tic-page-footer\"><div class=\"wp-block-group__inner-container is-layout-constrained wp-block-group-is-layout-constrained\">\n<p class=\"tic-secicon has-medium-font-size\"><strong>Relacionado<\/strong><\/p>\n\n\n\n\t\t\t<div class=\"foogallery foogallery-container foogallery-carousel foogallery-lightbox-none fg-carousel-hide-nav-arrows fg-carousel-hide-pagination fg-carousel-hide-progress-bar fg-carousel fg-ready fg-custom fg-shadow-outline fg-loading-default fg-loaded-fade-in fg-caption-always fg-hover-fade fg-c-c\" id=\"foogallery-gallery-3652\" data-foogallery=\"{&quot;item&quot;:{&quot;showCaptionTitle&quot;:true,&quot;showCaptionDescription&quot;:true},&quot;lazy&quot;:true,&quot;template&quot;:{&quot;maxItems&quot;:7,&quot;scale&quot;:0,&quot;gutter&quot;:{&quot;min&quot;:5,&quot;max&quot;:10,&quot;unit&quot;:&quot;px&quot;},&quot;autoplay&quot;:{&quot;time&quot;:5,&quot;interaction&quot;:&quot;disable&quot;},&quot;centerOnClick&quot;:false}}\" style=\"--fg-title-line-clamp: 0; --fg-description-line-clamp: 0;\" >\n\t<button type=\"button\" class=\"fg-carousel-prev\" title=\"Previous\"><\/button>\n\t<div class=\"fg-carousel-inner\">\n\t\t<div class=\"fg-carousel-center\"><\/div>\n\t\t<div class=\"fg-item fg-type-iframe fg-idle\"><figure class=\"fg-item-inner\"><a href=\"https:\/\/upbeat-carver.217-154-185-52.plesk.page\/nuestros-pueblos\/\" data-caption-title=\"Nuestros Pueblos\" data-attachment-id=\"16463\" data-type=\"iframe\" class=\"fg-thumb\"><span class=\"fg-image-wrap\"><img decoding=\"async\" title=\"Nuestros Pueblos\" width=\"293\" height=\"400\" class=\"skip-lazy fg-image\" data-src-fg=\"https:\/\/upbeat-carver.217-154-185-52.plesk.page\/wp-content\/uploads\/cache\/2024\/06\/nuestros-pueblos-recomendado\/3450360749.webp\" src=\"data:image\/svg+xml,%3Csvg%20xmlns%3D%22http%3A%2F%2Fwww.w3.org%2F2000%2Fsvg%22%20width%3D%22293%22%20height%3D%22400%22%20viewBox%3D%220%200%20293%20400%22%3E%3C%2Fsvg%3E\" loading=\"eager\"><\/span><span class=\"fg-image-overlay\"><\/span><\/a><figcaption class=\"fg-caption\"><div class=\"fg-caption-inner\"><div class=\"fg-caption-title\">Nuestros Pueblos<\/div><\/div><\/figcaption><\/figure><div class=\"fg-loader\"><\/div><\/div><div class=\"fg-item fg-type-iframe fg-idle\"><figure class=\"fg-item-inner\"><a href=\"https:\/\/upbeat-carver.217-154-185-52.plesk.page\/turismo-activo\/estacion-de-deportes-de-montana\/senderismo\/\" data-caption-title=\"Senderismo\" data-attachment-id=\"16465\" data-type=\"iframe\" class=\"fg-thumb\"><span class=\"fg-image-wrap\"><img decoding=\"async\" title=\"Senderismo\" width=\"293\" height=\"400\" class=\"skip-lazy fg-image\" data-src-fg=\"https:\/\/upbeat-carver.217-154-185-52.plesk.page\/wp-content\/uploads\/cache\/2024\/06\/senderismo-recomendador\/653318006.webp\" src=\"data:image\/svg+xml,%3Csvg%20xmlns%3D%22http%3A%2F%2Fwww.w3.org%2F2000%2Fsvg%22%20width%3D%22293%22%20height%3D%22400%22%20viewBox%3D%220%200%20293%20400%22%3E%3C%2Fsvg%3E\" loading=\"eager\"><\/span><span class=\"fg-image-overlay\"><\/span><\/a><figcaption class=\"fg-caption\"><div class=\"fg-caption-inner\"><div class=\"fg-caption-title\">Senderismo<\/div><\/div><\/figcaption><\/figure><div class=\"fg-loader\"><\/div><\/div><div class=\"fg-item fg-type-iframe fg-idle\"><figure class=\"fg-item-inner\"><a href=\"https:\/\/upbeat-carver.217-154-185-52.plesk.page\/turismo-activo\/turismo-rutas-accesibles\/\" data-caption-title=\"Rutas Accesibles\" data-attachment-id=\"16464\" data-type=\"iframe\" class=\"fg-thumb\"><span class=\"fg-image-wrap\"><img decoding=\"async\" title=\"Rutas Accesibles\" width=\"293\" height=\"400\" class=\"skip-lazy fg-image\" data-src-fg=\"https:\/\/upbeat-carver.217-154-185-52.plesk.page\/wp-content\/uploads\/cache\/2024\/06\/rutas-accesibles-recomendador\/4236705883.webp\" src=\"data:image\/svg+xml,%3Csvg%20xmlns%3D%22http%3A%2F%2Fwww.w3.org%2F2000%2Fsvg%22%20width%3D%22293%22%20height%3D%22400%22%20viewBox%3D%220%200%20293%20400%22%3E%3C%2Fsvg%3E\" loading=\"eager\"><\/span><span class=\"fg-image-overlay\"><\/span><\/a><figcaption class=\"fg-caption\"><div class=\"fg-caption-inner\"><div class=\"fg-caption-title\">Rutas Accesibles<\/div><\/div><\/figcaption><\/figure><div class=\"fg-loader\"><\/div><\/div><div class=\"fg-item fg-type-iframe fg-idle\"><figure class=\"fg-item-inner\"><a href=\"https:\/\/upbeat-carver.217-154-185-52.plesk.page\/donde-dormir\/\" data-caption-title=\"\u00bfD\u00f3nde Comer?\" data-attachment-id=\"16462\" data-type=\"iframe\" class=\"fg-thumb\"><span class=\"fg-image-wrap\"><img decoding=\"async\" title=\"\u00bfD\u00f3nde Comer?\" width=\"293\" height=\"400\" class=\"skip-lazy fg-image\" data-src-fg=\"https:\/\/upbeat-carver.217-154-185-52.plesk.page\/wp-content\/uploads\/cache\/2024\/06\/donde_comer-recomendado\/3830583107.webp\" src=\"data:image\/svg+xml,%3Csvg%20xmlns%3D%22http%3A%2F%2Fwww.w3.org%2F2000%2Fsvg%22%20width%3D%22293%22%20height%3D%22400%22%20viewBox%3D%220%200%20293%20400%22%3E%3C%2Fsvg%3E\" loading=\"eager\"><\/span><span class=\"fg-image-overlay\"><\/span><\/a><figcaption class=\"fg-caption\"><div class=\"fg-caption-inner\"><div class=\"fg-caption-title\">\u00bfD\u00f3nde Comer?<\/div><\/div><\/figcaption><\/figure><div class=\"fg-loader\"><\/div><\/div><div class=\"fg-item fg-type-iframe fg-idle\"><figure class=\"fg-item-inner\"><a href=\"https:\/\/upbeat-carver.217-154-185-52.plesk.page\/donde-dormir\/\" data-caption-title=\"\u00bfD\u00f3nde Dormir?\" data-attachment-id=\"16461\" data-type=\"iframe\" class=\"fg-thumb\"><span class=\"fg-image-wrap\"><img decoding=\"async\" title=\"\u00bfD\u00f3nde Dormir?\" width=\"293\" height=\"400\" class=\"skip-lazy fg-image\" data-src-fg=\"https:\/\/upbeat-carver.217-154-185-52.plesk.page\/wp-content\/uploads\/cache\/2024\/06\/donde-dormir-recomendado\/1300525129.webp\" src=\"data:image\/svg+xml,%3Csvg%20xmlns%3D%22http%3A%2F%2Fwww.w3.org%2F2000%2Fsvg%22%20width%3D%22293%22%20height%3D%22400%22%20viewBox%3D%220%200%20293%20400%22%3E%3C%2Fsvg%3E\" loading=\"eager\"><\/span><span class=\"fg-image-overlay\"><\/span><\/a><figcaption class=\"fg-caption\"><div class=\"fg-caption-inner\"><div class=\"fg-caption-title\">\u00bfD\u00f3nde Dormir?<\/div><\/div><\/figcaption><\/figure><div class=\"fg-loader\"><\/div><\/div><div class=\"fg-item fg-type-iframe fg-idle\"><figure class=\"fg-item-inner\"><a href=\"https:\/\/upbeat-carver.217-154-185-52.plesk.page\/turismo-activo\/caminos-de-arte-en-la-naturaleza\/\" data-caption-title=\"Caminos de Arte\" data-attachment-id=\"16459\" data-type=\"iframe\" class=\"fg-thumb\"><span class=\"fg-image-wrap\"><img decoding=\"async\" title=\"Caminos de Arte\" width=\"293\" height=\"400\" class=\"skip-lazy fg-image\" data-src-fg=\"https:\/\/upbeat-carver.217-154-185-52.plesk.page\/wp-content\/uploads\/cache\/2024\/06\/caminos-del-arte-recomendador\/3488217815.webp\" src=\"data:image\/svg+xml,%3Csvg%20xmlns%3D%22http%3A%2F%2Fwww.w3.org%2F2000%2Fsvg%22%20width%3D%22293%22%20height%3D%22400%22%20viewBox%3D%220%200%20293%20400%22%3E%3C%2Fsvg%3E\" loading=\"eager\"><\/span><span class=\"fg-image-overlay\"><\/span><\/a><figcaption class=\"fg-caption\"><div class=\"fg-caption-inner\"><div class=\"fg-caption-title\">Caminos de Arte<\/div><\/div><\/figcaption><\/figure><div class=\"fg-loader\"><\/div><\/div><div class=\"fg-item fg-type-iframe fg-idle\"><figure class=\"fg-item-inner\"><a href=\"https:\/\/upbeat-carver.217-154-185-52.plesk.page\/cultura\/centros-interpretacion-museos\/\" data-caption-title=\"Centros de Interpretaci\u00f3n\" data-attachment-id=\"16460\" data-type=\"iframe\" class=\"fg-thumb\"><span class=\"fg-image-wrap\"><img decoding=\"async\" title=\"Centros de Interpretaci\u00f3n\" width=\"293\" height=\"400\" class=\"skip-lazy fg-image\" data-src-fg=\"https:\/\/upbeat-carver.217-154-185-52.plesk.page\/wp-content\/uploads\/cache\/2024\/06\/centro-interpretacion-museo\/542232789.webp\" src=\"data:image\/svg+xml,%3Csvg%20xmlns%3D%22http%3A%2F%2Fwww.w3.org%2F2000%2Fsvg%22%20width%3D%22293%22%20height%3D%22400%22%20viewBox%3D%220%200%20293%20400%22%3E%3C%2Fsvg%3E\" loading=\"eager\"><\/span><span class=\"fg-image-overlay\"><\/span><\/a><figcaption class=\"fg-caption\"><div class=\"fg-caption-inner\"><div class=\"fg-caption-title\">Centros de Interpretaci\u00f3n<\/div><\/div><\/figcaption><\/figure><div class=\"fg-loader\"><\/div><\/div>\t<\/div>\n\t<div class=\"fg-carousel-bottom\"><\/div>\n\t<div class=\"fg-carousel-progress\"><\/div>\n\t<button type=\"button\" class=\"fg-carousel-next\" title=\"Siguiente\"><\/button>\n<\/div>\n\n\n<div style=\"height:50px\" aria-hidden=\"true\" class=\"wp-block-spacer\"><\/div>\n<\/div><\/div>\n<style class=\"advgb-styles-renderer\">\n#foogallery-gallery-3652 .fg-image { width: 293px; }#foogallery-gallery-3652 { \r\n width:100%;\r\n}\r\n\r\n#foogallery-gallery-3652 div.fg-caption-title { \r\nfont-weight:700;\r\n}\r\n\r\n<\/style>","protected":false},"excerpt":{"rendered":"<p>La Sierra Francia se encuentra al suroeste de la Provincia de Salamanca, limitando con la comarca de las Hurdes en&hellip; <a class=\"continue\" href=\"https:\/\/upbeat-carver.217-154-185-52.plesk.page\/?page_id=4432\">Seguir leyendo<span> \u00bfC\u00f3mo Llegar?<\/span><\/a><\/p>\n","protected":false},"author":1,"featured_media":0,"parent":0,"menu_order":0,"comment_status":"closed","ping_status":"closed","template":"","meta":{"advgb_blocks_editor_width":"","advgb_blocks_columns_visual_guide":"","footnotes":""},"class_list":["post-4432","page","type-page","status-publish","hentry"],"yoast_head":"<!-- This site is optimized with the Yoast SEO plugin v27.2 - https:\/\/yoast.com\/product\/yoast-seo-wordpress\/ -->\n<title>\u00bfC\u00f3mo Llegar? - Sierra de Francia<\/title>\n<meta name=\"description\" content=\"Crea unas experiencias inolvidables en la Sierra de Francia. Donde ir, que hacer. La Sierra de Francia es perfecta para familias, deportistas, en pareja o solitario.\" \/>\n<meta name=\"robots\" content=\"index, follow, max-snippet:-1, max-image-preview:large, max-video-preview:-1\" \/>\n<link rel=\"canonical\" href=\"https:\/\/upbeat-carver.217-154-185-52.plesk.page\/como-llegar\/\" \/>\n<meta property=\"og:locale\" content=\"es_ES\" \/>\n<meta property=\"og:type\" content=\"article\" \/>\n<meta property=\"og:title\" content=\"\u00bfC\u00f3mo Llegar? - Sierra de Francia\" \/>\n<meta property=\"og:description\" content=\"Crea unas experiencias inolvidables en la Sierra de Francia. Donde ir, que hacer. La Sierra de Francia es perfecta para familias, deportistas, en pareja o solitario.\" \/>\n<meta property=\"og:url\" content=\"https:\/\/upbeat-carver.217-154-185-52.plesk.page\/como-llegar\/\" \/>\n<meta property=\"og:site_name\" content=\"Sierra de Francia\" \/>\n<meta property=\"article:publisher\" content=\"https:\/\/www.facebook.com\/visitasierradefrancia\/\" \/>\n<meta property=\"article:modified_time\" content=\"2025-01-27T09:23:04+00:00\" \/>\n<meta property=\"og:image\" content=\"https:\/\/upbeat-carver.217-154-185-52.plesk.page\/wp-content\/uploads\/2024\/05\/logo-carretera-4-copia-mil.webp\" \/>\n\t<meta property=\"og:image:width\" content=\"800\" \/>\n\t<meta property=\"og:image:height\" content=\"284\" \/>\n\t<meta property=\"og:image:type\" content=\"image\/webp\" \/>\n<meta name=\"twitter:card\" content=\"summary_large_image\" \/>\n<meta name=\"twitter:site\" content=\"@visitaSF\" \/>\n<meta name=\"twitter:label1\" content=\"Tiempo de lectura\" \/>\n\t<meta name=\"twitter:data1\" content=\"4 minutos\" \/>\n<script type=\"application\/ld+json\" class=\"yoast-schema-graph\">{\"@context\":\"https:\/\/schema.org\",\"@graph\":[{\"@type\":\"WebPage\",\"@id\":\"https:\/\/upbeat-carver.217-154-185-52.plesk.page\/como-llegar\/\",\"url\":\"https:\/\/upbeat-carver.217-154-185-52.plesk.page\/como-llegar\/\",\"name\":\"\u00bfC\u00f3mo Llegar? - Sierra de Francia\",\"isPartOf\":{\"@id\":\"https:\/\/upbeat-carver.217-154-185-52.plesk.page\/#website\"},\"primaryImageOfPage\":{\"@id\":\"https:\/\/upbeat-carver.217-154-185-52.plesk.page\/como-llegar\/#primaryimage\"},\"image\":{\"@id\":\"https:\/\/upbeat-carver.217-154-185-52.plesk.page\/como-llegar\/#primaryimage\"},\"thumbnailUrl\":\"https:\/\/upbeat-carver.217-154-185-52.plesk.page\/wp-content\/uploads\/2024\/05\/logo-carretera-4-copia-mil.webp\",\"datePublished\":\"2023-06-27T17:29:19+00:00\",\"dateModified\":\"2025-01-27T09:23:04+00:00\",\"description\":\"Crea unas experiencias inolvidables en la Sierra de Francia. Donde ir, que hacer. La Sierra de Francia es perfecta para familias, deportistas, en pareja o solitario.\",\"breadcrumb\":{\"@id\":\"https:\/\/upbeat-carver.217-154-185-52.plesk.page\/como-llegar\/#breadcrumb\"},\"inLanguage\":\"es\",\"potentialAction\":[{\"@type\":\"ReadAction\",\"target\":[\"https:\/\/upbeat-carver.217-154-185-52.plesk.page\/como-llegar\/\"]}]},{\"@type\":\"ImageObject\",\"inLanguage\":\"es\",\"@id\":\"https:\/\/upbeat-carver.217-154-185-52.plesk.page\/como-llegar\/#primaryimage\",\"url\":\"https:\/\/upbeat-carver.217-154-185-52.plesk.page\/wp-content\/uploads\/2024\/05\/logo-carretera-4-copia-mil.webp\",\"contentUrl\":\"https:\/\/upbeat-carver.217-154-185-52.plesk.page\/wp-content\/uploads\/2024\/05\/logo-carretera-4-copia-mil.webp\",\"width\":800,\"height\":284,\"caption\":\"se\u00f1al sierra de francia\"},{\"@type\":\"BreadcrumbList\",\"@id\":\"https:\/\/upbeat-carver.217-154-185-52.plesk.page\/como-llegar\/#breadcrumb\",\"itemListElement\":[{\"@type\":\"ListItem\",\"position\":1,\"name\":\"Inicio\",\"item\":\"https:\/\/upbeat-carver.217-154-185-52.plesk.page\/\"},{\"@type\":\"ListItem\",\"position\":2,\"name\":\"\u00bfC\u00f3mo Llegar?\"}]},{\"@type\":\"WebSite\",\"@id\":\"https:\/\/upbeat-carver.217-154-185-52.plesk.page\/#website\",\"url\":\"https:\/\/upbeat-carver.217-154-185-52.plesk.page\/\",\"name\":\"Sierra de Francia\",\"description\":\"\",\"publisher\":{\"@id\":\"https:\/\/upbeat-carver.217-154-185-52.plesk.page\/#organization\"},\"alternateName\":\"Turismo Sierra de Francia\",\"potentialAction\":[{\"@type\":\"SearchAction\",\"target\":{\"@type\":\"EntryPoint\",\"urlTemplate\":\"https:\/\/upbeat-carver.217-154-185-52.plesk.page\/?s={search_term_string}\"},\"query-input\":{\"@type\":\"PropertyValueSpecification\",\"valueRequired\":true,\"valueName\":\"search_term_string\"}}],\"inLanguage\":\"es\"},{\"@type\":\"Organization\",\"@id\":\"https:\/\/upbeat-carver.217-154-185-52.plesk.page\/#organization\",\"name\":\"Sierra de Francia\",\"alternateName\":\"Turismo Sierra de Francia\",\"url\":\"https:\/\/upbeat-carver.217-154-185-52.plesk.page\/\",\"logo\":{\"@type\":\"ImageObject\",\"inLanguage\":\"es\",\"@id\":\"https:\/\/upbeat-carver.217-154-185-52.plesk.page\/#\/schema\/logo\/image\/\",\"url\":\"https:\/\/upbeat-carver.217-154-185-52.plesk.page\/wp-content\/uploads\/2024\/04\/cropped-logo_redondo-removebg-preview.png\",\"contentUrl\":\"https:\/\/upbeat-carver.217-154-185-52.plesk.page\/wp-content\/uploads\/2024\/04\/cropped-logo_redondo-removebg-preview.png\",\"width\":512,\"height\":512,\"caption\":\"Sierra de Francia\"},\"image\":{\"@id\":\"https:\/\/upbeat-carver.217-154-185-52.plesk.page\/#\/schema\/logo\/image\/\"},\"sameAs\":[\"https:\/\/www.facebook.com\/visitasierradefrancia\/\",\"https:\/\/x.com\/visitaSF\",\"https:\/\/www.instagram.com\/visitasierradefrancia\/\",\"https:\/\/www.youtube.com\/@visitasierradefrancia\"]}]}<\/script>\n<!-- \/ Yoast SEO plugin. -->","yoast_head_json":{"title":"\u00bfC\u00f3mo Llegar? - Sierra de Francia","description":"Crea unas experiencias inolvidables en la Sierra de Francia. Donde ir, que hacer. La Sierra de Francia es perfecta para familias, deportistas, en pareja o solitario.","robots":{"index":"index","follow":"follow","max-snippet":"max-snippet:-1","max-image-preview":"max-image-preview:large","max-video-preview":"max-video-preview:-1"},"canonical":"https:\/\/upbeat-carver.217-154-185-52.plesk.page\/como-llegar\/","og_locale":"es_ES","og_type":"article","og_title":"\u00bfC\u00f3mo Llegar? - Sierra de Francia","og_description":"Crea unas experiencias inolvidables en la Sierra de Francia. Donde ir, que hacer. La Sierra de Francia es perfecta para familias, deportistas, en pareja o solitario.","og_url":"https:\/\/upbeat-carver.217-154-185-52.plesk.page\/como-llegar\/","og_site_name":"Sierra de Francia","article_publisher":"https:\/\/www.facebook.com\/visitasierradefrancia\/","article_modified_time":"2025-01-27T09:23:04+00:00","og_image":[{"width":800,"height":284,"url":"https:\/\/upbeat-carver.217-154-185-52.plesk.page\/wp-content\/uploads\/2024\/05\/logo-carretera-4-copia-mil.webp","type":"image\/webp"}],"twitter_card":"summary_large_image","twitter_site":"@visitaSF","twitter_misc":{"Tiempo de lectura":"4 minutos"},"schema":{"@context":"https:\/\/schema.org","@graph":[{"@type":"WebPage","@id":"https:\/\/upbeat-carver.217-154-185-52.plesk.page\/como-llegar\/","url":"https:\/\/upbeat-carver.217-154-185-52.plesk.page\/como-llegar\/","name":"\u00bfC\u00f3mo Llegar? - Sierra de Francia","isPartOf":{"@id":"https:\/\/upbeat-carver.217-154-185-52.plesk.page\/#website"},"primaryImageOfPage":{"@id":"https:\/\/upbeat-carver.217-154-185-52.plesk.page\/como-llegar\/#primaryimage"},"image":{"@id":"https:\/\/upbeat-carver.217-154-185-52.plesk.page\/como-llegar\/#primaryimage"},"thumbnailUrl":"https:\/\/upbeat-carver.217-154-185-52.plesk.page\/wp-content\/uploads\/2024\/05\/logo-carretera-4-copia-mil.webp","datePublished":"2023-06-27T17:29:19+00:00","dateModified":"2025-01-27T09:23:04+00:00","description":"Crea unas experiencias inolvidables en la Sierra de Francia. Donde ir, que hacer. La Sierra de Francia es perfecta para familias, deportistas, en pareja o solitario.","breadcrumb":{"@id":"https:\/\/upbeat-carver.217-154-185-52.plesk.page\/como-llegar\/#breadcrumb"},"inLanguage":"es","potentialAction":[{"@type":"ReadAction","target":["https:\/\/upbeat-carver.217-154-185-52.plesk.page\/como-llegar\/"]}]},{"@type":"ImageObject","inLanguage":"es","@id":"https:\/\/upbeat-carver.217-154-185-52.plesk.page\/como-llegar\/#primaryimage","url":"https:\/\/upbeat-carver.217-154-185-52.plesk.page\/wp-content\/uploads\/2024\/05\/logo-carretera-4-copia-mil.webp","contentUrl":"https:\/\/upbeat-carver.217-154-185-52.plesk.page\/wp-content\/uploads\/2024\/05\/logo-carretera-4-copia-mil.webp","width":800,"height":284,"caption":"se\u00f1al sierra de francia"},{"@type":"BreadcrumbList","@id":"https:\/\/upbeat-carver.217-154-185-52.plesk.page\/como-llegar\/#breadcrumb","itemListElement":[{"@type":"ListItem","position":1,"name":"Inicio","item":"https:\/\/upbeat-carver.217-154-185-52.plesk.page\/"},{"@type":"ListItem","position":2,"name":"\u00bfC\u00f3mo Llegar?"}]},{"@type":"WebSite","@id":"https:\/\/upbeat-carver.217-154-185-52.plesk.page\/#website","url":"https:\/\/upbeat-carver.217-154-185-52.plesk.page\/","name":"Sierra de Francia","description":"","publisher":{"@id":"https:\/\/upbeat-carver.217-154-185-52.plesk.page\/#organization"},"alternateName":"Turismo Sierra de Francia","potentialAction":[{"@type":"SearchAction","target":{"@type":"EntryPoint","urlTemplate":"https:\/\/upbeat-carver.217-154-185-52.plesk.page\/?s={search_term_string}"},"query-input":{"@type":"PropertyValueSpecification","valueRequired":true,"valueName":"search_term_string"}}],"inLanguage":"es"},{"@type":"Organization","@id":"https:\/\/upbeat-carver.217-154-185-52.plesk.page\/#organization","name":"Sierra de Francia","alternateName":"Turismo Sierra de Francia","url":"https:\/\/upbeat-carver.217-154-185-52.plesk.page\/","logo":{"@type":"ImageObject","inLanguage":"es","@id":"https:\/\/upbeat-carver.217-154-185-52.plesk.page\/#\/schema\/logo\/image\/","url":"https:\/\/upbeat-carver.217-154-185-52.plesk.page\/wp-content\/uploads\/2024\/04\/cropped-logo_redondo-removebg-preview.png","contentUrl":"https:\/\/upbeat-carver.217-154-185-52.plesk.page\/wp-content\/uploads\/2024\/04\/cropped-logo_redondo-removebg-preview.png","width":512,"height":512,"caption":"Sierra de Francia"},"image":{"@id":"https:\/\/upbeat-carver.217-154-185-52.plesk.page\/#\/schema\/logo\/image\/"},"sameAs":["https:\/\/www.facebook.com\/visitasierradefrancia\/","https:\/\/x.com\/visitaSF","https:\/\/www.instagram.com\/visitasierradefrancia\/","https:\/\/www.youtube.com\/@visitasierradefrancia"]}]}},"coauthors":[],"author_meta":{"author_link":"https:\/\/upbeat-carver.217-154-185-52.plesk.page\/?author=1","display_name":"admin"},"relative_dates":{"created":"Publicado 3 a\u00f1os hace","modified":"Actualizado 1 a\u00f1o hace"},"absolute_dates":{"created":"Publicado el 27\/06\/2023","modified":"Actualizado el 27\/01\/2025"},"absolute_dates_time":{"created":"Publicado el 27\/06\/2023 17:29","modified":"Actualizado el 27\/01\/2025 09:23"},"featured_img_caption":"","featured_img":false,"series_order":"","_links":{"self":[{"href":"https:\/\/upbeat-carver.217-154-185-52.plesk.page\/index.php?rest_route=\/wp\/v2\/pages\/4432","targetHints":{"allow":["GET"]}}],"collection":[{"href":"https:\/\/upbeat-carver.217-154-185-52.plesk.page\/index.php?rest_route=\/wp\/v2\/pages"}],"about":[{"href":"https:\/\/upbeat-carver.217-154-185-52.plesk.page\/index.php?rest_route=\/wp\/v2\/types\/page"}],"author":[{"embeddable":true,"href":"https:\/\/upbeat-carver.217-154-185-52.plesk.page\/index.php?rest_route=\/wp\/v2\/users\/1"}],"replies":[{"embeddable":true,"href":"https:\/\/upbeat-carver.217-154-185-52.plesk.page\/index.php?rest_route=%2Fwp%2Fv2%2Fcomments&post=4432"}],"version-history":[{"count":99,"href":"https:\/\/upbeat-carver.217-154-185-52.plesk.page\/index.php?rest_route=\/wp\/v2\/pages\/4432\/revisions"}],"predecessor-version":[{"id":19100,"href":"https:\/\/upbeat-carver.217-154-185-52.plesk.page\/index.php?rest_route=\/wp\/v2\/pages\/4432\/revisions\/19100"}],"wp:attachment":[{"href":"https:\/\/upbeat-carver.217-154-185-52.plesk.page\/index.php?rest_route=%2Fwp%2Fv2%2Fmedia&parent=4432"}],"curies":[{"name":"wp","href":"https:\/\/api.w.org\/{rel}","templated":true}]}}