{"id":4458,"date":"2023-06-27T17:40:04","date_gmt":"2023-06-27T17:40:04","guid":{"rendered":"https:\/\/upbeat-carver.217-154-185-52.plesk.page\/?page_id=4458"},"modified":"2025-04-04T07:22:37","modified_gmt":"2025-04-04T07:22:37","slug":"folletos-y-mapas","status":"publish","type":"page","link":"https:\/\/upbeat-carver.217-154-185-52.plesk.page\/?page_id=4458","title":{"rendered":"Folletos y Mapas"},"content":{"rendered":"\n<a class=\"tic-subheader-image\" style=\"display:none\" href=\"https:\/\/upbeat-carver.217-154-185-52.plesk.page\/wp-content\/uploads\/2023\/11\/cabecera.webp\"><\/a>\n\n\n\n<div style=\"height:30px\" aria-hidden=\"true\" class=\"wp-block-spacer\"><\/div>\n\n\n\n<div class=\"wp-block-group tic-page-content\"><div class=\"wp-block-group__inner-container is-layout-constrained wp-block-group-is-layout-constrained\">\n<div style=\"height:30px\" aria-hidden=\"true\" class=\"wp-block-spacer\"><\/div>\n\n\n\n<p class=\"has-drop-cap has-text-align-justify tic-contenido-principal\">Las publicaciones tur\u00edsticas de la Sierra de Francia, editadas por la <strong>Diputaci\u00f3n de Salamanca<\/strong>, ofrecen una informaci\u00f3n completa para planificar una estancia placentera y satisfactoria en el territorio, garantizando una experiencia \u00fanica y enriquecedora para todos los visitantes.<\/p>\n\n\n\n<p>La Sierra de Francia cuenta con una amplia gama de publicaciones para informar acerca de las muchas opciones de ocio a disfrutar en el territorio. Los folletos y mapas se presentan de manera atractiva y amena en formato de f\u00e1cil descarga, especialmente dise\u00f1ados para simplificar la planificaci\u00f3n de viajes y aprovechar al m\u00e1ximo todas las oportunidades que brinda la Sierra de Francia.<\/p>\n\n\n\n<div style=\"height:20px\" aria-hidden=\"true\" class=\"wp-block-spacer\"><\/div>\n\n\n\n<div class=\"wp-block-columns is-layout-flex wp-container-core-columns-is-layout-9d6595d7 wp-block-columns-is-layout-flex\">\n<div class=\"wp-block-column is-layout-flow wp-block-column-is-layout-flow\">\n<div class=\"wp-block-media-text is-stacked-on-mobile is-vertically-aligned-center is-image-fill-element has-background\" style=\"background-color:#ecf9ec\"><figure class=\"wp-block-media-text__media\"><a href=\"https:\/\/upbeat-carver.217-154-185-52.plesk.page\/wp-content\/uploads\/2024\/08\/plano-sierra-de-francia_final_baja.pdf\"><img fetchpriority=\"high\" decoding=\"async\" width=\"600\" height=\"450\" src=\"https:\/\/upbeat-carver.217-154-185-52.plesk.page\/wp-content\/uploads\/2024\/08\/portada-mapa-plan-.webp\" alt=\"portada mapa sierra de francia\" class=\"wp-image-17631 size-full\" style=\"object-position:50% 50%\" srcset=\"https:\/\/upbeat-carver.217-154-185-52.plesk.page\/wp-content\/uploads\/2024\/08\/portada-mapa-plan-.webp 600w, https:\/\/upbeat-carver.217-154-185-52.plesk.page\/wp-content\/uploads\/2024\/08\/portada-mapa-plan--300x225.webp 300w, https:\/\/upbeat-carver.217-154-185-52.plesk.page\/wp-content\/uploads\/2024\/08\/portada-mapa-plan--100x75.webp 100w, https:\/\/upbeat-carver.217-154-185-52.plesk.page\/wp-content\/uploads\/2024\/08\/portada-mapa-plan--480x360.webp 480w\" sizes=\"(max-width:767px) 480px, 600px\" \/><\/a><\/figure><div class=\"wp-block-media-text__content\">\n<div style=\"height:13px\" aria-hidden=\"true\" class=\"wp-block-spacer\"><\/div>\n\n\n\n<p><strong>Mapa Plan de Sostenibilidad de la Sierra de Francia<\/strong><\/p>\n\n\n\n<p>En el coraz\u00f3n de la provincia de Salamanca, la Sierra de Francia, es un destino de gran belleza natural y riqueza cultural. <\/p>\n<\/div><\/div>\n<\/div>\n\n\n\n<div class=\"wp-block-column is-layout-flow wp-block-column-is-layout-flow\">\n<div class=\"wp-block-media-text is-stacked-on-mobile is-vertically-aligned-center is-image-fill-element has-background\" style=\"background-color:#ecf9ec\"><figure class=\"wp-block-media-text__media\"><a href=\"https:\/\/upbeat-carver.217-154-185-52.plesk.page\/wp-content\/uploads\/2024\/08\/AF_TRIPTICO-PALOTEO-A4-2-sin-cortes.pdf\"><img decoding=\"async\" width=\"600\" height=\"450\" src=\"https:\/\/upbeat-carver.217-154-185-52.plesk.page\/wp-content\/uploads\/2024\/08\/portada-folleto.danza_.webp\" alt=\"portada descarga de folleto\" class=\"wp-image-17625 size-full\" style=\"object-position:50% 50%\" srcset=\"https:\/\/upbeat-carver.217-154-185-52.plesk.page\/wp-content\/uploads\/2024\/08\/portada-folleto.danza_.webp 600w, https:\/\/upbeat-carver.217-154-185-52.plesk.page\/wp-content\/uploads\/2024\/08\/portada-folleto.danza_-300x225.webp 300w, https:\/\/upbeat-carver.217-154-185-52.plesk.page\/wp-content\/uploads\/2024\/08\/portada-folleto.danza_-100x75.webp 100w, https:\/\/upbeat-carver.217-154-185-52.plesk.page\/wp-content\/uploads\/2024\/08\/portada-folleto.danza_-480x360.webp 480w\" sizes=\"(max-width:767px) 480px, 600px\" \/><\/a><\/figure><div class=\"wp-block-media-text__content\">\n<div style=\"height:13px\" aria-hidden=\"true\" class=\"wp-block-spacer\"><\/div>\n\n\n\n<p><strong>Espacio interpretativo de la Danza Serrana<\/strong><\/p>\n\n\n\n<p>Espacio que te permitir\u00e1 descubrir todo lo relacionado con la danza tradicional de la Sierra de Francia, en concreto de Santib\u00e1\u00f1ez de la Sierra.<\/p>\n<\/div><\/div>\n<\/div>\n<\/div>\n\n\n\n<div style=\"height:20px\" aria-hidden=\"true\" class=\"wp-block-spacer\"><\/div>\n\n\n\n<div class=\"wp-block-columns is-layout-flex wp-container-core-columns-is-layout-9d6595d7 wp-block-columns-is-layout-flex\">\n<div class=\"wp-block-column is-layout-flow wp-block-column-is-layout-flow\">\n<div class=\"wp-block-media-text is-stacked-on-mobile is-vertically-aligned-center is-image-fill-element has-background\" style=\"background-color:#ecf9ec\"><figure class=\"wp-block-media-text__media\"><a href=\"https:\/\/upbeat-carver.217-154-185-52.plesk.page\/wp-content\/uploads\/2023\/12\/004_Sierra_Francia_es.pdf\"><img decoding=\"async\" width=\"600\" height=\"450\" src=\"https:\/\/upbeat-carver.217-154-185-52.plesk.page\/wp-content\/uploads\/2023\/12\/004_Sierra_Francia.jpeg\" alt=\"folleto la sierra de francia\" class=\"wp-image-11262 size-full\" style=\"object-position:50% 50%\" srcset=\"https:\/\/upbeat-carver.217-154-185-52.plesk.page\/wp-content\/uploads\/2023\/12\/004_Sierra_Francia.jpeg 600w, https:\/\/upbeat-carver.217-154-185-52.plesk.page\/wp-content\/uploads\/2023\/12\/004_Sierra_Francia-300x225.jpeg 300w, https:\/\/upbeat-carver.217-154-185-52.plesk.page\/wp-content\/uploads\/2023\/12\/004_Sierra_Francia-100x75.jpeg 100w, https:\/\/upbeat-carver.217-154-185-52.plesk.page\/wp-content\/uploads\/2023\/12\/004_Sierra_Francia-480x360.jpeg 480w\" sizes=\"(max-width:767px) 480px, 600px\" \/><\/a><\/figure><div class=\"wp-block-media-text__content\">\n<div style=\"height:13px\" aria-hidden=\"true\" class=\"wp-block-spacer\"><\/div>\n\n\n\n<p><strong>La Sierra de Francia<\/strong><\/p>\n\n\n\n<p>Este territorio suma valores excepcionales, fruto de la relaci\u00f3n entre la huella humana y el medio, en definitiva un paisaje cultural.<\/p>\n<\/div><\/div>\n<\/div>\n\n\n\n<div class=\"wp-block-column is-layout-flow wp-block-column-is-layout-flow\">\n<div class=\"wp-block-media-text is-stacked-on-mobile is-vertically-aligned-center is-image-fill-element has-background\" style=\"background-color:#ecf9ec\"><figure class=\"wp-block-media-text__media\"><a href=\"https:\/\/upbeat-carver.217-154-185-52.plesk.page\/wp-content\/uploads\/2023\/12\/021_Caminos_Arte_Naturaleza_es.pdf\"><img loading=\"lazy\" decoding=\"async\" width=\"600\" height=\"450\" src=\"https:\/\/upbeat-carver.217-154-185-52.plesk.page\/wp-content\/uploads\/2023\/12\/021_Caminos_Arte_Naturaleza.jpeg\" alt=\"folleto Caminos de Arte y Naturaleza\" class=\"wp-image-11278 size-full\" style=\"object-position:50% 50%\" srcset=\"https:\/\/upbeat-carver.217-154-185-52.plesk.page\/wp-content\/uploads\/2023\/12\/021_Caminos_Arte_Naturaleza.jpeg 600w, https:\/\/upbeat-carver.217-154-185-52.plesk.page\/wp-content\/uploads\/2023\/12\/021_Caminos_Arte_Naturaleza-300x225.jpeg 300w, https:\/\/upbeat-carver.217-154-185-52.plesk.page\/wp-content\/uploads\/2023\/12\/021_Caminos_Arte_Naturaleza-100x75.jpeg 100w, https:\/\/upbeat-carver.217-154-185-52.plesk.page\/wp-content\/uploads\/2023\/12\/021_Caminos_Arte_Naturaleza-480x360.jpeg 480w\" sizes=\"(max-width:767px) 480px, 600px\" \/><\/a><\/figure><div class=\"wp-block-media-text__content\">\n<div style=\"height:13px\" aria-hidden=\"true\" class=\"wp-block-spacer\"><\/div>\n\n\n\n<p><strong>Caminos de Arte y Naturaleza<\/strong><\/p>\n\n\n\n<p>Cuatro caminos que transcurren por ocho pueblos, siete de ellos Conjuntos Hist\u00f3ricos, y en los que el arte contempor\u00e1neo y la naturaleza se hermanan.<\/p>\n<\/div><\/div>\n<\/div>\n<\/div>\n\n\n\n<div style=\"height:20px\" aria-hidden=\"true\" class=\"wp-block-spacer\"><\/div>\n\n\n\n<div class=\"wp-block-columns is-layout-flex wp-container-core-columns-is-layout-9d6595d7 wp-block-columns-is-layout-flex\">\n<div class=\"wp-block-column is-layout-flow wp-block-column-is-layout-flow\">\n<div class=\"wp-block-media-text is-stacked-on-mobile is-vertically-aligned-center is-image-fill-element has-background\" style=\"background-color:#ecf9ec\"><figure class=\"wp-block-media-text__media\"><a href=\"https:\/\/upbeat-carver.217-154-185-52.plesk.page\/wp-content\/uploads\/2023\/12\/024_Camino_Bosque_Espejos_es.pdf\"><img loading=\"lazy\" decoding=\"async\" width=\"600\" height=\"450\" src=\"https:\/\/upbeat-carver.217-154-185-52.plesk.page\/wp-content\/uploads\/2023\/12\/024_Camino_Bosque_Espejos-1.jpeg\" alt=\"folleto Asentadero - Bosque de los Espejos\" class=\"wp-image-11252 size-full\" style=\"object-position:50% 50%\" srcset=\"https:\/\/upbeat-carver.217-154-185-52.plesk.page\/wp-content\/uploads\/2023\/12\/024_Camino_Bosque_Espejos-1.jpeg 600w, https:\/\/upbeat-carver.217-154-185-52.plesk.page\/wp-content\/uploads\/2023\/12\/024_Camino_Bosque_Espejos-1-300x225.jpeg 300w, https:\/\/upbeat-carver.217-154-185-52.plesk.page\/wp-content\/uploads\/2023\/12\/024_Camino_Bosque_Espejos-1-100x75.jpeg 100w, https:\/\/upbeat-carver.217-154-185-52.plesk.page\/wp-content\/uploads\/2023\/12\/024_Camino_Bosque_Espejos-1-480x360.jpeg 480w\" sizes=\"(max-width:767px) 480px, 600px\" \/><\/a><\/figure><div class=\"wp-block-media-text__content\">\n<div style=\"height:13px\" aria-hidden=\"true\" class=\"wp-block-spacer\"><\/div>\n\n\n\n<p><strong>Asentadero &#8211; Bosque de los Espejos<\/strong><\/p>\n\n\n\n<p>Un camino circular, con obras de arte en la naturaleza, que discurre entre los municipios de San Mart\u00edn del Casta\u00f1ar, Las Casas del Conde y Sequeros.<\/p>\n<\/div><\/div>\n<\/div>\n\n\n\n<div class=\"wp-block-column is-layout-flow wp-block-column-is-layout-flow\">\n<div class=\"wp-block-media-text is-stacked-on-mobile is-vertically-aligned-center is-image-fill-element has-background\" style=\"background-color:#ecf9ec\"><figure class=\"wp-block-media-text__media\"><a href=\"https:\/\/upbeat-carver.217-154-185-52.plesk.page\/wp-content\/uploads\/2023\/12\/023_Camino_Prodigios_es.pdf\"><img loading=\"lazy\" decoding=\"async\" width=\"600\" height=\"450\" src=\"https:\/\/upbeat-carver.217-154-185-52.plesk.page\/wp-content\/uploads\/2023\/12\/023_Camino_Prodigios.jpeg\" alt=\"folleto Camino de los Prodigios\" class=\"wp-image-11271 size-full\" style=\"object-position:50% 50%\" srcset=\"https:\/\/upbeat-carver.217-154-185-52.plesk.page\/wp-content\/uploads\/2023\/12\/023_Camino_Prodigios.jpeg 600w, https:\/\/upbeat-carver.217-154-185-52.plesk.page\/wp-content\/uploads\/2023\/12\/023_Camino_Prodigios-300x225.jpeg 300w, https:\/\/upbeat-carver.217-154-185-52.plesk.page\/wp-content\/uploads\/2023\/12\/023_Camino_Prodigios-100x75.jpeg 100w, https:\/\/upbeat-carver.217-154-185-52.plesk.page\/wp-content\/uploads\/2023\/12\/023_Camino_Prodigios-480x360.jpeg 480w\" sizes=\"(max-width:767px) 480px, 600px\" \/><\/a><\/figure><div class=\"wp-block-media-text__content\">\n<div style=\"height:13px\" aria-hidden=\"true\" class=\"wp-block-spacer\"><\/div>\n\n\n\n<p><strong>Camino de los Prodigios<\/strong><\/p>\n\n\n\n<p>Es un sendero circular con obras de arte en la naturaleza, que transcurre entre los municipios de Miranda del Casta\u00f1ar y Villanueva del Conde.<\/p>\n<\/div><\/div>\n<\/div>\n<\/div>\n\n\n\n<div style=\"height:20px\" aria-hidden=\"true\" class=\"wp-block-spacer\"><\/div>\n\n\n\n<div class=\"wp-block-columns is-layout-flex wp-container-core-columns-is-layout-9d6595d7 wp-block-columns-is-layout-flex\">\n<div class=\"wp-block-column is-layout-flow wp-block-column-is-layout-flow\">\n<div class=\"wp-block-media-text is-stacked-on-mobile is-vertically-aligned-center is-image-fill-element has-background\" style=\"background-color:#ecf9ec\"><figure class=\"wp-block-media-text__media\"><a href=\"https:\/\/upbeat-carver.217-154-185-52.plesk.page\/wp-content\/uploads\/2023\/12\/022_Camino_Agua_es.pdf\"><img loading=\"lazy\" decoding=\"async\" width=\"600\" height=\"450\" src=\"https:\/\/upbeat-carver.217-154-185-52.plesk.page\/wp-content\/uploads\/2023\/12\/022_Camino_Agua.jpeg\" alt=\"folleto camino del agua\" class=\"wp-image-11283 size-full\" style=\"object-position:50% 50%\" srcset=\"https:\/\/upbeat-carver.217-154-185-52.plesk.page\/wp-content\/uploads\/2023\/12\/022_Camino_Agua.jpeg 600w, https:\/\/upbeat-carver.217-154-185-52.plesk.page\/wp-content\/uploads\/2023\/12\/022_Camino_Agua-300x225.jpeg 300w, https:\/\/upbeat-carver.217-154-185-52.plesk.page\/wp-content\/uploads\/2023\/12\/022_Camino_Agua-100x75.jpeg 100w, https:\/\/upbeat-carver.217-154-185-52.plesk.page\/wp-content\/uploads\/2023\/12\/022_Camino_Agua-480x360.jpeg 480w\" sizes=\"(max-width:767px) 480px, 600px\" \/><\/a><\/figure><div class=\"wp-block-media-text__content\">\n<div style=\"height:13px\" aria-hidden=\"true\" class=\"wp-block-spacer\"><\/div>\n\n\n\n<p><strong>Camino del Agua<\/strong><\/p>\n\n\n\n<p>Un itinerario circular entre Mogarraz y Monforte entre bosques de casta\u00f1os, alisos, madro\u00f1os, robles, cultivos de cerezos y olivos.<\/p>\n<\/div><\/div>\n<\/div>\n\n\n\n<div class=\"wp-block-column is-layout-flow wp-block-column-is-layout-flow\">\n<div class=\"wp-block-media-text is-stacked-on-mobile is-vertically-aligned-center is-image-fill-element has-background\" style=\"background-color:#ecf9ec\"><figure class=\"wp-block-media-text__media\"><a href=\"https:\/\/upbeat-carver.217-154-185-52.plesk.page\/wp-content\/uploads\/2023\/12\/020_Camino_Raices_es.pdf\"><img loading=\"lazy\" decoding=\"async\" width=\"600\" height=\"450\" src=\"https:\/\/upbeat-carver.217-154-185-52.plesk.page\/wp-content\/uploads\/2023\/12\/020_Camino_Raices.jpeg\" alt=\"folleto camino de las races\" class=\"wp-image-11288 size-full\" style=\"object-position:50% 50%\" srcset=\"https:\/\/upbeat-carver.217-154-185-52.plesk.page\/wp-content\/uploads\/2023\/12\/020_Camino_Raices.jpeg 600w, https:\/\/upbeat-carver.217-154-185-52.plesk.page\/wp-content\/uploads\/2023\/12\/020_Camino_Raices-300x225.jpeg 300w, https:\/\/upbeat-carver.217-154-185-52.plesk.page\/wp-content\/uploads\/2023\/12\/020_Camino_Raices-100x75.jpeg 100w, https:\/\/upbeat-carver.217-154-185-52.plesk.page\/wp-content\/uploads\/2023\/12\/020_Camino_Raices-480x360.jpeg 480w\" sizes=\"(max-width:767px) 480px, 600px\" \/><\/a><\/figure><div class=\"wp-block-media-text__content\">\n<div style=\"height:13px\" aria-hidden=\"true\" class=\"wp-block-spacer\"><\/div>\n\n\n\n<p><strong>Camino de las Ra\u00edces<\/strong><\/p>\n\n\n\n<p>El camino atraviesa espacios donde se evidencia la presencia humana. El paisaje refleja la vida de sus habitantes, su labor, sus creencias y sus anhelos. <\/p>\n<\/div><\/div>\n<\/div>\n<\/div>\n\n\n\n<div style=\"height:20px\" aria-hidden=\"true\" class=\"wp-block-spacer\"><\/div>\n\n\n\n<div class=\"wp-block-columns is-layout-flex wp-container-core-columns-is-layout-9d6595d7 wp-block-columns-is-layout-flex\">\n<div class=\"wp-block-column is-layout-flow wp-block-column-is-layout-flow\">\n<div class=\"wp-block-media-text is-stacked-on-mobile is-vertically-aligned-center is-image-fill-element has-background\" style=\"background-color:#ecf9ec\"><figure class=\"wp-block-media-text__media\"><a href=\"https:\/\/upbeat-carver.217-154-185-52.plesk.page\/wp-content\/uploads\/2023\/12\/017_Ruta_Tres_Rios_es.pdf\"><img loading=\"lazy\" decoding=\"async\" width=\"600\" height=\"450\" src=\"https:\/\/upbeat-carver.217-154-185-52.plesk.page\/wp-content\/uploads\/2023\/12\/017_Ruta_Tres_Rios.jpeg\" alt=\"folleto Ruta de los Tres Rios\" class=\"wp-image-11297 size-full\" style=\"object-position:50% 50%\" srcset=\"https:\/\/upbeat-carver.217-154-185-52.plesk.page\/wp-content\/uploads\/2023\/12\/017_Ruta_Tres_Rios.jpeg 600w, https:\/\/upbeat-carver.217-154-185-52.plesk.page\/wp-content\/uploads\/2023\/12\/017_Ruta_Tres_Rios-300x225.jpeg 300w, https:\/\/upbeat-carver.217-154-185-52.plesk.page\/wp-content\/uploads\/2023\/12\/017_Ruta_Tres_Rios-100x75.jpeg 100w, https:\/\/upbeat-carver.217-154-185-52.plesk.page\/wp-content\/uploads\/2023\/12\/017_Ruta_Tres_Rios-480x360.jpeg 480w\" sizes=\"(max-width:767px) 480px, 600px\" \/><\/a><\/figure><div class=\"wp-block-media-text__content\">\n<div style=\"height:13px\" aria-hidden=\"true\" class=\"wp-block-spacer\"><\/div>\n\n\n\n<p><strong>Ruta de los Tres R\u00edos<\/strong><\/p>\n\n\n\n<p>Un sendero circular que nace y termina en la Plaza Mayor de Sotoserrano. Sale al encuentro de las desembocaduras de los r\u00edos Francia y Cuerpo de Hombre en el caudal del r\u00edo Alag\u00f3n.<\/p>\n<\/div><\/div>\n<\/div>\n\n\n\n<div class=\"wp-block-column is-layout-flow wp-block-column-is-layout-flow\">\n<div class=\"wp-block-media-text is-stacked-on-mobile is-vertically-aligned-center is-image-fill-element has-background\" style=\"background-color:#ecf9ec\"><figure class=\"wp-block-media-text__media\"><a href=\"https:\/\/upbeat-carver.217-154-185-52.plesk.page\/wp-content\/uploads\/2023\/12\/035_rutavinosierradefrancia_es.pdf\"><img loading=\"lazy\" decoding=\"async\" width=\"600\" height=\"450\" src=\"https:\/\/upbeat-carver.217-154-185-52.plesk.page\/wp-content\/uploads\/2023\/12\/035_Ruta_Vino_S_Francia-1.jpeg\" alt=\"folleto ruta del vino\" class=\"wp-image-11303 size-full\" style=\"object-position:50% 50%\" srcset=\"https:\/\/upbeat-carver.217-154-185-52.plesk.page\/wp-content\/uploads\/2023\/12\/035_Ruta_Vino_S_Francia-1.jpeg 600w, https:\/\/upbeat-carver.217-154-185-52.plesk.page\/wp-content\/uploads\/2023\/12\/035_Ruta_Vino_S_Francia-1-300x225.jpeg 300w, https:\/\/upbeat-carver.217-154-185-52.plesk.page\/wp-content\/uploads\/2023\/12\/035_Ruta_Vino_S_Francia-1-100x75.jpeg 100w, https:\/\/upbeat-carver.217-154-185-52.plesk.page\/wp-content\/uploads\/2023\/12\/035_Ruta_Vino_S_Francia-1-480x360.jpeg 480w\" sizes=\"(max-width:767px) 480px, 600px\" \/><\/a><\/figure><div class=\"wp-block-media-text__content\">\n<div style=\"height:13px\" aria-hidden=\"true\" class=\"wp-block-spacer\"><\/div>\n\n\n\n<p><strong>Ruta del Vino Sierra de Francia<\/strong><\/p>\n\n\n\n<p>Percibir sensaciones ser\u00e1 f\u00e1cil uniendo vino y territorio. Una escapada imprescindible donde podr\u00e1s descubrir y sentir la grandeza de este enclave.<\/p>\n<\/div><\/div>\n<\/div>\n<\/div>\n\n\n\n<div style=\"height:20px\" aria-hidden=\"true\" class=\"wp-block-spacer\"><\/div>\n\n\n\n<div class=\"wp-block-columns is-layout-flex wp-container-core-columns-is-layout-9d6595d7 wp-block-columns-is-layout-flex\">\n<div class=\"wp-block-column is-layout-flow wp-block-column-is-layout-flow\">\n<div class=\"wp-block-media-text is-stacked-on-mobile is-vertically-aligned-center is-image-fill-element has-background\" style=\"background-color:#ecf9ec\"><figure class=\"wp-block-media-text__media\"><a href=\"https:\/\/upbeat-carver.217-154-185-52.plesk.page\/wp-content\/uploads\/2023\/12\/031_Ruta_Urbana_Sequeros_es.pdf\"><img loading=\"lazy\" decoding=\"async\" width=\"600\" height=\"450\" src=\"https:\/\/upbeat-carver.217-154-185-52.plesk.page\/wp-content\/uploads\/2023\/12\/031_Ruta_Urbana_Sequeros.jpeg\" alt=\"Ruta Urbana Sequeros\" class=\"wp-image-11310 size-full\" style=\"object-position:50% 50%\" srcset=\"https:\/\/upbeat-carver.217-154-185-52.plesk.page\/wp-content\/uploads\/2023\/12\/031_Ruta_Urbana_Sequeros.jpeg 600w, https:\/\/upbeat-carver.217-154-185-52.plesk.page\/wp-content\/uploads\/2023\/12\/031_Ruta_Urbana_Sequeros-300x225.jpeg 300w, https:\/\/upbeat-carver.217-154-185-52.plesk.page\/wp-content\/uploads\/2023\/12\/031_Ruta_Urbana_Sequeros-100x75.jpeg 100w, https:\/\/upbeat-carver.217-154-185-52.plesk.page\/wp-content\/uploads\/2023\/12\/031_Ruta_Urbana_Sequeros-480x360.jpeg 480w\" sizes=\"(max-width:767px) 480px, 600px\" \/><\/a><\/figure><div class=\"wp-block-media-text__content\">\n<div style=\"height:13px\" aria-hidden=\"true\" class=\"wp-block-spacer\"><\/div>\n\n\n\n<p><strong>Ruta Urbana Sequeros<\/strong><\/p>\n\n\n\n<p>Un universo rural y tradicional al que se le superpone un Sequeros capitalino, dos mundos en armon\u00eda que se asoman a un privilegiado mirador.<\/p>\n<\/div><\/div>\n\n\n\n<p><\/p>\n\n\n\n<p><\/p>\n\n\n\n<div class=\"wp-block-media-text is-stacked-on-mobile is-vertically-aligned-center is-image-fill-element has-background\" style=\"background-color:#ecf9ec\"><figure class=\"wp-block-media-text__media\"><a href=\"https:\/\/upbeat-carver.217-154-185-52.plesk.page\/wp-content\/uploads\/2025\/04\/Tiempo-de-Pasion-25.pdf\"><img loading=\"lazy\" decoding=\"async\" width=\"370\" height=\"297\" src=\"https:\/\/upbeat-carver.217-154-185-52.plesk.page\/wp-content\/uploads\/2025\/04\/tiempo-de-pasion.png\" alt=\"\" class=\"wp-image-19860 size-full\" style=\"object-position:50% 50%\" srcset=\"https:\/\/upbeat-carver.217-154-185-52.plesk.page\/wp-content\/uploads\/2025\/04\/tiempo-de-pasion.png 370w, https:\/\/upbeat-carver.217-154-185-52.plesk.page\/wp-content\/uploads\/2025\/04\/tiempo-de-pasion-300x241.png 300w, https:\/\/upbeat-carver.217-154-185-52.plesk.page\/wp-content\/uploads\/2025\/04\/tiempo-de-pasion-93x75.png 93w\" sizes=\"(max-width:767px) 370px, 370px\" \/><\/a><\/figure><div class=\"wp-block-media-text__content\">\n<div style=\"height:13px\" aria-hidden=\"true\" class=\"wp-block-spacer\"><\/div>\n\n\n\n<p><strong>Tiempo de Pasi\u00f3n<\/strong><\/p>\n\n\n\n<p>Una recopilaci\u00f3n de los eventos m\u00e1s destacados de la Semana Santa en la provincia de Salamanca. Procesiones, tradiciones, gastronom\u00eda.<\/p>\n<\/div><\/div>\n<\/div>\n\n\n\n<div class=\"wp-block-column is-layout-flow wp-block-column-is-layout-flow\">\n<div class=\"wp-block-media-text is-stacked-on-mobile is-vertically-aligned-center is-image-fill-element has-background\" style=\"background-color:#ecf9ec\"><figure class=\"wp-block-media-text__media\"><a href=\"https:\/\/upbeat-carver.217-154-185-52.plesk.page\/wp-content\/uploads\/2023\/12\/091_salamanca-en-bandeja-eo-club_es.pdf\"><img loading=\"lazy\" decoding=\"async\" width=\"600\" height=\"450\" src=\"https:\/\/upbeat-carver.217-154-185-52.plesk.page\/wp-content\/uploads\/2023\/12\/091_salamanca-en-bandeja-eo-club.jpeg\" alt=\"salamanca en bandeja\" class=\"wp-image-11314 size-full\" style=\"object-position:50% 50%\" srcset=\"https:\/\/upbeat-carver.217-154-185-52.plesk.page\/wp-content\/uploads\/2023\/12\/091_salamanca-en-bandeja-eo-club.jpeg 600w, https:\/\/upbeat-carver.217-154-185-52.plesk.page\/wp-content\/uploads\/2023\/12\/091_salamanca-en-bandeja-eo-club-300x225.jpeg 300w, https:\/\/upbeat-carver.217-154-185-52.plesk.page\/wp-content\/uploads\/2023\/12\/091_salamanca-en-bandeja-eo-club-100x75.jpeg 100w, https:\/\/upbeat-carver.217-154-185-52.plesk.page\/wp-content\/uploads\/2023\/12\/091_salamanca-en-bandeja-eo-club-480x360.jpeg 480w\" sizes=\"(max-width:767px) 480px, 600px\" \/><\/a><\/figure><div class=\"wp-block-media-text__content\">\n<div style=\"height:13px\" aria-hidden=\"true\" class=\"wp-block-spacer\"><\/div>\n\n\n\n<p><strong>Salamanca en Bandeja<\/strong><\/p>\n\n\n\n<p>Relaci\u00f3n de los socios adheridos a \u00abSalamanca en Bandeja\u00bb. Club de promoci\u00f3n de los productos agroalimentarios, la hosteler\u00eda y el comercio minorista salmantinos.<\/p>\n<\/div><\/div>\n<\/div>\n<\/div>\n\n\n\n<div style=\"height:20px\" aria-hidden=\"true\" class=\"wp-block-spacer\"><\/div>\n\n\n\n<p><\/p>\n<\/div><\/div>\n\n\n\n<div style=\"height:20px\" aria-hidden=\"true\" class=\"wp-block-spacer\"><\/div>\n\n\n\n<div class=\"wp-block-group tic-page-content\"><div class=\"wp-block-group__inner-container is-layout-constrained wp-block-group-is-layout-constrained\">\n<div style=\"height:13px\" aria-hidden=\"true\" class=\"wp-block-spacer\"><\/div>\n\n\n\n<hr class=\"wp-block-separator has-text-color has-alpha-channel-opacity has-background\" style=\"background-color:#d1d5da;color:#d1d5da\"\/>\n<\/div><\/div>\n\n\n\n<div style=\"height:30px\" aria-hidden=\"true\" class=\"wp-block-spacer\"><\/div>\n\n\n\n<div class=\"wp-block-group tic-page-footer\"><div class=\"wp-block-group__inner-container is-layout-constrained wp-block-group-is-layout-constrained\">\n<p class=\"tic-secicon has-medium-font-size\"><strong>Relacionado<\/strong><\/p>\n\n\n\n\t\t\t<div class=\"foogallery foogallery-container foogallery-carousel foogallery-lightbox-none fg-carousel-hide-nav-arrows fg-carousel-hide-pagination fg-carousel-hide-progress-bar fg-carousel fg-ready fg-custom fg-shadow-outline fg-loading-default fg-loaded-fade-in fg-caption-always fg-hover-fade fg-c-c\" id=\"foogallery-gallery-3652\" data-foogallery=\"{&quot;item&quot;:{&quot;showCaptionTitle&quot;:true,&quot;showCaptionDescription&quot;:true},&quot;lazy&quot;:true,&quot;template&quot;:{&quot;maxItems&quot;:7,&quot;scale&quot;:0,&quot;gutter&quot;:{&quot;min&quot;:5,&quot;max&quot;:10,&quot;unit&quot;:&quot;px&quot;},&quot;autoplay&quot;:{&quot;time&quot;:5,&quot;interaction&quot;:&quot;disable&quot;},&quot;centerOnClick&quot;:false}}\" style=\"--fg-title-line-clamp: 0; --fg-description-line-clamp: 0;\" >\n\t<button type=\"button\" class=\"fg-carousel-prev\" title=\"Previous\"><\/button>\n\t<div class=\"fg-carousel-inner\">\n\t\t<div class=\"fg-carousel-center\"><\/div>\n\t\t<div class=\"fg-item fg-type-iframe fg-idle\"><figure class=\"fg-item-inner\"><a href=\"https:\/\/upbeat-carver.217-154-185-52.plesk.page\/nuestros-pueblos\/\" data-caption-title=\"Nuestros Pueblos\" data-attachment-id=\"16463\" data-type=\"iframe\" class=\"fg-thumb\"><span class=\"fg-image-wrap\"><img decoding=\"async\" title=\"Nuestros Pueblos\" width=\"293\" height=\"400\" class=\"skip-lazy fg-image\" data-src-fg=\"https:\/\/upbeat-carver.217-154-185-52.plesk.page\/wp-content\/uploads\/cache\/2024\/06\/nuestros-pueblos-recomendado\/3450360749.webp\" src=\"data:image\/svg+xml,%3Csvg%20xmlns%3D%22http%3A%2F%2Fwww.w3.org%2F2000%2Fsvg%22%20width%3D%22293%22%20height%3D%22400%22%20viewBox%3D%220%200%20293%20400%22%3E%3C%2Fsvg%3E\" loading=\"eager\"><\/span><span class=\"fg-image-overlay\"><\/span><\/a><figcaption class=\"fg-caption\"><div class=\"fg-caption-inner\"><div class=\"fg-caption-title\">Nuestros Pueblos<\/div><\/div><\/figcaption><\/figure><div class=\"fg-loader\"><\/div><\/div><div class=\"fg-item fg-type-iframe fg-idle\"><figure class=\"fg-item-inner\"><a href=\"https:\/\/upbeat-carver.217-154-185-52.plesk.page\/turismo-activo\/estacion-de-deportes-de-montana\/senderismo\/\" data-caption-title=\"Senderismo\" data-attachment-id=\"16465\" data-type=\"iframe\" class=\"fg-thumb\"><span class=\"fg-image-wrap\"><img decoding=\"async\" title=\"Senderismo\" width=\"293\" height=\"400\" class=\"skip-lazy fg-image\" data-src-fg=\"https:\/\/upbeat-carver.217-154-185-52.plesk.page\/wp-content\/uploads\/cache\/2024\/06\/senderismo-recomendador\/653318006.webp\" src=\"data:image\/svg+xml,%3Csvg%20xmlns%3D%22http%3A%2F%2Fwww.w3.org%2F2000%2Fsvg%22%20width%3D%22293%22%20height%3D%22400%22%20viewBox%3D%220%200%20293%20400%22%3E%3C%2Fsvg%3E\" loading=\"eager\"><\/span><span class=\"fg-image-overlay\"><\/span><\/a><figcaption class=\"fg-caption\"><div class=\"fg-caption-inner\"><div class=\"fg-caption-title\">Senderismo<\/div><\/div><\/figcaption><\/figure><div class=\"fg-loader\"><\/div><\/div><div class=\"fg-item fg-type-iframe fg-idle\"><figure class=\"fg-item-inner\"><a href=\"https:\/\/upbeat-carver.217-154-185-52.plesk.page\/turismo-activo\/turismo-rutas-accesibles\/\" data-caption-title=\"Rutas Accesibles\" data-attachment-id=\"16464\" data-type=\"iframe\" class=\"fg-thumb\"><span class=\"fg-image-wrap\"><img decoding=\"async\" title=\"Rutas Accesibles\" width=\"293\" height=\"400\" class=\"skip-lazy fg-image\" data-src-fg=\"https:\/\/upbeat-carver.217-154-185-52.plesk.page\/wp-content\/uploads\/cache\/2024\/06\/rutas-accesibles-recomendador\/4236705883.webp\" src=\"data:image\/svg+xml,%3Csvg%20xmlns%3D%22http%3A%2F%2Fwww.w3.org%2F2000%2Fsvg%22%20width%3D%22293%22%20height%3D%22400%22%20viewBox%3D%220%200%20293%20400%22%3E%3C%2Fsvg%3E\" loading=\"eager\"><\/span><span class=\"fg-image-overlay\"><\/span><\/a><figcaption class=\"fg-caption\"><div class=\"fg-caption-inner\"><div class=\"fg-caption-title\">Rutas Accesibles<\/div><\/div><\/figcaption><\/figure><div class=\"fg-loader\"><\/div><\/div><div class=\"fg-item fg-type-iframe fg-idle\"><figure class=\"fg-item-inner\"><a href=\"https:\/\/upbeat-carver.217-154-185-52.plesk.page\/donde-dormir\/\" data-caption-title=\"\u00bfD\u00f3nde Comer?\" data-attachment-id=\"16462\" data-type=\"iframe\" class=\"fg-thumb\"><span class=\"fg-image-wrap\"><img decoding=\"async\" title=\"\u00bfD\u00f3nde Comer?\" width=\"293\" height=\"400\" class=\"skip-lazy fg-image\" data-src-fg=\"https:\/\/upbeat-carver.217-154-185-52.plesk.page\/wp-content\/uploads\/cache\/2024\/06\/donde_comer-recomendado\/3830583107.webp\" src=\"data:image\/svg+xml,%3Csvg%20xmlns%3D%22http%3A%2F%2Fwww.w3.org%2F2000%2Fsvg%22%20width%3D%22293%22%20height%3D%22400%22%20viewBox%3D%220%200%20293%20400%22%3E%3C%2Fsvg%3E\" loading=\"eager\"><\/span><span class=\"fg-image-overlay\"><\/span><\/a><figcaption class=\"fg-caption\"><div class=\"fg-caption-inner\"><div class=\"fg-caption-title\">\u00bfD\u00f3nde Comer?<\/div><\/div><\/figcaption><\/figure><div class=\"fg-loader\"><\/div><\/div><div class=\"fg-item fg-type-iframe fg-idle\"><figure class=\"fg-item-inner\"><a href=\"https:\/\/upbeat-carver.217-154-185-52.plesk.page\/donde-dormir\/\" data-caption-title=\"\u00bfD\u00f3nde Dormir?\" data-attachment-id=\"16461\" data-type=\"iframe\" class=\"fg-thumb\"><span class=\"fg-image-wrap\"><img decoding=\"async\" title=\"\u00bfD\u00f3nde Dormir?\" width=\"293\" height=\"400\" class=\"skip-lazy fg-image\" data-src-fg=\"https:\/\/upbeat-carver.217-154-185-52.plesk.page\/wp-content\/uploads\/cache\/2024\/06\/donde-dormir-recomendado\/1300525129.webp\" src=\"data:image\/svg+xml,%3Csvg%20xmlns%3D%22http%3A%2F%2Fwww.w3.org%2F2000%2Fsvg%22%20width%3D%22293%22%20height%3D%22400%22%20viewBox%3D%220%200%20293%20400%22%3E%3C%2Fsvg%3E\" loading=\"eager\"><\/span><span class=\"fg-image-overlay\"><\/span><\/a><figcaption class=\"fg-caption\"><div class=\"fg-caption-inner\"><div class=\"fg-caption-title\">\u00bfD\u00f3nde Dormir?<\/div><\/div><\/figcaption><\/figure><div class=\"fg-loader\"><\/div><\/div><div class=\"fg-item fg-type-iframe fg-idle\"><figure class=\"fg-item-inner\"><a href=\"https:\/\/upbeat-carver.217-154-185-52.plesk.page\/turismo-activo\/caminos-de-arte-en-la-naturaleza\/\" data-caption-title=\"Caminos de Arte\" data-attachment-id=\"16459\" data-type=\"iframe\" class=\"fg-thumb\"><span class=\"fg-image-wrap\"><img decoding=\"async\" title=\"Caminos de Arte\" width=\"293\" height=\"400\" class=\"skip-lazy fg-image\" data-src-fg=\"https:\/\/upbeat-carver.217-154-185-52.plesk.page\/wp-content\/uploads\/cache\/2024\/06\/caminos-del-arte-recomendador\/3488217815.webp\" src=\"data:image\/svg+xml,%3Csvg%20xmlns%3D%22http%3A%2F%2Fwww.w3.org%2F2000%2Fsvg%22%20width%3D%22293%22%20height%3D%22400%22%20viewBox%3D%220%200%20293%20400%22%3E%3C%2Fsvg%3E\" loading=\"eager\"><\/span><span class=\"fg-image-overlay\"><\/span><\/a><figcaption class=\"fg-caption\"><div class=\"fg-caption-inner\"><div class=\"fg-caption-title\">Caminos de Arte<\/div><\/div><\/figcaption><\/figure><div class=\"fg-loader\"><\/div><\/div><div class=\"fg-item fg-type-iframe fg-idle\"><figure class=\"fg-item-inner\"><a href=\"https:\/\/upbeat-carver.217-154-185-52.plesk.page\/cultura\/centros-interpretacion-museos\/\" data-caption-title=\"Centros de Interpretaci\u00f3n\" data-attachment-id=\"16460\" data-type=\"iframe\" class=\"fg-thumb\"><span class=\"fg-image-wrap\"><img decoding=\"async\" title=\"Centros de Interpretaci\u00f3n\" width=\"293\" height=\"400\" class=\"skip-lazy fg-image\" data-src-fg=\"https:\/\/upbeat-carver.217-154-185-52.plesk.page\/wp-content\/uploads\/cache\/2024\/06\/centro-interpretacion-museo\/542232789.webp\" src=\"data:image\/svg+xml,%3Csvg%20xmlns%3D%22http%3A%2F%2Fwww.w3.org%2F2000%2Fsvg%22%20width%3D%22293%22%20height%3D%22400%22%20viewBox%3D%220%200%20293%20400%22%3E%3C%2Fsvg%3E\" loading=\"eager\"><\/span><span class=\"fg-image-overlay\"><\/span><\/a><figcaption class=\"fg-caption\"><div class=\"fg-caption-inner\"><div class=\"fg-caption-title\">Centros de Interpretaci\u00f3n<\/div><\/div><\/figcaption><\/figure><div class=\"fg-loader\"><\/div><\/div>\t<\/div>\n\t<div class=\"fg-carousel-bottom\"><\/div>\n\t<div class=\"fg-carousel-progress\"><\/div>\n\t<button type=\"button\" class=\"fg-carousel-next\" title=\"Siguiente\"><\/button>\n<\/div>\n\n\n<div style=\"height:50px\" aria-hidden=\"true\" class=\"wp-block-spacer\"><\/div>\n<\/div><\/div>\n<style class=\"advgb-styles-renderer\">\n#foogallery-gallery-3652 .fg-image { width: 293px; }#foogallery-gallery-3652 { \r\n width:100%;\r\n}\r\n\r\n#foogallery-gallery-3652 div.fg-caption-title { \r\nfont-weight:700;\r\n}\r\n\r\n<\/style>","protected":false},"excerpt":{"rendered":"<p>Las publicaciones tur\u00edsticas de la Sierra de Francia, editadas por la Diputaci\u00f3n de Salamanca, ofrecen una informaci\u00f3n completa para planificar&hellip; <a class=\"continue\" href=\"https:\/\/upbeat-carver.217-154-185-52.plesk.page\/?page_id=4458\">Seguir leyendo<span> Folletos y Mapas<\/span><\/a><\/p>\n","protected":false},"author":1,"featured_media":0,"parent":0,"menu_order":0,"comment_status":"closed","ping_status":"closed","template":"","meta":{"advgb_blocks_editor_width":"","advgb_blocks_columns_visual_guide":"","footnotes":""},"class_list":["post-4458","page","type-page","status-publish","hentry"],"yoast_head":"<!-- This site is optimized with the Yoast SEO plugin v27.2 - https:\/\/yoast.com\/product\/yoast-seo-wordpress\/ -->\n<title>Folletos y Mapas - Sierra de Francia<\/title>\n<meta name=\"description\" content=\"Prepara tu pr\u00f3xima visita a la sierra de Francia con nuestra selecci\u00f3n de folletos y mapas.\" \/>\n<meta name=\"robots\" content=\"index, follow, max-snippet:-1, max-image-preview:large, max-video-preview:-1\" \/>\n<link rel=\"canonical\" href=\"https:\/\/upbeat-carver.217-154-185-52.plesk.page\/folletos-y-mapas\/\" \/>\n<meta property=\"og:locale\" content=\"es_ES\" \/>\n<meta property=\"og:type\" content=\"article\" \/>\n<meta property=\"og:title\" content=\"Folletos y Mapas - Sierra de Francia\" \/>\n<meta property=\"og:description\" content=\"Prepara tu pr\u00f3xima visita a la sierra de Francia con nuestra selecci\u00f3n de folletos y mapas.\" \/>\n<meta property=\"og:url\" content=\"https:\/\/upbeat-carver.217-154-185-52.plesk.page\/folletos-y-mapas\/\" \/>\n<meta property=\"og:site_name\" content=\"Sierra de Francia\" \/>\n<meta property=\"article:publisher\" content=\"https:\/\/www.facebook.com\/visitasierradefrancia\/\" \/>\n<meta property=\"article:modified_time\" content=\"2025-04-04T07:22:37+00:00\" \/>\n<meta property=\"og:image\" content=\"https:\/\/upbeat-carver.217-154-185-52.plesk.page\/wp-content\/uploads\/2024\/08\/portada-mapa-plan-.webp\" \/>\n\t<meta property=\"og:image:width\" content=\"600\" \/>\n\t<meta property=\"og:image:height\" content=\"450\" \/>\n\t<meta property=\"og:image:type\" content=\"image\/webp\" \/>\n<meta name=\"twitter:card\" content=\"summary_large_image\" \/>\n<meta name=\"twitter:site\" content=\"@visitaSF\" \/>\n<meta name=\"twitter:label1\" content=\"Tiempo de lectura\" \/>\n\t<meta name=\"twitter:data1\" content=\"5 minutos\" \/>\n<script type=\"application\/ld+json\" class=\"yoast-schema-graph\">{\"@context\":\"https:\/\/schema.org\",\"@graph\":[{\"@type\":\"WebPage\",\"@id\":\"https:\/\/upbeat-carver.217-154-185-52.plesk.page\/folletos-y-mapas\/\",\"url\":\"https:\/\/upbeat-carver.217-154-185-52.plesk.page\/folletos-y-mapas\/\",\"name\":\"Folletos y Mapas - Sierra de Francia\",\"isPartOf\":{\"@id\":\"https:\/\/upbeat-carver.217-154-185-52.plesk.page\/#website\"},\"primaryImageOfPage\":{\"@id\":\"https:\/\/upbeat-carver.217-154-185-52.plesk.page\/folletos-y-mapas\/#primaryimage\"},\"image\":{\"@id\":\"https:\/\/upbeat-carver.217-154-185-52.plesk.page\/folletos-y-mapas\/#primaryimage\"},\"thumbnailUrl\":\"https:\/\/upbeat-carver.217-154-185-52.plesk.page\/wp-content\/uploads\/2024\/08\/portada-mapa-plan-.webp\",\"datePublished\":\"2023-06-27T17:40:04+00:00\",\"dateModified\":\"2025-04-04T07:22:37+00:00\",\"description\":\"Prepara tu pr\u00f3xima visita a la sierra de Francia con nuestra selecci\u00f3n de folletos y mapas.\",\"breadcrumb\":{\"@id\":\"https:\/\/upbeat-carver.217-154-185-52.plesk.page\/folletos-y-mapas\/#breadcrumb\"},\"inLanguage\":\"es\",\"potentialAction\":[{\"@type\":\"ReadAction\",\"target\":[\"https:\/\/upbeat-carver.217-154-185-52.plesk.page\/folletos-y-mapas\/\"]}]},{\"@type\":\"ImageObject\",\"inLanguage\":\"es\",\"@id\":\"https:\/\/upbeat-carver.217-154-185-52.plesk.page\/folletos-y-mapas\/#primaryimage\",\"url\":\"https:\/\/upbeat-carver.217-154-185-52.plesk.page\/wp-content\/uploads\/2024\/08\/portada-mapa-plan-.webp\",\"contentUrl\":\"https:\/\/upbeat-carver.217-154-185-52.plesk.page\/wp-content\/uploads\/2024\/08\/portada-mapa-plan-.webp\",\"width\":600,\"height\":450,\"caption\":\"portada mapa sierra de francia\"},{\"@type\":\"BreadcrumbList\",\"@id\":\"https:\/\/upbeat-carver.217-154-185-52.plesk.page\/folletos-y-mapas\/#breadcrumb\",\"itemListElement\":[{\"@type\":\"ListItem\",\"position\":1,\"name\":\"Inicio\",\"item\":\"https:\/\/upbeat-carver.217-154-185-52.plesk.page\/\"},{\"@type\":\"ListItem\",\"position\":2,\"name\":\"Folletos y Mapas\"}]},{\"@type\":\"WebSite\",\"@id\":\"https:\/\/upbeat-carver.217-154-185-52.plesk.page\/#website\",\"url\":\"https:\/\/upbeat-carver.217-154-185-52.plesk.page\/\",\"name\":\"Sierra de Francia\",\"description\":\"\",\"publisher\":{\"@id\":\"https:\/\/upbeat-carver.217-154-185-52.plesk.page\/#organization\"},\"alternateName\":\"Turismo Sierra de Francia\",\"potentialAction\":[{\"@type\":\"SearchAction\",\"target\":{\"@type\":\"EntryPoint\",\"urlTemplate\":\"https:\/\/upbeat-carver.217-154-185-52.plesk.page\/?s={search_term_string}\"},\"query-input\":{\"@type\":\"PropertyValueSpecification\",\"valueRequired\":true,\"valueName\":\"search_term_string\"}}],\"inLanguage\":\"es\"},{\"@type\":\"Organization\",\"@id\":\"https:\/\/upbeat-carver.217-154-185-52.plesk.page\/#organization\",\"name\":\"Sierra de Francia\",\"alternateName\":\"Turismo Sierra de Francia\",\"url\":\"https:\/\/upbeat-carver.217-154-185-52.plesk.page\/\",\"logo\":{\"@type\":\"ImageObject\",\"inLanguage\":\"es\",\"@id\":\"https:\/\/upbeat-carver.217-154-185-52.plesk.page\/#\/schema\/logo\/image\/\",\"url\":\"https:\/\/upbeat-carver.217-154-185-52.plesk.page\/wp-content\/uploads\/2024\/04\/cropped-logo_redondo-removebg-preview.png\",\"contentUrl\":\"https:\/\/upbeat-carver.217-154-185-52.plesk.page\/wp-content\/uploads\/2024\/04\/cropped-logo_redondo-removebg-preview.png\",\"width\":512,\"height\":512,\"caption\":\"Sierra de Francia\"},\"image\":{\"@id\":\"https:\/\/upbeat-carver.217-154-185-52.plesk.page\/#\/schema\/logo\/image\/\"},\"sameAs\":[\"https:\/\/www.facebook.com\/visitasierradefrancia\/\",\"https:\/\/x.com\/visitaSF\",\"https:\/\/www.instagram.com\/visitasierradefrancia\/\",\"https:\/\/www.youtube.com\/@visitasierradefrancia\"]}]}<\/script>\n<!-- \/ Yoast SEO plugin. -->","yoast_head_json":{"title":"Folletos y Mapas - Sierra de Francia","description":"Prepara tu pr\u00f3xima visita a la sierra de Francia con nuestra selecci\u00f3n de folletos y mapas.","robots":{"index":"index","follow":"follow","max-snippet":"max-snippet:-1","max-image-preview":"max-image-preview:large","max-video-preview":"max-video-preview:-1"},"canonical":"https:\/\/upbeat-carver.217-154-185-52.plesk.page\/folletos-y-mapas\/","og_locale":"es_ES","og_type":"article","og_title":"Folletos y Mapas - Sierra de Francia","og_description":"Prepara tu pr\u00f3xima visita a la sierra de Francia con nuestra selecci\u00f3n de folletos y mapas.","og_url":"https:\/\/upbeat-carver.217-154-185-52.plesk.page\/folletos-y-mapas\/","og_site_name":"Sierra de Francia","article_publisher":"https:\/\/www.facebook.com\/visitasierradefrancia\/","article_modified_time":"2025-04-04T07:22:37+00:00","og_image":[{"width":600,"height":450,"url":"https:\/\/upbeat-carver.217-154-185-52.plesk.page\/wp-content\/uploads\/2024\/08\/portada-mapa-plan-.webp","type":"image\/webp"}],"twitter_card":"summary_large_image","twitter_site":"@visitaSF","twitter_misc":{"Tiempo de lectura":"5 minutos"},"schema":{"@context":"https:\/\/schema.org","@graph":[{"@type":"WebPage","@id":"https:\/\/upbeat-carver.217-154-185-52.plesk.page\/folletos-y-mapas\/","url":"https:\/\/upbeat-carver.217-154-185-52.plesk.page\/folletos-y-mapas\/","name":"Folletos y Mapas - Sierra de Francia","isPartOf":{"@id":"https:\/\/upbeat-carver.217-154-185-52.plesk.page\/#website"},"primaryImageOfPage":{"@id":"https:\/\/upbeat-carver.217-154-185-52.plesk.page\/folletos-y-mapas\/#primaryimage"},"image":{"@id":"https:\/\/upbeat-carver.217-154-185-52.plesk.page\/folletos-y-mapas\/#primaryimage"},"thumbnailUrl":"https:\/\/upbeat-carver.217-154-185-52.plesk.page\/wp-content\/uploads\/2024\/08\/portada-mapa-plan-.webp","datePublished":"2023-06-27T17:40:04+00:00","dateModified":"2025-04-04T07:22:37+00:00","description":"Prepara tu pr\u00f3xima visita a la sierra de Francia con nuestra selecci\u00f3n de folletos y mapas.","breadcrumb":{"@id":"https:\/\/upbeat-carver.217-154-185-52.plesk.page\/folletos-y-mapas\/#breadcrumb"},"inLanguage":"es","potentialAction":[{"@type":"ReadAction","target":["https:\/\/upbeat-carver.217-154-185-52.plesk.page\/folletos-y-mapas\/"]}]},{"@type":"ImageObject","inLanguage":"es","@id":"https:\/\/upbeat-carver.217-154-185-52.plesk.page\/folletos-y-mapas\/#primaryimage","url":"https:\/\/upbeat-carver.217-154-185-52.plesk.page\/wp-content\/uploads\/2024\/08\/portada-mapa-plan-.webp","contentUrl":"https:\/\/upbeat-carver.217-154-185-52.plesk.page\/wp-content\/uploads\/2024\/08\/portada-mapa-plan-.webp","width":600,"height":450,"caption":"portada mapa sierra de francia"},{"@type":"BreadcrumbList","@id":"https:\/\/upbeat-carver.217-154-185-52.plesk.page\/folletos-y-mapas\/#breadcrumb","itemListElement":[{"@type":"ListItem","position":1,"name":"Inicio","item":"https:\/\/upbeat-carver.217-154-185-52.plesk.page\/"},{"@type":"ListItem","position":2,"name":"Folletos y Mapas"}]},{"@type":"WebSite","@id":"https:\/\/upbeat-carver.217-154-185-52.plesk.page\/#website","url":"https:\/\/upbeat-carver.217-154-185-52.plesk.page\/","name":"Sierra de Francia","description":"","publisher":{"@id":"https:\/\/upbeat-carver.217-154-185-52.plesk.page\/#organization"},"alternateName":"Turismo Sierra de Francia","potentialAction":[{"@type":"SearchAction","target":{"@type":"EntryPoint","urlTemplate":"https:\/\/upbeat-carver.217-154-185-52.plesk.page\/?s={search_term_string}"},"query-input":{"@type":"PropertyValueSpecification","valueRequired":true,"valueName":"search_term_string"}}],"inLanguage":"es"},{"@type":"Organization","@id":"https:\/\/upbeat-carver.217-154-185-52.plesk.page\/#organization","name":"Sierra de Francia","alternateName":"Turismo Sierra de Francia","url":"https:\/\/upbeat-carver.217-154-185-52.plesk.page\/","logo":{"@type":"ImageObject","inLanguage":"es","@id":"https:\/\/upbeat-carver.217-154-185-52.plesk.page\/#\/schema\/logo\/image\/","url":"https:\/\/upbeat-carver.217-154-185-52.plesk.page\/wp-content\/uploads\/2024\/04\/cropped-logo_redondo-removebg-preview.png","contentUrl":"https:\/\/upbeat-carver.217-154-185-52.plesk.page\/wp-content\/uploads\/2024\/04\/cropped-logo_redondo-removebg-preview.png","width":512,"height":512,"caption":"Sierra de Francia"},"image":{"@id":"https:\/\/upbeat-carver.217-154-185-52.plesk.page\/#\/schema\/logo\/image\/"},"sameAs":["https:\/\/www.facebook.com\/visitasierradefrancia\/","https:\/\/x.com\/visitaSF","https:\/\/www.instagram.com\/visitasierradefrancia\/","https:\/\/www.youtube.com\/@visitasierradefrancia"]}]}},"coauthors":[],"author_meta":{"author_link":"https:\/\/upbeat-carver.217-154-185-52.plesk.page\/?author=1","display_name":"admin"},"relative_dates":{"created":"Publicado 3 a\u00f1os hace","modified":"Actualizado 1 a\u00f1o hace"},"absolute_dates":{"created":"Publicado el 27\/06\/2023","modified":"Actualizado el 04\/04\/2025"},"absolute_dates_time":{"created":"Publicado el 27\/06\/2023 17:40","modified":"Actualizado el 04\/04\/2025 07:22"},"featured_img_caption":"","featured_img":false,"series_order":"","_links":{"self":[{"href":"https:\/\/upbeat-carver.217-154-185-52.plesk.page\/index.php?rest_route=\/wp\/v2\/pages\/4458","targetHints":{"allow":["GET"]}}],"collection":[{"href":"https:\/\/upbeat-carver.217-154-185-52.plesk.page\/index.php?rest_route=\/wp\/v2\/pages"}],"about":[{"href":"https:\/\/upbeat-carver.217-154-185-52.plesk.page\/index.php?rest_route=\/wp\/v2\/types\/page"}],"author":[{"embeddable":true,"href":"https:\/\/upbeat-carver.217-154-185-52.plesk.page\/index.php?rest_route=\/wp\/v2\/users\/1"}],"replies":[{"embeddable":true,"href":"https:\/\/upbeat-carver.217-154-185-52.plesk.page\/index.php?rest_route=%2Fwp%2Fv2%2Fcomments&post=4458"}],"version-history":[{"count":79,"href":"https:\/\/upbeat-carver.217-154-185-52.plesk.page\/index.php?rest_route=\/wp\/v2\/pages\/4458\/revisions"}],"predecessor-version":[{"id":19866,"href":"https:\/\/upbeat-carver.217-154-185-52.plesk.page\/index.php?rest_route=\/wp\/v2\/pages\/4458\/revisions\/19866"}],"wp:attachment":[{"href":"https:\/\/upbeat-carver.217-154-185-52.plesk.page\/index.php?rest_route=%2Fwp%2Fv2%2Fmedia&parent=4458"}],"curies":[{"name":"wp","href":"https:\/\/api.w.org\/{rel}","templated":true}]}}