{"id":4603,"date":"2023-06-29T12:58:15","date_gmt":"2023-06-29T12:58:15","guid":{"rendered":"https:\/\/upbeat-carver.217-154-185-52.plesk.page\/?page_id=4603"},"modified":"2024-09-12T05:57:31","modified_gmt":"2024-09-12T05:57:31","slug":"plan-de-sostenibilidad","status":"publish","type":"page","link":"https:\/\/upbeat-carver.217-154-185-52.plesk.page\/?page_id=4603","title":{"rendered":"Plan de sostenibilidad"},"content":{"rendered":"\n<div style=\"height:30px\" aria-hidden=\"true\" class=\"wp-block-spacer\"><\/div>\n\n\n\n<a class=\"tic-subheader-image\" style=\"display:none\" href=\"https:\/\/upbeat-carver.217-154-185-52.plesk.page\/wp-content\/uploads\/2023\/12\/turismo-sierra-de-francia-cabecera-naturaleza-2.webp\"><\/a>\n\n\n\n<p class=\"has-drop-cap tic-contenido-principal\">El <strong>Plan de Sostenibilidad Tur\u00edstica del Destino Sierra de Francia<\/strong>, tiene un enfoque estrat\u00e9gico dise\u00f1ado para gestionar el desarrollo tur\u00edstico de manera sostenible de este territorio integrado por 30 municipios que comparten identidad tur\u00edstica en cuanto a sus recursos tur\u00edsticos, y que conviven en dos Zonas de Especial Conservaci\u00f3n y de Especial protecci\u00f3n para las Aves, ubicadas en el sorprendente entorno del <strong>Parque Natural Las Batuecas-Sierra de Francia<\/strong> y dentro de la <strong>Reserva de la Biosfera<\/strong>.<\/p>\n\n\n\n<div class=\"wp-block-group tic-contenido-secundario-mosaic\"><div class=\"wp-block-group__inner-container is-layout-constrained wp-block-group-is-layout-constrained\">\n<p class=\"tic-contenido-principal\">El objetivo del plan est\u00e1 centrado en garantizar que el turismo de la zona tenga un impacto positivo en el entorno natural, cultural y social, al tiempo que contribuya al crecimiento econ\u00f3mico y al bienestar de la Sierra de Francia, adem\u00e1s de impulsar la colaboraci\u00f3n p\u00fablico &#8211; privada entre los principales actores del territorio. La finalidad de este plan es consolidarse como Destino Tur\u00edstico de referencia en&nbsp;<strong>Ecoturismo<\/strong>.<\/p>\n\n\n\n<div style=\"height:30px\" aria-hidden=\"true\" class=\"wp-block-spacer\"><\/div>\n<\/div><\/div>\n\n\n\n<div class=\"wp-block-group tic-content-mosaic\"><div class=\"wp-block-group__inner-container is-layout-constrained wp-block-group-is-layout-constrained\">\n<div class=\"wp-block-columns is-layout-flex wp-container-core-columns-is-layout-9d6595d7 wp-block-columns-is-layout-flex\">\n<div class=\"wp-block-column is-layout-flow wp-block-column-is-layout-flow\">\n<div class=\"wp-block-cover aligncenter has-custom-content-position is-position-bottom-left tic-image-mosaic\"><span aria-hidden=\"true\" class=\"wp-block-cover__background has-background-dim-10 has-background-dim\" style=\"background-color:#48583c\"><\/span><img fetchpriority=\"high\" decoding=\"async\" width=\"1400\" height=\"935\" class=\"wp-block-cover__image-background wp-image-9196\" alt=\"camino del agua sierra de franc\u00eda verde general 2\" src=\"https:\/\/upbeat-carver.217-154-185-52.plesk.page\/wp-content\/uploads\/2023\/11\/RANNA-CONSULTORIA-Senderismo-Seniors-25-copia.webp\" style=\"object-position:48% 0%\" data-object-fit=\"cover\" data-object-position=\"48% 0%\" srcset=\"https:\/\/upbeat-carver.217-154-185-52.plesk.page\/wp-content\/uploads\/2023\/11\/RANNA-CONSULTORIA-Senderismo-Seniors-25-copia.webp 1400w, https:\/\/upbeat-carver.217-154-185-52.plesk.page\/wp-content\/uploads\/2023\/11\/RANNA-CONSULTORIA-Senderismo-Seniors-25-copia-300x200.webp 300w, https:\/\/upbeat-carver.217-154-185-52.plesk.page\/wp-content\/uploads\/2023\/11\/RANNA-CONSULTORIA-Senderismo-Seniors-25-copia-1024x684.webp 1024w, https:\/\/upbeat-carver.217-154-185-52.plesk.page\/wp-content\/uploads\/2023\/11\/RANNA-CONSULTORIA-Senderismo-Seniors-25-copia-768x513.webp 768w, https:\/\/upbeat-carver.217-154-185-52.plesk.page\/wp-content\/uploads\/2023\/11\/RANNA-CONSULTORIA-Senderismo-Seniors-25-copia-112x75.webp 112w, https:\/\/upbeat-carver.217-154-185-52.plesk.page\/wp-content\/uploads\/2023\/11\/RANNA-CONSULTORIA-Senderismo-Seniors-25-copia-480x321.webp 480w\" sizes=\"(max-width:767px) 480px, (max-width:1400px) 100vw, 1400px\" \/><div class=\"wp-block-cover__inner-container is-layout-flow wp-block-cover-is-layout-flow\">\n<p class=\"has-text-align-center tic-link-mosaic\" style=\"font-size:26px\"><strong><a href=\"https:\/\/upbeat-carver.217-154-185-52.plesk.page\/plan-de-sostenibilidad\/plan-de-accion\/\">Plan de Acci\u00f3n<\/a><\/strong><\/p>\n<\/div><\/div>\n<\/div>\n<\/div>\n\n\n\n<div class=\"wp-block-columns is-layout-flex wp-container-core-columns-is-layout-9d6595d7 wp-block-columns-is-layout-flex\">\n<div class=\"wp-block-column is-layout-flow wp-block-column-is-layout-flow\">\n<div class=\"wp-block-cover aligncenter has-custom-content-position is-position-bottom-left tic-image-mosaic\"><span aria-hidden=\"true\" class=\"wp-block-cover__background has-background-dim-10 has-background-dim\" style=\"background-color:#63664e\"><\/span><img decoding=\"async\" width=\"1900\" height=\"1268\" class=\"wp-block-cover__image-background wp-image-7489\" alt=\"Camino de los prodigios 6\" src=\"https:\/\/upbeat-carver.217-154-185-52.plesk.page\/wp-content\/uploads\/2023\/10\/RANNA-CONSULTORIA-DIP-SALAMANCA-5-copia-2-2.webp\" data-object-fit=\"cover\" srcset=\"https:\/\/upbeat-carver.217-154-185-52.plesk.page\/wp-content\/uploads\/2023\/10\/RANNA-CONSULTORIA-DIP-SALAMANCA-5-copia-2-2.webp 1900w, https:\/\/upbeat-carver.217-154-185-52.plesk.page\/wp-content\/uploads\/2023\/10\/RANNA-CONSULTORIA-DIP-SALAMANCA-5-copia-2-2-300x200.webp 300w, https:\/\/upbeat-carver.217-154-185-52.plesk.page\/wp-content\/uploads\/2023\/10\/RANNA-CONSULTORIA-DIP-SALAMANCA-5-copia-2-2-1024x683.webp 1024w, https:\/\/upbeat-carver.217-154-185-52.plesk.page\/wp-content\/uploads\/2023\/10\/RANNA-CONSULTORIA-DIP-SALAMANCA-5-copia-2-2-768x513.webp 768w, https:\/\/upbeat-carver.217-154-185-52.plesk.page\/wp-content\/uploads\/2023\/10\/RANNA-CONSULTORIA-DIP-SALAMANCA-5-copia-2-2-1536x1025.webp 1536w, https:\/\/upbeat-carver.217-154-185-52.plesk.page\/wp-content\/uploads\/2023\/10\/RANNA-CONSULTORIA-DIP-SALAMANCA-5-copia-2-2-112x75.webp 112w, https:\/\/upbeat-carver.217-154-185-52.plesk.page\/wp-content\/uploads\/2023\/10\/RANNA-CONSULTORIA-DIP-SALAMANCA-5-copia-2-2-480x320.webp 480w\" sizes=\"(max-width:767px) 480px, (max-width:1900px) 100vw, 1900px\" \/><div class=\"wp-block-cover__inner-container is-layout-flow wp-block-cover-is-layout-flow\">\n<p class=\"has-text-align-left tic-link-mosaic\" style=\"font-size:26px\"><strong><a href=\"https:\/\/upbeat-carver.217-154-185-52.plesk.page\/plan-de-sostenibilidad\/programa-de-actuaciones\/\">Programa de Actuaciones<\/a><\/strong><\/p>\n<\/div><\/div>\n<\/div>\n<\/div>\n\n\n\n<div class=\"wp-block-columns is-layout-flex wp-container-core-columns-is-layout-9d6595d7 wp-block-columns-is-layout-flex\">\n<div class=\"wp-block-column is-layout-flow wp-block-column-is-layout-flow\">\n<div class=\"wp-block-cover aligncenter has-custom-content-position is-position-bottom-left tic-image-mosaic\"><span aria-hidden=\"true\" class=\"wp-block-cover__background has-background-dim-10 has-background-dim\" style=\"background-color:#a79484\"><\/span><img decoding=\"async\" width=\"1600\" height=\"1064\" class=\"wp-block-cover__image-background wp-image-15982\" alt=\"camino del agua en la sierra de francia senderismo 2\" src=\"https:\/\/upbeat-carver.217-154-185-52.plesk.page\/wp-content\/uploads\/2024\/06\/rosa-gomez-camino-del-agua-sierra-de-francia-4.webp\" style=\"object-position:54% 66%\" data-object-fit=\"cover\" data-object-position=\"54% 66%\" srcset=\"https:\/\/upbeat-carver.217-154-185-52.plesk.page\/wp-content\/uploads\/2024\/06\/rosa-gomez-camino-del-agua-sierra-de-francia-4.webp 1600w, https:\/\/upbeat-carver.217-154-185-52.plesk.page\/wp-content\/uploads\/2024\/06\/rosa-gomez-camino-del-agua-sierra-de-francia-4-300x200.webp 300w, https:\/\/upbeat-carver.217-154-185-52.plesk.page\/wp-content\/uploads\/2024\/06\/rosa-gomez-camino-del-agua-sierra-de-francia-4-1024x681.webp 1024w, https:\/\/upbeat-carver.217-154-185-52.plesk.page\/wp-content\/uploads\/2024\/06\/rosa-gomez-camino-del-agua-sierra-de-francia-4-768x511.webp 768w, https:\/\/upbeat-carver.217-154-185-52.plesk.page\/wp-content\/uploads\/2024\/06\/rosa-gomez-camino-del-agua-sierra-de-francia-4-1536x1021.webp 1536w, https:\/\/upbeat-carver.217-154-185-52.plesk.page\/wp-content\/uploads\/2024\/06\/rosa-gomez-camino-del-agua-sierra-de-francia-4-113x75.webp 113w, https:\/\/upbeat-carver.217-154-185-52.plesk.page\/wp-content\/uploads\/2024\/06\/rosa-gomez-camino-del-agua-sierra-de-francia-4-480x319.webp 480w\" sizes=\"(max-width:767px) 480px, (max-width:1600px) 100vw, 1600px\" \/><div class=\"wp-block-cover__inner-container is-layout-flow wp-block-cover-is-layout-flow\">\n<p class=\"has-text-align-left tic-link-mosaic\" style=\"font-size:26px\"><strong><a href=\"https:\/\/upbeat-carver.217-154-185-52.plesk.page\/noticias\/\">Noticias<\/a><\/strong><\/p>\n<\/div><\/div>\n<\/div>\n<\/div>\n<\/div><\/div>\n\n\n\n<div style=\"height:30px\" aria-hidden=\"true\" class=\"wp-block-spacer\"><\/div>\n","protected":false},"excerpt":{"rendered":"<p>El Plan de Sostenibilidad Tur\u00edstica del Destino Sierra de Francia, tiene un enfoque estrat\u00e9gico dise\u00f1ado para gestionar el desarrollo tur\u00edstico&hellip; <a class=\"continue\" href=\"https:\/\/upbeat-carver.217-154-185-52.plesk.page\/?page_id=4603\">Seguir leyendo<span> Plan de sostenibilidad<\/span><\/a><\/p>\n","protected":false},"author":1,"featured_media":0,"parent":0,"menu_order":0,"comment_status":"closed","ping_status":"closed","template":"","meta":{"advgb_blocks_editor_width":"","advgb_blocks_columns_visual_guide":"","footnotes":""},"class_list":["post-4603","page","type-page","status-publish","hentry"],"yoast_head":"<!-- This site is optimized with the Yoast SEO plugin v27.2 - https:\/\/yoast.com\/product\/yoast-seo-wordpress\/ -->\n<title>Plan de sostenibilidad - Sierra de Francia<\/title>\n<meta name=\"description\" content=\"El Plan de Sostenibilidad Tur\u00edstica de Sierra de Francia, tiene un enfoque estrat\u00e9gico dise\u00f1ado para gestionar el desarrollo tur\u00edstico de manera sostenible de este territorio integrado por 30 municipios\" \/>\n<meta name=\"robots\" content=\"index, follow, max-snippet:-1, max-image-preview:large, max-video-preview:-1\" \/>\n<link rel=\"canonical\" href=\"https:\/\/upbeat-carver.217-154-185-52.plesk.page\/plan-de-sostenibilidad\/\" \/>\n<meta property=\"og:locale\" content=\"es_ES\" \/>\n<meta property=\"og:type\" content=\"article\" \/>\n<meta property=\"og:title\" content=\"Plan de sostenibilidad - Sierra de Francia\" \/>\n<meta property=\"og:description\" content=\"El Plan de Sostenibilidad Tur\u00edstica de Sierra de Francia, tiene un enfoque estrat\u00e9gico dise\u00f1ado para gestionar el desarrollo tur\u00edstico de manera sostenible de este territorio integrado por 30 municipios\" \/>\n<meta property=\"og:url\" content=\"https:\/\/upbeat-carver.217-154-185-52.plesk.page\/plan-de-sostenibilidad\/\" \/>\n<meta property=\"og:site_name\" content=\"Sierra de Francia\" \/>\n<meta property=\"article:publisher\" content=\"https:\/\/www.facebook.com\/visitasierradefrancia\/\" \/>\n<meta property=\"article:modified_time\" content=\"2024-09-12T05:57:31+00:00\" \/>\n<meta property=\"og:image\" content=\"https:\/\/upbeat-carver.217-154-185-52.plesk.page\/wp-content\/uploads\/2023\/11\/RANNA-CONSULTORIA-Senderismo-Seniors-25-copia.webp\" \/>\n<meta name=\"twitter:card\" content=\"summary_large_image\" \/>\n<meta name=\"twitter:site\" content=\"@visitaSF\" \/>\n<meta name=\"twitter:label1\" content=\"Tiempo de lectura\" \/>\n\t<meta name=\"twitter:data1\" content=\"2 minutos\" \/>\n<script type=\"application\/ld+json\" class=\"yoast-schema-graph\">{\"@context\":\"https:\/\/schema.org\",\"@graph\":[{\"@type\":\"WebPage\",\"@id\":\"https:\/\/upbeat-carver.217-154-185-52.plesk.page\/plan-de-sostenibilidad\/\",\"url\":\"https:\/\/upbeat-carver.217-154-185-52.plesk.page\/plan-de-sostenibilidad\/\",\"name\":\"Plan de sostenibilidad - Sierra de Francia\",\"isPartOf\":{\"@id\":\"https:\/\/upbeat-carver.217-154-185-52.plesk.page\/#website\"},\"primaryImageOfPage\":{\"@id\":\"https:\/\/upbeat-carver.217-154-185-52.plesk.page\/plan-de-sostenibilidad\/#primaryimage\"},\"image\":{\"@id\":\"https:\/\/upbeat-carver.217-154-185-52.plesk.page\/plan-de-sostenibilidad\/#primaryimage\"},\"thumbnailUrl\":\"https:\/\/upbeat-carver.217-154-185-52.plesk.page\/wp-content\/uploads\/2023\/11\/RANNA-CONSULTORIA-Senderismo-Seniors-25-copia.webp\",\"datePublished\":\"2023-06-29T12:58:15+00:00\",\"dateModified\":\"2024-09-12T05:57:31+00:00\",\"description\":\"El Plan de Sostenibilidad Tur\u00edstica de Sierra de Francia, tiene un enfoque estrat\u00e9gico dise\u00f1ado para gestionar el desarrollo tur\u00edstico de manera sostenible de este territorio integrado por 30 municipios\",\"breadcrumb\":{\"@id\":\"https:\/\/upbeat-carver.217-154-185-52.plesk.page\/plan-de-sostenibilidad\/#breadcrumb\"},\"inLanguage\":\"es\",\"potentialAction\":[{\"@type\":\"ReadAction\",\"target\":[\"https:\/\/upbeat-carver.217-154-185-52.plesk.page\/plan-de-sostenibilidad\/\"]}]},{\"@type\":\"ImageObject\",\"inLanguage\":\"es\",\"@id\":\"https:\/\/upbeat-carver.217-154-185-52.plesk.page\/plan-de-sostenibilidad\/#primaryimage\",\"url\":\"https:\/\/upbeat-carver.217-154-185-52.plesk.page\/wp-content\/uploads\/2023\/11\/RANNA-CONSULTORIA-Senderismo-Seniors-25-copia.webp\",\"contentUrl\":\"https:\/\/upbeat-carver.217-154-185-52.plesk.page\/wp-content\/uploads\/2023\/11\/RANNA-CONSULTORIA-Senderismo-Seniors-25-copia.webp\"},{\"@type\":\"BreadcrumbList\",\"@id\":\"https:\/\/upbeat-carver.217-154-185-52.plesk.page\/plan-de-sostenibilidad\/#breadcrumb\",\"itemListElement\":[{\"@type\":\"ListItem\",\"position\":1,\"name\":\"Inicio\",\"item\":\"https:\/\/upbeat-carver.217-154-185-52.plesk.page\/\"},{\"@type\":\"ListItem\",\"position\":2,\"name\":\"Plan de sostenibilidad\"}]},{\"@type\":\"WebSite\",\"@id\":\"https:\/\/upbeat-carver.217-154-185-52.plesk.page\/#website\",\"url\":\"https:\/\/upbeat-carver.217-154-185-52.plesk.page\/\",\"name\":\"Sierra de Francia\",\"description\":\"\",\"publisher\":{\"@id\":\"https:\/\/upbeat-carver.217-154-185-52.plesk.page\/#organization\"},\"alternateName\":\"Turismo Sierra de Francia\",\"potentialAction\":[{\"@type\":\"SearchAction\",\"target\":{\"@type\":\"EntryPoint\",\"urlTemplate\":\"https:\/\/upbeat-carver.217-154-185-52.plesk.page\/?s={search_term_string}\"},\"query-input\":{\"@type\":\"PropertyValueSpecification\",\"valueRequired\":true,\"valueName\":\"search_term_string\"}}],\"inLanguage\":\"es\"},{\"@type\":\"Organization\",\"@id\":\"https:\/\/upbeat-carver.217-154-185-52.plesk.page\/#organization\",\"name\":\"Sierra de Francia\",\"alternateName\":\"Turismo Sierra de Francia\",\"url\":\"https:\/\/upbeat-carver.217-154-185-52.plesk.page\/\",\"logo\":{\"@type\":\"ImageObject\",\"inLanguage\":\"es\",\"@id\":\"https:\/\/upbeat-carver.217-154-185-52.plesk.page\/#\/schema\/logo\/image\/\",\"url\":\"https:\/\/upbeat-carver.217-154-185-52.plesk.page\/wp-content\/uploads\/2024\/04\/cropped-logo_redondo-removebg-preview.png\",\"contentUrl\":\"https:\/\/upbeat-carver.217-154-185-52.plesk.page\/wp-content\/uploads\/2024\/04\/cropped-logo_redondo-removebg-preview.png\",\"width\":512,\"height\":512,\"caption\":\"Sierra de Francia\"},\"image\":{\"@id\":\"https:\/\/upbeat-carver.217-154-185-52.plesk.page\/#\/schema\/logo\/image\/\"},\"sameAs\":[\"https:\/\/www.facebook.com\/visitasierradefrancia\/\",\"https:\/\/x.com\/visitaSF\",\"https:\/\/www.instagram.com\/visitasierradefrancia\/\",\"https:\/\/www.youtube.com\/@visitasierradefrancia\"]}]}<\/script>\n<!-- \/ Yoast SEO plugin. -->","yoast_head_json":{"title":"Plan de sostenibilidad - Sierra de Francia","description":"El Plan de Sostenibilidad Tur\u00edstica de Sierra de Francia, tiene un enfoque estrat\u00e9gico dise\u00f1ado para gestionar el desarrollo tur\u00edstico de manera sostenible de este territorio integrado por 30 municipios","robots":{"index":"index","follow":"follow","max-snippet":"max-snippet:-1","max-image-preview":"max-image-preview:large","max-video-preview":"max-video-preview:-1"},"canonical":"https:\/\/upbeat-carver.217-154-185-52.plesk.page\/plan-de-sostenibilidad\/","og_locale":"es_ES","og_type":"article","og_title":"Plan de sostenibilidad - Sierra de Francia","og_description":"El Plan de Sostenibilidad Tur\u00edstica de Sierra de Francia, tiene un enfoque estrat\u00e9gico dise\u00f1ado para gestionar el desarrollo tur\u00edstico de manera sostenible de este territorio integrado por 30 municipios","og_url":"https:\/\/upbeat-carver.217-154-185-52.plesk.page\/plan-de-sostenibilidad\/","og_site_name":"Sierra de Francia","article_publisher":"https:\/\/www.facebook.com\/visitasierradefrancia\/","article_modified_time":"2024-09-12T05:57:31+00:00","og_image":[{"url":"https:\/\/upbeat-carver.217-154-185-52.plesk.page\/wp-content\/uploads\/2023\/11\/RANNA-CONSULTORIA-Senderismo-Seniors-25-copia.webp","type":"","width":"","height":""}],"twitter_card":"summary_large_image","twitter_site":"@visitaSF","twitter_misc":{"Tiempo de lectura":"2 minutos"},"schema":{"@context":"https:\/\/schema.org","@graph":[{"@type":"WebPage","@id":"https:\/\/upbeat-carver.217-154-185-52.plesk.page\/plan-de-sostenibilidad\/","url":"https:\/\/upbeat-carver.217-154-185-52.plesk.page\/plan-de-sostenibilidad\/","name":"Plan de sostenibilidad - Sierra de Francia","isPartOf":{"@id":"https:\/\/upbeat-carver.217-154-185-52.plesk.page\/#website"},"primaryImageOfPage":{"@id":"https:\/\/upbeat-carver.217-154-185-52.plesk.page\/plan-de-sostenibilidad\/#primaryimage"},"image":{"@id":"https:\/\/upbeat-carver.217-154-185-52.plesk.page\/plan-de-sostenibilidad\/#primaryimage"},"thumbnailUrl":"https:\/\/upbeat-carver.217-154-185-52.plesk.page\/wp-content\/uploads\/2023\/11\/RANNA-CONSULTORIA-Senderismo-Seniors-25-copia.webp","datePublished":"2023-06-29T12:58:15+00:00","dateModified":"2024-09-12T05:57:31+00:00","description":"El Plan de Sostenibilidad Tur\u00edstica de Sierra de Francia, tiene un enfoque estrat\u00e9gico dise\u00f1ado para gestionar el desarrollo tur\u00edstico de manera sostenible de este territorio integrado por 30 municipios","breadcrumb":{"@id":"https:\/\/upbeat-carver.217-154-185-52.plesk.page\/plan-de-sostenibilidad\/#breadcrumb"},"inLanguage":"es","potentialAction":[{"@type":"ReadAction","target":["https:\/\/upbeat-carver.217-154-185-52.plesk.page\/plan-de-sostenibilidad\/"]}]},{"@type":"ImageObject","inLanguage":"es","@id":"https:\/\/upbeat-carver.217-154-185-52.plesk.page\/plan-de-sostenibilidad\/#primaryimage","url":"https:\/\/upbeat-carver.217-154-185-52.plesk.page\/wp-content\/uploads\/2023\/11\/RANNA-CONSULTORIA-Senderismo-Seniors-25-copia.webp","contentUrl":"https:\/\/upbeat-carver.217-154-185-52.plesk.page\/wp-content\/uploads\/2023\/11\/RANNA-CONSULTORIA-Senderismo-Seniors-25-copia.webp"},{"@type":"BreadcrumbList","@id":"https:\/\/upbeat-carver.217-154-185-52.plesk.page\/plan-de-sostenibilidad\/#breadcrumb","itemListElement":[{"@type":"ListItem","position":1,"name":"Inicio","item":"https:\/\/upbeat-carver.217-154-185-52.plesk.page\/"},{"@type":"ListItem","position":2,"name":"Plan de sostenibilidad"}]},{"@type":"WebSite","@id":"https:\/\/upbeat-carver.217-154-185-52.plesk.page\/#website","url":"https:\/\/upbeat-carver.217-154-185-52.plesk.page\/","name":"Sierra de Francia","description":"","publisher":{"@id":"https:\/\/upbeat-carver.217-154-185-52.plesk.page\/#organization"},"alternateName":"Turismo Sierra de Francia","potentialAction":[{"@type":"SearchAction","target":{"@type":"EntryPoint","urlTemplate":"https:\/\/upbeat-carver.217-154-185-52.plesk.page\/?s={search_term_string}"},"query-input":{"@type":"PropertyValueSpecification","valueRequired":true,"valueName":"search_term_string"}}],"inLanguage":"es"},{"@type":"Organization","@id":"https:\/\/upbeat-carver.217-154-185-52.plesk.page\/#organization","name":"Sierra de Francia","alternateName":"Turismo Sierra de Francia","url":"https:\/\/upbeat-carver.217-154-185-52.plesk.page\/","logo":{"@type":"ImageObject","inLanguage":"es","@id":"https:\/\/upbeat-carver.217-154-185-52.plesk.page\/#\/schema\/logo\/image\/","url":"https:\/\/upbeat-carver.217-154-185-52.plesk.page\/wp-content\/uploads\/2024\/04\/cropped-logo_redondo-removebg-preview.png","contentUrl":"https:\/\/upbeat-carver.217-154-185-52.plesk.page\/wp-content\/uploads\/2024\/04\/cropped-logo_redondo-removebg-preview.png","width":512,"height":512,"caption":"Sierra de Francia"},"image":{"@id":"https:\/\/upbeat-carver.217-154-185-52.plesk.page\/#\/schema\/logo\/image\/"},"sameAs":["https:\/\/www.facebook.com\/visitasierradefrancia\/","https:\/\/x.com\/visitaSF","https:\/\/www.instagram.com\/visitasierradefrancia\/","https:\/\/www.youtube.com\/@visitasierradefrancia"]}]}},"coauthors":[],"author_meta":{"author_link":"https:\/\/upbeat-carver.217-154-185-52.plesk.page\/?author=1","display_name":"admin"},"relative_dates":{"created":"Publicado 3 a\u00f1os hace","modified":"Actualizado 2 a\u00f1os hace"},"absolute_dates":{"created":"Publicado el 29\/06\/2023","modified":"Actualizado el 12\/09\/2024"},"absolute_dates_time":{"created":"Publicado el 29\/06\/2023 12:58","modified":"Actualizado el 12\/09\/2024 05:57"},"featured_img_caption":"","featured_img":false,"series_order":"","_links":{"self":[{"href":"https:\/\/upbeat-carver.217-154-185-52.plesk.page\/index.php?rest_route=\/wp\/v2\/pages\/4603","targetHints":{"allow":["GET"]}}],"collection":[{"href":"https:\/\/upbeat-carver.217-154-185-52.plesk.page\/index.php?rest_route=\/wp\/v2\/pages"}],"about":[{"href":"https:\/\/upbeat-carver.217-154-185-52.plesk.page\/index.php?rest_route=\/wp\/v2\/types\/page"}],"author":[{"embeddable":true,"href":"https:\/\/upbeat-carver.217-154-185-52.plesk.page\/index.php?rest_route=\/wp\/v2\/users\/1"}],"replies":[{"embeddable":true,"href":"https:\/\/upbeat-carver.217-154-185-52.plesk.page\/index.php?rest_route=%2Fwp%2Fv2%2Fcomments&post=4603"}],"version-history":[{"count":73,"href":"https:\/\/upbeat-carver.217-154-185-52.plesk.page\/index.php?rest_route=\/wp\/v2\/pages\/4603\/revisions"}],"predecessor-version":[{"id":18278,"href":"https:\/\/upbeat-carver.217-154-185-52.plesk.page\/index.php?rest_route=\/wp\/v2\/pages\/4603\/revisions\/18278"}],"wp:attachment":[{"href":"https:\/\/upbeat-carver.217-154-185-52.plesk.page\/index.php?rest_route=%2Fwp%2Fv2%2Fmedia&parent=4603"}],"curies":[{"name":"wp","href":"https:\/\/api.w.org\/{rel}","templated":true}]}}