{"id":4963,"date":"2023-08-01T13:28:46","date_gmt":"2023-08-01T13:28:46","guid":{"rendered":"https:\/\/upbeat-carver.217-154-185-52.plesk.page\/?page_id=4963"},"modified":"2024-10-24T20:53:17","modified_gmt":"2024-10-24T20:53:17","slug":"fiestas","status":"publish","type":"page","link":"https:\/\/upbeat-carver.217-154-185-52.plesk.page\/?page_id=4963","title":{"rendered":"Fiestas"},"content":{"rendered":"\n<a class=\"tic-subheader-image\" style=\"display:none\" href=\"https:\/\/upbeat-carver.217-154-185-52.plesk.page\/wp-content\/uploads\/2023\/08\/CABECERA-turismo-sierra-de-francia-fiestas.jpg\"><\/a>\n\n\n\n<div style=\"height:30px\" aria-hidden=\"true\" class=\"wp-block-spacer\"><\/div>\n\n\n\n<div class=\"wp-block-group tic-page-content\"><div class=\"wp-block-group__inner-container is-layout-constrained wp-block-group-is-layout-constrained\">\n<p class=\"has-drop-cap has-text-align-justify tic-contenido-principal has-text-color\" style=\"color:#3c6f13\">El calendario festivo est\u00e1 presente a lo largo de todo el a\u00f1o, en todos los meses donde hay diversas celebraciones que hacen la vida m\u00e1s llevadera para los habitantes. La actividad agro ganadera tiene mucha importancia en la elecci\u00f3n de estas fiestas. Por norma general, las principales celebraciones se realizaban al finalizar las <strong><em>cosechas<\/em><\/strong>, y era una forma de agradecer a la naturaleza las bondades ofrecidas. Los motivos religiosos tambi\u00e9n ocupan gran parte de las festividades, habiendo faustos para <strong><em>difuntos<\/em><\/strong>, para alejar a los malos esp\u00edritus o para agradecer a un Santo.<\/p>\n\n\n\n<p class=\"has-text-align-center tic-cita\"><a href=\"https:\/\/upbeat-carver.217-154-185-52.plesk.page\/agenda-completa\/\">Consulta las fiestas y eventos que se celebran en la Sierra de Francia<\/a><\/p>\n\n\n\n<p>La despoblaci\u00f3n rural est\u00e1 provocando que los municipios desciendan mucho de habitantes en los meses m\u00e1s fr\u00edos, mientras que la llegada de la primavera atrae a mucha gente en verano, principalmente en el mes de agosto los pueblos se llenan de descendientes del pueblo y veraneantes. Esta situaci\u00f3n conlleva que muchas de las festividades invernales se vayan perdiendo, mientras que las estivales en ocasiones pierden su identidad particular, urbaniz\u00e1ndose y unificando las formas de celebrar, llegando en ocasiones en alg\u00fan pueblo a trasladar fiestas para aumentar el n\u00famero personas.<\/p>\n\n\n\n<p class=\"has-text-align-center tic-cita\">\u00a1Celebra la magia de nuestras tradiciones, la m\u00fasica de nuestras ra\u00edces y la alegr\u00eda de las fiestas de la Sierra de Francia!<\/p>\n<\/div><\/div>\n\n\n\n<div class=\"wp-block-group tic-page-content\"><div class=\"wp-block-group__inner-container is-layout-constrained wp-block-group-is-layout-constrained\">\n<div style=\"height:15px\" aria-hidden=\"true\" class=\"wp-block-spacer\"><\/div>\n\n\n\n<p class=\"has-text-align-justify\">Gran parte de estas celebraciones mantienen su car\u00e1cter original con distintos ritos como <strong><em>ofertorios<\/em><\/strong>, <strong><em>subastas<\/em><\/strong>, <strong><em>convites<\/em><\/strong> o <strong><em>bailes<\/em><\/strong> cargados de gran simbolismo. En todos los municipios durante las fiestas se lucen los mejores trajes, destacando el traje de vistas. Se hacen distintos bailes como los <strong><em>paloteos<\/em><\/strong> o el <strong><em>ramo<\/em><\/strong>. Se preparan las mejores comidas, se comparte con los amigos y familia y esto hace que muchas de ellas sean Fiestas de Inter\u00e9s Tur\u00edstico Nacional.<\/p>\n\n\n\n<figure class=\"wp-block-gallery has-nested-images columns-default is-cropped imagen-personalizada wp-block-gallery-1 is-layout-flex wp-block-gallery-is-layout-flex\">\n<figure class=\"wp-block-image size-full tic-page-imagen\"><a href=\"https:\/\/upbeat-carver.217-154-185-52.plesk.page\/wp-content\/uploads\/2023\/08\/turismo-sierra-de-francia-fiestas-boda-tradicional-albercana.webp\"><img fetchpriority=\"high\" decoding=\"async\" width=\"1300\" height=\"940\" data-id=\"4968\" src=\"https:\/\/upbeat-carver.217-154-185-52.plesk.page\/wp-content\/uploads\/2023\/08\/turismo-sierra-de-francia-fiestas-boda-tradicional-albercana.webp\" alt=\"Boda tradicional en La Alberca\" class=\"wp-image-4968\" srcset=\"https:\/\/upbeat-carver.217-154-185-52.plesk.page\/wp-content\/uploads\/2023\/08\/turismo-sierra-de-francia-fiestas-boda-tradicional-albercana.webp 1300w, https:\/\/upbeat-carver.217-154-185-52.plesk.page\/wp-content\/uploads\/2023\/08\/turismo-sierra-de-francia-fiestas-boda-tradicional-albercana-300x217.webp 300w, https:\/\/upbeat-carver.217-154-185-52.plesk.page\/wp-content\/uploads\/2023\/08\/turismo-sierra-de-francia-fiestas-boda-tradicional-albercana-1024x740.webp 1024w, https:\/\/upbeat-carver.217-154-185-52.plesk.page\/wp-content\/uploads\/2023\/08\/turismo-sierra-de-francia-fiestas-boda-tradicional-albercana-768x555.webp 768w, https:\/\/upbeat-carver.217-154-185-52.plesk.page\/wp-content\/uploads\/2023\/08\/turismo-sierra-de-francia-fiestas-boda-tradicional-albercana-104x75.webp 104w, https:\/\/upbeat-carver.217-154-185-52.plesk.page\/wp-content\/uploads\/2023\/08\/turismo-sierra-de-francia-fiestas-boda-tradicional-albercana-480x347.webp 480w\" sizes=\"(max-width:767px) 480px, (max-width:1300px) 100vw, 1300px\" \/><\/a><\/figure>\n\n\n\n<figure class=\"wp-block-image size-full tic-page-imagen\"><a href=\"https:\/\/upbeat-carver.217-154-185-52.plesk.page\/wp-content\/uploads\/2023\/08\/RANNA-CONSULTORIA-Corpus-Alberca-Jovenes-54-copia.webp\"><img decoding=\"async\" width=\"1600\" height=\"1068\" data-id=\"4969\" src=\"https:\/\/upbeat-carver.217-154-185-52.plesk.page\/wp-content\/uploads\/2023\/08\/RANNA-CONSULTORIA-Corpus-Alberca-Jovenes-54-copia.webp\" alt=\"La tradici\u00f3n y la modernidad conviven en las calles de la Sierra de Francia\" class=\"wp-image-4969\" srcset=\"https:\/\/upbeat-carver.217-154-185-52.plesk.page\/wp-content\/uploads\/2023\/08\/RANNA-CONSULTORIA-Corpus-Alberca-Jovenes-54-copia.webp 1600w, https:\/\/upbeat-carver.217-154-185-52.plesk.page\/wp-content\/uploads\/2023\/08\/RANNA-CONSULTORIA-Corpus-Alberca-Jovenes-54-copia-300x200.webp 300w, https:\/\/upbeat-carver.217-154-185-52.plesk.page\/wp-content\/uploads\/2023\/08\/RANNA-CONSULTORIA-Corpus-Alberca-Jovenes-54-copia-1024x684.webp 1024w, https:\/\/upbeat-carver.217-154-185-52.plesk.page\/wp-content\/uploads\/2023\/08\/RANNA-CONSULTORIA-Corpus-Alberca-Jovenes-54-copia-768x513.webp 768w, https:\/\/upbeat-carver.217-154-185-52.plesk.page\/wp-content\/uploads\/2023\/08\/RANNA-CONSULTORIA-Corpus-Alberca-Jovenes-54-copia-1536x1025.webp 1536w, https:\/\/upbeat-carver.217-154-185-52.plesk.page\/wp-content\/uploads\/2023\/08\/RANNA-CONSULTORIA-Corpus-Alberca-Jovenes-54-copia-112x75.webp 112w, https:\/\/upbeat-carver.217-154-185-52.plesk.page\/wp-content\/uploads\/2023\/08\/RANNA-CONSULTORIA-Corpus-Alberca-Jovenes-54-copia-480x320.webp 480w\" sizes=\"(max-width:767px) 480px, (max-width:1600px) 100vw, 1600px\" \/><\/a><\/figure>\n<\/figure>\n\n\n\n<div style=\"height:15px\" aria-hidden=\"true\" class=\"wp-block-spacer\"><\/div>\n\n\n\n<p>Llevar\u00eda mucho tiempo hablar de todas las festividades de los 30 municipios, pero vamos a sintetizar las m\u00e1s importantes realizando un recorrido por meses.<\/p>\n\n\n\n<p>Las fiestas de invierno abren el calendario en enero con la <strong><em>Broma<\/em><\/strong> o fiesta de quintos en Linares de Riofr\u00edo, con el <strong><em>peditorio<\/em><\/strong> de mozos a caballo en Sequeros o, la rifa del <strong><em>marrano de San Ant\u00f3n <\/em><\/strong>en La Alberca. Por San Sebasti\u00e1n destacan los toros o las corridas en Valero.<\/p>\n\n\n\n<p>En febrero, la celebraci\u00f3n de <strong><em>Candelas<\/em><\/strong> se celebra tambi\u00e9n en La Alberca, Garcibuey y Miranda del Casta\u00f1ar. <strong><em>San Blas<\/em><\/strong> es anuncio de gargantillas y cig\u00fce\u00f1as y pocos d\u00edas despu\u00e9s la fiesta de las mujeres, <strong><em>Santa \u00c1gueda<\/em><\/strong>, ofrece el simb\u00f3lico y ritual baile de la bandera en Miranda del Casta\u00f1ar.<\/p>\n\n\n\n<figure class=\"wp-block-gallery has-nested-images columns-default is-cropped imagen-personalizada wp-block-gallery-2 is-layout-flex wp-block-gallery-is-layout-flex\">\n<figure class=\"wp-block-image size-full tic-page-imagen\"><a href=\"https:\/\/upbeat-carver.217-154-185-52.plesk.page\/wp-content\/uploads\/2023\/08\/turismo-sierra-de-francia-fiestas-4.webp\"><img decoding=\"async\" width=\"1300\" height=\"868\" data-id=\"4970\" src=\"https:\/\/upbeat-carver.217-154-185-52.plesk.page\/wp-content\/uploads\/2023\/08\/turismo-sierra-de-francia-fiestas-4.webp\" alt=\"J\u00f3venes de la Sierra de Francia vestidas con Traje tradicional\" class=\"wp-image-4970\" srcset=\"https:\/\/upbeat-carver.217-154-185-52.plesk.page\/wp-content\/uploads\/2023\/08\/turismo-sierra-de-francia-fiestas-4.webp 1300w, https:\/\/upbeat-carver.217-154-185-52.plesk.page\/wp-content\/uploads\/2023\/08\/turismo-sierra-de-francia-fiestas-4-300x200.webp 300w, https:\/\/upbeat-carver.217-154-185-52.plesk.page\/wp-content\/uploads\/2023\/08\/turismo-sierra-de-francia-fiestas-4-1024x684.webp 1024w, https:\/\/upbeat-carver.217-154-185-52.plesk.page\/wp-content\/uploads\/2023\/08\/turismo-sierra-de-francia-fiestas-4-768x513.webp 768w, https:\/\/upbeat-carver.217-154-185-52.plesk.page\/wp-content\/uploads\/2023\/08\/turismo-sierra-de-francia-fiestas-4-112x75.webp 112w, https:\/\/upbeat-carver.217-154-185-52.plesk.page\/wp-content\/uploads\/2023\/08\/turismo-sierra-de-francia-fiestas-4-480x320.webp 480w\" sizes=\"(max-width:767px) 480px, (max-width:1300px) 100vw, 1300px\" \/><\/a><\/figure>\n\n\n\n<figure class=\"wp-block-image size-full tic-page-imagen\"><a href=\"https:\/\/upbeat-carver.217-154-185-52.plesk.page\/wp-content\/uploads\/2023\/08\/turismo-sierra-de-francia-fiestas-6.webp\"><img loading=\"lazy\" decoding=\"async\" width=\"1300\" height=\"868\" data-id=\"4971\" src=\"https:\/\/upbeat-carver.217-154-185-52.plesk.page\/wp-content\/uploads\/2023\/08\/turismo-sierra-de-francia-fiestas-6.webp\" alt=\"Procesi\u00f3n de los Candiles en Miranda del Casta\u00f1ar\" class=\"wp-image-4971\" srcset=\"https:\/\/upbeat-carver.217-154-185-52.plesk.page\/wp-content\/uploads\/2023\/08\/turismo-sierra-de-francia-fiestas-6.webp 1300w, https:\/\/upbeat-carver.217-154-185-52.plesk.page\/wp-content\/uploads\/2023\/08\/turismo-sierra-de-francia-fiestas-6-300x200.webp 300w, https:\/\/upbeat-carver.217-154-185-52.plesk.page\/wp-content\/uploads\/2023\/08\/turismo-sierra-de-francia-fiestas-6-1024x684.webp 1024w, https:\/\/upbeat-carver.217-154-185-52.plesk.page\/wp-content\/uploads\/2023\/08\/turismo-sierra-de-francia-fiestas-6-768x513.webp 768w, https:\/\/upbeat-carver.217-154-185-52.plesk.page\/wp-content\/uploads\/2023\/08\/turismo-sierra-de-francia-fiestas-6-112x75.webp 112w, https:\/\/upbeat-carver.217-154-185-52.plesk.page\/wp-content\/uploads\/2023\/08\/turismo-sierra-de-francia-fiestas-6-480x320.webp 480w\" sizes=\"(max-width:767px) 480px, (max-width:1300px) 100vw, 1300px\" \/><\/a><\/figure>\n<\/figure>\n\n\n\n<div style=\"height:15px\" aria-hidden=\"true\" class=\"wp-block-spacer\"><\/div>\n\n\n\n<p>Esa inversi\u00f3n de papeles de las \u00e1guedas contin\u00faa con el <strong><em>Carnaval<\/em><\/strong> que traer\u00e1 tauromaquias grotescas, disfraces, carreras de gallos y fiestas de mozos, finalizando con el esperp\u00e9ntico Entierro de la Sardina que da paso a la austeridad cuaresmal como paso previo a la Semana Santa<\/p>\n\n\n\n<p class=\"has-text-align-justify\">La Semana Santa alberga a\u00fan singulares ritos y tradiciones de <strong><em>calvarios<\/em><\/strong> y desfiles procesionales. Una religiosidad teatralizada que desfila por las calles y comparte espacio con la incorporaci\u00f3n de las <strong><em>Pasiones Vivientes<\/em><\/strong> que se representan en algunas localidades serranas como La Alberca, donde con la participaci\u00f3n del pueblo han sabido conjugar el elemento religioso con el dram\u00e1tico. El Lunes de Pascua en se celebra en La Alberca, o la quema del Judas en Sotoserrano.<\/p>\n\n\n\n<div style=\"height:15px\" aria-hidden=\"true\" class=\"wp-block-spacer\"><\/div>\n\n\n\n<figure class=\"wp-block-gallery has-nested-images columns-default is-cropped imagen-personalizada wp-block-gallery-3 is-layout-flex wp-block-gallery-is-layout-flex\">\n<figure class=\"wp-block-image size-full tic-page-imagen\"><a href=\"https:\/\/upbeat-carver.217-154-185-52.plesk.page\/wp-content\/uploads\/2023\/08\/turismo-sierra-de-francia-fiestas-1.webp\"><img loading=\"lazy\" decoding=\"async\" width=\"1300\" height=\"975\" data-id=\"4972\" src=\"https:\/\/upbeat-carver.217-154-185-52.plesk.page\/wp-content\/uploads\/2023\/08\/turismo-sierra-de-francia-fiestas-1.webp\" alt=\"Pasi\u00f3n viviente en La Alberca\" class=\"wp-image-4972\" srcset=\"https:\/\/upbeat-carver.217-154-185-52.plesk.page\/wp-content\/uploads\/2023\/08\/turismo-sierra-de-francia-fiestas-1.webp 1300w, https:\/\/upbeat-carver.217-154-185-52.plesk.page\/wp-content\/uploads\/2023\/08\/turismo-sierra-de-francia-fiestas-1-300x225.webp 300w, https:\/\/upbeat-carver.217-154-185-52.plesk.page\/wp-content\/uploads\/2023\/08\/turismo-sierra-de-francia-fiestas-1-1024x768.webp 1024w, https:\/\/upbeat-carver.217-154-185-52.plesk.page\/wp-content\/uploads\/2023\/08\/turismo-sierra-de-francia-fiestas-1-768x576.webp 768w, https:\/\/upbeat-carver.217-154-185-52.plesk.page\/wp-content\/uploads\/2023\/08\/turismo-sierra-de-francia-fiestas-1-100x75.webp 100w, https:\/\/upbeat-carver.217-154-185-52.plesk.page\/wp-content\/uploads\/2023\/08\/turismo-sierra-de-francia-fiestas-1-960x720.webp 960w, https:\/\/upbeat-carver.217-154-185-52.plesk.page\/wp-content\/uploads\/2023\/08\/turismo-sierra-de-francia-fiestas-1-480x360.webp 480w\" sizes=\"(max-width:767px) 480px, (max-width:1300px) 100vw, 1300px\" \/><\/a><\/figure>\n\n\n\n<figure class=\"wp-block-image size-full tic-page-imagen\"><a href=\"https:\/\/upbeat-carver.217-154-185-52.plesk.page\/wp-content\/uploads\/2023\/05\/Reajustado_P1070607.webp\"><img loading=\"lazy\" decoding=\"async\" width=\"979\" height=\"734\" data-id=\"1620\" src=\"https:\/\/upbeat-carver.217-154-185-52.plesk.page\/wp-content\/uploads\/2023\/05\/Reajustado_P1070607.webp\" alt=\"Lunes de Aguas y el tradicional Hornazo\" class=\"wp-image-1620\" srcset=\"https:\/\/upbeat-carver.217-154-185-52.plesk.page\/wp-content\/uploads\/2023\/05\/Reajustado_P1070607.webp 979w, https:\/\/upbeat-carver.217-154-185-52.plesk.page\/wp-content\/uploads\/2023\/05\/Reajustado_P1070607-300x225.webp 300w, https:\/\/upbeat-carver.217-154-185-52.plesk.page\/wp-content\/uploads\/2023\/05\/Reajustado_P1070607-768x576.webp 768w, https:\/\/upbeat-carver.217-154-185-52.plesk.page\/wp-content\/uploads\/2023\/05\/Reajustado_P1070607-195x146.webp 195w, https:\/\/upbeat-carver.217-154-185-52.plesk.page\/wp-content\/uploads\/2023\/05\/Reajustado_P1070607-50x37.webp 50w, https:\/\/upbeat-carver.217-154-185-52.plesk.page\/wp-content\/uploads\/2023\/05\/Reajustado_P1070607-100x75.webp 100w, https:\/\/upbeat-carver.217-154-185-52.plesk.page\/wp-content\/uploads\/2023\/05\/Reajustado_P1070607-960x720.webp 960w, https:\/\/upbeat-carver.217-154-185-52.plesk.page\/wp-content\/uploads\/2023\/05\/Reajustado_P1070607-800x600.webp 800w\" sizes=\"(max-width:767px) 480px, (max-width:979px) 100vw, 979px\" \/><\/a><\/figure>\n<\/figure>\n\n\n\n<div style=\"height:15px\" aria-hidden=\"true\" class=\"wp-block-spacer\"><\/div>\n\n\n\n<p>La llegada de la primavera trae consigo el reencuentro con la naturaleza y dan comienzo entonces los alegres d\u00edas de <strong><em>romer\u00edas<\/em><\/strong> que transforman los alrededores de ermitas y santuarios en colorida fiesta y cuyas celebraciones se prolongar\u00e1n durante los siguientes meses.<\/p>\n\n\n\n<figure class=\"wp-block-gallery has-nested-images columns-default is-cropped imagen-personalizada wp-block-gallery-4 is-layout-flex wp-block-gallery-is-layout-flex\">\n<figure class=\"wp-block-image size-full tic-page-imagen\"><a href=\"https:\/\/upbeat-carver.217-154-185-52.plesk.page\/wp-content\/uploads\/2023\/08\/turismo-sierra-de-francia-fiestas-romeria.webp\"><img loading=\"lazy\" decoding=\"async\" width=\"1024\" height=\"768\" data-id=\"4978\" src=\"https:\/\/upbeat-carver.217-154-185-52.plesk.page\/wp-content\/uploads\/2023\/08\/turismo-sierra-de-francia-fiestas-romeria.webp\" alt=\"Romer\u00eda Pe\u00f1a de Francia\" class=\"wp-image-4978\" srcset=\"https:\/\/upbeat-carver.217-154-185-52.plesk.page\/wp-content\/uploads\/2023\/08\/turismo-sierra-de-francia-fiestas-romeria.webp 1024w, https:\/\/upbeat-carver.217-154-185-52.plesk.page\/wp-content\/uploads\/2023\/08\/turismo-sierra-de-francia-fiestas-romeria-300x225.webp 300w, https:\/\/upbeat-carver.217-154-185-52.plesk.page\/wp-content\/uploads\/2023\/08\/turismo-sierra-de-francia-fiestas-romeria-768x576.webp 768w, https:\/\/upbeat-carver.217-154-185-52.plesk.page\/wp-content\/uploads\/2023\/08\/turismo-sierra-de-francia-fiestas-romeria-100x75.webp 100w, https:\/\/upbeat-carver.217-154-185-52.plesk.page\/wp-content\/uploads\/2023\/08\/turismo-sierra-de-francia-fiestas-romeria-960x720.webp 960w, https:\/\/upbeat-carver.217-154-185-52.plesk.page\/wp-content\/uploads\/2023\/08\/turismo-sierra-de-francia-fiestas-romeria-480x360.webp 480w\" sizes=\"(max-width:767px) 480px, (max-width:1024px) 100vw, 1024px\" \/><\/a><\/figure>\n<\/figure>\n\n\n\n<div style=\"height:15px\" aria-hidden=\"true\" class=\"wp-block-spacer\"><\/div>\n\n\n\n<p>El mes de mayo es propicio para llevar a cabo la Bendici\u00f3n de campos en Sequeros, la romer\u00eda de majadas viejas en La Alberca el d\u00eda de pentecost\u00e9s y antesala de la festividad de <strong><em>Corpus<\/em><\/strong> <strong><em>Christi<\/em><\/strong>. Una de las fiestas primaverales, m\u00e1s se\u00f1alada en estas comarcas es el Jueves de Corpus, actualmente celebrado en domingo en localidades como La Alberca que conserva a\u00fan rasgos de su pasado esplendor. Calles alfombradas con hierbas arom\u00e1ticas, y altares callejeros donde se bendice a los ni\u00f1os nacidos en el a\u00f1o y la presencia de ventanas y balcones adornados con labores de bordado popular y bailes tradicionales.<\/p>\n\n\n\n<figure class=\"wp-block-gallery has-nested-images columns-default is-cropped imagen-personalizada wp-block-gallery-5 is-layout-flex wp-block-gallery-is-layout-flex\">\n<figure class=\"wp-block-image size-full tic-page-imagen\"><a href=\"https:\/\/upbeat-carver.217-154-185-52.plesk.page\/wp-content\/uploads\/2023\/08\/turismo-sierra-de-francia-fiestas-corpus-alberca.webp\"><img loading=\"lazy\" decoding=\"async\" width=\"1600\" height=\"1068\" data-id=\"4979\" src=\"https:\/\/upbeat-carver.217-154-185-52.plesk.page\/wp-content\/uploads\/2023\/08\/turismo-sierra-de-francia-fiestas-corpus-alberca.webp\" alt=\"Jueves de Corpus en La Alberca\" class=\"wp-image-4979\" srcset=\"https:\/\/upbeat-carver.217-154-185-52.plesk.page\/wp-content\/uploads\/2023\/08\/turismo-sierra-de-francia-fiestas-corpus-alberca.webp 1600w, https:\/\/upbeat-carver.217-154-185-52.plesk.page\/wp-content\/uploads\/2023\/08\/turismo-sierra-de-francia-fiestas-corpus-alberca-300x200.webp 300w, https:\/\/upbeat-carver.217-154-185-52.plesk.page\/wp-content\/uploads\/2023\/08\/turismo-sierra-de-francia-fiestas-corpus-alberca-1024x684.webp 1024w, https:\/\/upbeat-carver.217-154-185-52.plesk.page\/wp-content\/uploads\/2023\/08\/turismo-sierra-de-francia-fiestas-corpus-alberca-768x513.webp 768w, https:\/\/upbeat-carver.217-154-185-52.plesk.page\/wp-content\/uploads\/2023\/08\/turismo-sierra-de-francia-fiestas-corpus-alberca-1536x1025.webp 1536w, https:\/\/upbeat-carver.217-154-185-52.plesk.page\/wp-content\/uploads\/2023\/08\/turismo-sierra-de-francia-fiestas-corpus-alberca-112x75.webp 112w, https:\/\/upbeat-carver.217-154-185-52.plesk.page\/wp-content\/uploads\/2023\/08\/turismo-sierra-de-francia-fiestas-corpus-alberca-480x320.webp 480w\" sizes=\"(max-width:767px) 480px, (max-width:1600px) 100vw, 1600px\" \/><\/a><\/figure>\n\n\n\n<figure class=\"wp-block-image size-full tic-page-imagen\"><a href=\"https:\/\/upbeat-carver.217-154-185-52.plesk.page\/wp-content\/uploads\/2023\/08\/RANNA-CONSULTORIA-Corpus-Alberca-Jovenes-57-copia-1.webp\"><img loading=\"lazy\" decoding=\"async\" width=\"1600\" height=\"1068\" data-id=\"4980\" src=\"https:\/\/upbeat-carver.217-154-185-52.plesk.page\/wp-content\/uploads\/2023\/08\/RANNA-CONSULTORIA-Corpus-Alberca-Jovenes-57-copia-1.webp\" alt=\"La m\u00fasica es parte de la vida, cultura y tradiciones en la Sierra de Franci\" class=\"wp-image-4980\" srcset=\"https:\/\/upbeat-carver.217-154-185-52.plesk.page\/wp-content\/uploads\/2023\/08\/RANNA-CONSULTORIA-Corpus-Alberca-Jovenes-57-copia-1.webp 1600w, https:\/\/upbeat-carver.217-154-185-52.plesk.page\/wp-content\/uploads\/2023\/08\/RANNA-CONSULTORIA-Corpus-Alberca-Jovenes-57-copia-1-300x200.webp 300w, https:\/\/upbeat-carver.217-154-185-52.plesk.page\/wp-content\/uploads\/2023\/08\/RANNA-CONSULTORIA-Corpus-Alberca-Jovenes-57-copia-1-1024x684.webp 1024w, https:\/\/upbeat-carver.217-154-185-52.plesk.page\/wp-content\/uploads\/2023\/08\/RANNA-CONSULTORIA-Corpus-Alberca-Jovenes-57-copia-1-768x513.webp 768w, https:\/\/upbeat-carver.217-154-185-52.plesk.page\/wp-content\/uploads\/2023\/08\/RANNA-CONSULTORIA-Corpus-Alberca-Jovenes-57-copia-1-1536x1025.webp 1536w, https:\/\/upbeat-carver.217-154-185-52.plesk.page\/wp-content\/uploads\/2023\/08\/RANNA-CONSULTORIA-Corpus-Alberca-Jovenes-57-copia-1-112x75.webp 112w, https:\/\/upbeat-carver.217-154-185-52.plesk.page\/wp-content\/uploads\/2023\/08\/RANNA-CONSULTORIA-Corpus-Alberca-Jovenes-57-copia-1-480x320.webp 480w\" sizes=\"(max-width:767px) 480px, (max-width:1600px) 100vw, 1600px\" \/><\/a><\/figure>\n<\/figure>\n\n\n\n<div style=\"height:15px\" aria-hidden=\"true\" class=\"wp-block-spacer\"><\/div>\n\n\n\n<p>La primavera deja paso a la m\u00e1gica fiesta de <strong><em>San Juan<\/em><\/strong>, con la recogida de hierbas medicinales, con las predicciones amorosas y con la quema de la sarna en Lagunilla con la hoguera que conserva el rito de la curaci\u00f3n de los males.<\/p>\n\n\n\n<p>El verano trae consigo un sinf\u00edn de celebraciones entre las que destaca el mes de agosto con una sobrecarga de fiestas patronales, conociendo su cenit con las celebraciones que tienen lugar en torno al 15 de agosto. En La Alberca se celebra el 16 de agosto la <strong><em>Loa<\/em><\/strong>, que es un auto sacramental, siendo uno de los m\u00e1s antiguos de Espa\u00f1a. Tambi\u00e9n animados encierros y toros en Los Santos, o bailes tradicionales en El Cabaco, Santib\u00e1\u00f1ez de la Sierra o Sotoserrano.<\/p>\n\n\n\n<p>En San Mart\u00edn del Casta\u00f1ar, as\u00ed como en otras localidades como La Bastida, Casas del Conde, Cepeda, Cilleros de la Bastida, Mogarraz, Linares de Riofr\u00edo, Nava de Francia, Santiba\u00f1ez de la Sierra, Sequeros, Serradilla del Arroyo y Villanueva del Conde, se celebran tambi\u00e9n festividades donde se sigue llevando a cabo la tradici\u00f3n de torear novillos en sus magn\u00edficas plazas.<\/p>\n\n\n\n<figure class=\"wp-block-gallery has-nested-images columns-default is-cropped imagen-personalizada wp-block-gallery-6 is-layout-flex wp-block-gallery-is-layout-flex\">\n<figure class=\"wp-block-image size-full tic-page-imagen\"><a href=\"https:\/\/upbeat-carver.217-154-185-52.plesk.page\/wp-content\/uploads\/2023\/08\/CABECERA-turismo-sierra-de-francia-fiestas-1.jpg\"><img loading=\"lazy\" decoding=\"async\" width=\"1800\" height=\"1176\" data-id=\"4982\" src=\"https:\/\/upbeat-carver.217-154-185-52.plesk.page\/wp-content\/uploads\/2023\/08\/CABECERA-turismo-sierra-de-francia-fiestas-1.jpg\" alt=\"Loa en La Alberca\" class=\"wp-image-4982\" srcset=\"https:\/\/upbeat-carver.217-154-185-52.plesk.page\/wp-content\/uploads\/2023\/08\/CABECERA-turismo-sierra-de-francia-fiestas-1.jpg 1800w, https:\/\/upbeat-carver.217-154-185-52.plesk.page\/wp-content\/uploads\/2023\/08\/CABECERA-turismo-sierra-de-francia-fiestas-1-300x196.jpg 300w, https:\/\/upbeat-carver.217-154-185-52.plesk.page\/wp-content\/uploads\/2023\/08\/CABECERA-turismo-sierra-de-francia-fiestas-1-1024x669.jpg 1024w, https:\/\/upbeat-carver.217-154-185-52.plesk.page\/wp-content\/uploads\/2023\/08\/CABECERA-turismo-sierra-de-francia-fiestas-1-768x502.jpg 768w, https:\/\/upbeat-carver.217-154-185-52.plesk.page\/wp-content\/uploads\/2023\/08\/CABECERA-turismo-sierra-de-francia-fiestas-1-1536x1004.jpg 1536w, https:\/\/upbeat-carver.217-154-185-52.plesk.page\/wp-content\/uploads\/2023\/08\/CABECERA-turismo-sierra-de-francia-fiestas-1-115x75.jpg 115w, https:\/\/upbeat-carver.217-154-185-52.plesk.page\/wp-content\/uploads\/2023\/08\/CABECERA-turismo-sierra-de-francia-fiestas-1-480x314.jpg 480w\" sizes=\"(max-width:767px) 480px, (max-width:1800px) 100vw, 1800px\" \/><\/a><\/figure>\n\n\n\n<figure class=\"wp-block-image size-full tic-page-imagen\"><a href=\"https:\/\/upbeat-carver.217-154-185-52.plesk.page\/wp-content\/uploads\/2023\/08\/turismo-sierra-de-francia-fiestas-5.webp\"><img loading=\"lazy\" decoding=\"async\" width=\"1300\" height=\"868\" data-id=\"4981\" src=\"https:\/\/upbeat-carver.217-154-185-52.plesk.page\/wp-content\/uploads\/2023\/08\/turismo-sierra-de-francia-fiestas-5.webp\" alt=\"Trajes y calle tradicional con desfile en Miranda del Casta\u00f1ar\" class=\"wp-image-4981\" srcset=\"https:\/\/upbeat-carver.217-154-185-52.plesk.page\/wp-content\/uploads\/2023\/08\/turismo-sierra-de-francia-fiestas-5.webp 1300w, https:\/\/upbeat-carver.217-154-185-52.plesk.page\/wp-content\/uploads\/2023\/08\/turismo-sierra-de-francia-fiestas-5-300x200.webp 300w, https:\/\/upbeat-carver.217-154-185-52.plesk.page\/wp-content\/uploads\/2023\/08\/turismo-sierra-de-francia-fiestas-5-1024x684.webp 1024w, https:\/\/upbeat-carver.217-154-185-52.plesk.page\/wp-content\/uploads\/2023\/08\/turismo-sierra-de-francia-fiestas-5-768x513.webp 768w, https:\/\/upbeat-carver.217-154-185-52.plesk.page\/wp-content\/uploads\/2023\/08\/turismo-sierra-de-francia-fiestas-5-112x75.webp 112w, https:\/\/upbeat-carver.217-154-185-52.plesk.page\/wp-content\/uploads\/2023\/08\/turismo-sierra-de-francia-fiestas-5-480x320.webp 480w\" sizes=\"(max-width:767px) 480px, (max-width:1300px) 100vw, 1300px\" \/><\/a><\/figure>\n<\/figure>\n\n\n\n<div style=\"height:15px\" aria-hidden=\"true\" class=\"wp-block-spacer\"><\/div>\n\n\n\n<p>En el mes de septiembre, Miranda del Casta\u00f1ar, se engalana para recibir la festividad de la <strong><em>procesi\u00f3n de los Candiles<\/em><\/strong>, en honor a la Virgen de la Cuesta, patrona de la localidad. Desde el ayuntamiento parte una comitiva al comp\u00e1s de la gaita y el tamboril, mientras los danzarines lucen orgullosos su indumentaria tradicional. Las mujeres tambi\u00e9n deslumbran con sus espectaculares vestidos t\u00edpicos, acompa\u00f1ados de alhajas, mantones, flores y peinados tradicionales, entre otros detalles.<\/p>\n\n\n\n<figure class=\"wp-block-gallery has-nested-images columns-default is-cropped imagen-personalizada wp-block-gallery-7 is-layout-flex wp-block-gallery-is-layout-flex\">\n<figure class=\"wp-block-image size-full tic-page-imagen\"><a href=\"https:\/\/upbeat-carver.217-154-185-52.plesk.page\/wp-content\/uploads\/2023\/08\/turismo-sierra-de-francia-fiestas-3.webp\"><img loading=\"lazy\" decoding=\"async\" width=\"1300\" height=\"867\" data-id=\"4983\" src=\"https:\/\/upbeat-carver.217-154-185-52.plesk.page\/wp-content\/uploads\/2023\/08\/turismo-sierra-de-francia-fiestas-3.webp\" alt=\"Procesi\u00f3n de Los Candiles en Miranda del Casta\u00f1ar\" class=\"wp-image-4983\" srcset=\"https:\/\/upbeat-carver.217-154-185-52.plesk.page\/wp-content\/uploads\/2023\/08\/turismo-sierra-de-francia-fiestas-3.webp 1300w, https:\/\/upbeat-carver.217-154-185-52.plesk.page\/wp-content\/uploads\/2023\/08\/turismo-sierra-de-francia-fiestas-3-300x200.webp 300w, https:\/\/upbeat-carver.217-154-185-52.plesk.page\/wp-content\/uploads\/2023\/08\/turismo-sierra-de-francia-fiestas-3-1024x683.webp 1024w, https:\/\/upbeat-carver.217-154-185-52.plesk.page\/wp-content\/uploads\/2023\/08\/turismo-sierra-de-francia-fiestas-3-768x512.webp 768w, https:\/\/upbeat-carver.217-154-185-52.plesk.page\/wp-content\/uploads\/2023\/08\/turismo-sierra-de-francia-fiestas-3-112x75.webp 112w, https:\/\/upbeat-carver.217-154-185-52.plesk.page\/wp-content\/uploads\/2023\/08\/turismo-sierra-de-francia-fiestas-3-480x320.webp 480w\" sizes=\"(max-width:767px) 480px, (max-width:1300px) 100vw, 1300px\" \/><\/a><\/figure>\n\n\n\n<figure class=\"wp-block-image size-full tic-page-imagen\"><a href=\"https:\/\/upbeat-carver.217-154-185-52.plesk.page\/wp-content\/uploads\/2023\/08\/turismo-sierra-de-francia-fiestas-2.webp\"><img loading=\"lazy\" decoding=\"async\" width=\"1300\" height=\"867\" data-id=\"4984\" src=\"https:\/\/upbeat-carver.217-154-185-52.plesk.page\/wp-content\/uploads\/2023\/08\/turismo-sierra-de-francia-fiestas-2.webp\" alt=\"Baile tradicional en la Sierra de Francia\" class=\"wp-image-4984\" srcset=\"https:\/\/upbeat-carver.217-154-185-52.plesk.page\/wp-content\/uploads\/2023\/08\/turismo-sierra-de-francia-fiestas-2.webp 1300w, https:\/\/upbeat-carver.217-154-185-52.plesk.page\/wp-content\/uploads\/2023\/08\/turismo-sierra-de-francia-fiestas-2-300x200.webp 300w, https:\/\/upbeat-carver.217-154-185-52.plesk.page\/wp-content\/uploads\/2023\/08\/turismo-sierra-de-francia-fiestas-2-1024x683.webp 1024w, https:\/\/upbeat-carver.217-154-185-52.plesk.page\/wp-content\/uploads\/2023\/08\/turismo-sierra-de-francia-fiestas-2-768x512.webp 768w, https:\/\/upbeat-carver.217-154-185-52.plesk.page\/wp-content\/uploads\/2023\/08\/turismo-sierra-de-francia-fiestas-2-112x75.webp 112w, https:\/\/upbeat-carver.217-154-185-52.plesk.page\/wp-content\/uploads\/2023\/08\/turismo-sierra-de-francia-fiestas-2-480x320.webp 480w\" sizes=\"(max-width:767px) 480px, (max-width:1300px) 100vw, 1300px\" \/><\/a><\/figure>\n<\/figure>\n\n\n\n<div style=\"height:15px\" aria-hidden=\"true\" class=\"wp-block-spacer\"><\/div>\n\n\n\n<p>En el municipio de San Esteban de la Sierra, se celebra la festividad del Cristo,&nbsp; fiestas grandes de la localidad donde m\u00e1s de 20 pe\u00f1as de todas las edades abren sus puertas para tomar un vino o una cerveza, o simplemente pasar un buen rato. La fiesta se abre con la coronaci\u00f3n de la reina y damas y la \u201cQuema del Castillo\u201d y durante los 5 d\u00edas siguientes se puede disfrutar de verbenas, convites, juegos y actividades conjuntas por todo el pueblo. El \u00faltimo d\u00eda a las 9 de la ma\u00f1ana se parte hacia la dehesa de toros bravos a buscar los novillos que ser\u00e1n lidiados por la tarde en la plaza del pueblo. En San Miguel de Valero se celebran las fiestas patronales de San Miguel, consagrando la aparici\u00f3n del arc\u00e1ngel San Miguel en relaci\u00f3n con la custodia de los campos y agricultores.<\/p>\n\n\n\n<figure class=\"wp-block-gallery has-nested-images columns-default is-cropped imagen-personalizada wp-block-gallery-8 is-layout-flex wp-block-gallery-is-layout-flex\">\n<figure class=\"wp-block-image size-large\"><a href=\"https:\/\/upbeat-carver.217-154-185-52.plesk.page\/wp-content\/uploads\/2023\/10\/rurismo-sierra-francia-santibanez-sierra-3.webp\"><img loading=\"lazy\" decoding=\"async\" width=\"1024\" height=\"576\" data-id=\"7187\" src=\"https:\/\/upbeat-carver.217-154-185-52.plesk.page\/wp-content\/uploads\/2023\/10\/rurismo-sierra-francia-santibanez-sierra-3-1024x576.webp\" alt=\"Fiesta tradicional en Santiba\u00f1ez de la Sierra\" class=\"wp-image-7187\" srcset=\"https:\/\/upbeat-carver.217-154-185-52.plesk.page\/wp-content\/uploads\/2023\/10\/rurismo-sierra-francia-santibanez-sierra-3-1024x576.webp 1024w, https:\/\/upbeat-carver.217-154-185-52.plesk.page\/wp-content\/uploads\/2023\/10\/rurismo-sierra-francia-santibanez-sierra-3-300x169.webp 300w, https:\/\/upbeat-carver.217-154-185-52.plesk.page\/wp-content\/uploads\/2023\/10\/rurismo-sierra-francia-santibanez-sierra-3-768x432.webp 768w, https:\/\/upbeat-carver.217-154-185-52.plesk.page\/wp-content\/uploads\/2023\/10\/rurismo-sierra-francia-santibanez-sierra-3-133x75.webp 133w, https:\/\/upbeat-carver.217-154-185-52.plesk.page\/wp-content\/uploads\/2023\/10\/rurismo-sierra-francia-santibanez-sierra-3-1200x675.webp 1200w, https:\/\/upbeat-carver.217-154-185-52.plesk.page\/wp-content\/uploads\/2023\/10\/rurismo-sierra-francia-santibanez-sierra-3-480x270.webp 480w, https:\/\/upbeat-carver.217-154-185-52.plesk.page\/wp-content\/uploads\/2023\/10\/rurismo-sierra-francia-santibanez-sierra-3.webp 1500w\" sizes=\"(max-width:767px) 480px, (max-width:1024px) 100vw, 1024px\" \/><\/a><\/figure>\n\n\n\n<figure class=\"wp-block-image size-large\"><a href=\"https:\/\/upbeat-carver.217-154-185-52.plesk.page\/wp-content\/uploads\/2023\/10\/rurismo-sierra-francia-santibanez-sierra-2.webp\"><img loading=\"lazy\" decoding=\"async\" width=\"1024\" height=\"576\" data-id=\"7186\" src=\"https:\/\/upbeat-carver.217-154-185-52.plesk.page\/wp-content\/uploads\/2023\/10\/rurismo-sierra-francia-santibanez-sierra-2-1024x576.webp\" alt=\"Espacio Interpretativo de la Danza Serrana\" class=\"wp-image-7186\" srcset=\"https:\/\/upbeat-carver.217-154-185-52.plesk.page\/wp-content\/uploads\/2023\/10\/rurismo-sierra-francia-santibanez-sierra-2-1024x576.webp 1024w, https:\/\/upbeat-carver.217-154-185-52.plesk.page\/wp-content\/uploads\/2023\/10\/rurismo-sierra-francia-santibanez-sierra-2-300x169.webp 300w, https:\/\/upbeat-carver.217-154-185-52.plesk.page\/wp-content\/uploads\/2023\/10\/rurismo-sierra-francia-santibanez-sierra-2-768x432.webp 768w, https:\/\/upbeat-carver.217-154-185-52.plesk.page\/wp-content\/uploads\/2023\/10\/rurismo-sierra-francia-santibanez-sierra-2-133x75.webp 133w, https:\/\/upbeat-carver.217-154-185-52.plesk.page\/wp-content\/uploads\/2023\/10\/rurismo-sierra-francia-santibanez-sierra-2-1200x675.webp 1200w, https:\/\/upbeat-carver.217-154-185-52.plesk.page\/wp-content\/uploads\/2023\/10\/rurismo-sierra-francia-santibanez-sierra-2-480x270.webp 480w, https:\/\/upbeat-carver.217-154-185-52.plesk.page\/wp-content\/uploads\/2023\/10\/rurismo-sierra-francia-santibanez-sierra-2.webp 1500w\" sizes=\"(max-width:767px) 480px, (max-width:1024px) 100vw, 1024px\" \/><\/a><\/figure>\n\n\n\n<figure class=\"wp-block-image size-large\"><a href=\"https:\/\/upbeat-carver.217-154-185-52.plesk.page\/wp-content\/uploads\/2023\/10\/rurismo-sierra-francia-santibanez-sierra-1.jpg\"><img loading=\"lazy\" decoding=\"async\" width=\"1024\" height=\"768\" data-id=\"7188\" src=\"https:\/\/upbeat-carver.217-154-185-52.plesk.page\/wp-content\/uploads\/2023\/10\/rurismo-sierra-francia-santibanez-sierra-1-1024x768.jpg\" alt=\"Fiesta tradicional en Santiba\u00f1ez de la Sierra 3\" class=\"wp-image-7188\" srcset=\"https:\/\/upbeat-carver.217-154-185-52.plesk.page\/wp-content\/uploads\/2023\/10\/rurismo-sierra-francia-santibanez-sierra-1-1024x768.jpg 1024w, https:\/\/upbeat-carver.217-154-185-52.plesk.page\/wp-content\/uploads\/2023\/10\/rurismo-sierra-francia-santibanez-sierra-1-300x225.jpg 300w, https:\/\/upbeat-carver.217-154-185-52.plesk.page\/wp-content\/uploads\/2023\/10\/rurismo-sierra-francia-santibanez-sierra-1-768x576.jpg 768w, https:\/\/upbeat-carver.217-154-185-52.plesk.page\/wp-content\/uploads\/2023\/10\/rurismo-sierra-francia-santibanez-sierra-1-100x75.jpg 100w, https:\/\/upbeat-carver.217-154-185-52.plesk.page\/wp-content\/uploads\/2023\/10\/rurismo-sierra-francia-santibanez-sierra-1-960x720.jpg 960w, https:\/\/upbeat-carver.217-154-185-52.plesk.page\/wp-content\/uploads\/2023\/10\/rurismo-sierra-francia-santibanez-sierra-1-480x360.jpg 480w, https:\/\/upbeat-carver.217-154-185-52.plesk.page\/wp-content\/uploads\/2023\/10\/rurismo-sierra-francia-santibanez-sierra-1.jpg 1500w\" sizes=\"(max-width:767px) 480px, (max-width:1024px) 100vw, 1024px\" \/><\/a><\/figure>\n<\/figure>\n\n\n\n<div style=\"height:15px\" aria-hidden=\"true\" class=\"wp-block-spacer\"><\/div>\n\n\n\n<p>El oto\u00f1o concentra sus celebraciones en la fiesta de Todos los Santos, con el peregrinaje al cementerio y las meriendas, <strong><em>calvotadas<\/em><\/strong> o magostos con el fruto del casta\u00f1o en Los Santos o Linares.<\/p>\n\n\n\n<p>La llegada de la Navidad se celebra en Sequeros donde el d\u00eda de Navidad lo reclaman los casados o la que lleva a cabo <strong><em>El Perrero<\/em><\/strong> en Nava de Francia el d\u00eda de Nochevieja. Las fiestas de quintos como <strong><em>La Robra<\/em><\/strong> en el Cabaco o la alborada de quintos en Linares de Riofr\u00edo dan por finalizado el calendario festivo.<\/p>\n\n\n\n<p>Calendario festivo en el que ha estado muy presente la m\u00fasica de los instrumentos tradicionales de estas zonas, la <strong><em>gaita<\/em><\/strong> y el <strong><em>tamboril<\/em><\/strong> y la <strong><em>dulzaina<\/em><\/strong> y redoblante que acompa\u00f1an alboradas, pasacalles, ofertorios y bailes de ramos, paloteos, picaos o charradas.<\/p>\n<\/div><\/div>\n\n\n\n<div style=\"height:30px\" aria-hidden=\"true\" class=\"wp-block-spacer\"><\/div>\n\n\n\n<div class=\"wp-block-group tic-page-footer\"><div class=\"wp-block-group__inner-container is-layout-constrained wp-block-group-is-layout-constrained\">\n<p class=\"tic-secicon has-medium-font-size\"><strong>Relacionado<\/strong><\/p>\n\n\n\n\t\t\t<div class=\"foogallery foogallery-container foogallery-carousel foogallery-lightbox-none fg-carousel-hide-nav-arrows fg-carousel-hide-pagination fg-carousel-hide-progress-bar fg-carousel fg-ready fg-custom fg-shadow-outline fg-loading-default fg-loaded-fade-in fg-caption-always fg-hover-fade fg-c-c\" id=\"foogallery-gallery-3652\" data-foogallery=\"{&quot;item&quot;:{&quot;showCaptionTitle&quot;:true,&quot;showCaptionDescription&quot;:true},&quot;lazy&quot;:true,&quot;template&quot;:{&quot;maxItems&quot;:7,&quot;scale&quot;:0,&quot;gutter&quot;:{&quot;min&quot;:5,&quot;max&quot;:10,&quot;unit&quot;:&quot;px&quot;},&quot;autoplay&quot;:{&quot;time&quot;:5,&quot;interaction&quot;:&quot;disable&quot;},&quot;centerOnClick&quot;:false}}\" style=\"--fg-title-line-clamp: 0; --fg-description-line-clamp: 0;\" >\n\t<button type=\"button\" class=\"fg-carousel-prev\" title=\"Previous\"><\/button>\n\t<div class=\"fg-carousel-inner\">\n\t\t<div class=\"fg-carousel-center\"><\/div>\n\t\t<div class=\"fg-item fg-type-iframe fg-idle\"><figure class=\"fg-item-inner\"><a href=\"https:\/\/upbeat-carver.217-154-185-52.plesk.page\/nuestros-pueblos\/\" data-caption-title=\"Nuestros Pueblos\" data-attachment-id=\"16463\" data-type=\"iframe\" class=\"fg-thumb\"><span class=\"fg-image-wrap\"><img decoding=\"async\" title=\"Nuestros Pueblos\" width=\"293\" height=\"400\" class=\"skip-lazy fg-image\" data-src-fg=\"https:\/\/upbeat-carver.217-154-185-52.plesk.page\/wp-content\/uploads\/cache\/2024\/06\/nuestros-pueblos-recomendado\/3450360749.webp\" src=\"data:image\/svg+xml,%3Csvg%20xmlns%3D%22http%3A%2F%2Fwww.w3.org%2F2000%2Fsvg%22%20width%3D%22293%22%20height%3D%22400%22%20viewBox%3D%220%200%20293%20400%22%3E%3C%2Fsvg%3E\" loading=\"eager\"><\/span><span class=\"fg-image-overlay\"><\/span><\/a><figcaption class=\"fg-caption\"><div class=\"fg-caption-inner\"><div class=\"fg-caption-title\">Nuestros Pueblos<\/div><\/div><\/figcaption><\/figure><div class=\"fg-loader\"><\/div><\/div><div class=\"fg-item fg-type-iframe fg-idle\"><figure class=\"fg-item-inner\"><a href=\"https:\/\/upbeat-carver.217-154-185-52.plesk.page\/turismo-activo\/estacion-de-deportes-de-montana\/senderismo\/\" data-caption-title=\"Senderismo\" data-attachment-id=\"16465\" data-type=\"iframe\" class=\"fg-thumb\"><span class=\"fg-image-wrap\"><img decoding=\"async\" title=\"Senderismo\" width=\"293\" height=\"400\" class=\"skip-lazy fg-image\" data-src-fg=\"https:\/\/upbeat-carver.217-154-185-52.plesk.page\/wp-content\/uploads\/cache\/2024\/06\/senderismo-recomendador\/653318006.webp\" src=\"data:image\/svg+xml,%3Csvg%20xmlns%3D%22http%3A%2F%2Fwww.w3.org%2F2000%2Fsvg%22%20width%3D%22293%22%20height%3D%22400%22%20viewBox%3D%220%200%20293%20400%22%3E%3C%2Fsvg%3E\" loading=\"eager\"><\/span><span class=\"fg-image-overlay\"><\/span><\/a><figcaption class=\"fg-caption\"><div class=\"fg-caption-inner\"><div class=\"fg-caption-title\">Senderismo<\/div><\/div><\/figcaption><\/figure><div class=\"fg-loader\"><\/div><\/div><div class=\"fg-item fg-type-iframe fg-idle\"><figure class=\"fg-item-inner\"><a href=\"https:\/\/upbeat-carver.217-154-185-52.plesk.page\/turismo-activo\/turismo-rutas-accesibles\/\" data-caption-title=\"Rutas Accesibles\" data-attachment-id=\"16464\" data-type=\"iframe\" class=\"fg-thumb\"><span class=\"fg-image-wrap\"><img decoding=\"async\" title=\"Rutas Accesibles\" width=\"293\" height=\"400\" class=\"skip-lazy fg-image\" data-src-fg=\"https:\/\/upbeat-carver.217-154-185-52.plesk.page\/wp-content\/uploads\/cache\/2024\/06\/rutas-accesibles-recomendador\/4236705883.webp\" src=\"data:image\/svg+xml,%3Csvg%20xmlns%3D%22http%3A%2F%2Fwww.w3.org%2F2000%2Fsvg%22%20width%3D%22293%22%20height%3D%22400%22%20viewBox%3D%220%200%20293%20400%22%3E%3C%2Fsvg%3E\" loading=\"eager\"><\/span><span class=\"fg-image-overlay\"><\/span><\/a><figcaption class=\"fg-caption\"><div class=\"fg-caption-inner\"><div class=\"fg-caption-title\">Rutas Accesibles<\/div><\/div><\/figcaption><\/figure><div class=\"fg-loader\"><\/div><\/div><div class=\"fg-item fg-type-iframe fg-idle\"><figure class=\"fg-item-inner\"><a href=\"https:\/\/upbeat-carver.217-154-185-52.plesk.page\/donde-dormir\/\" data-caption-title=\"\u00bfD\u00f3nde Comer?\" data-attachment-id=\"16462\" data-type=\"iframe\" class=\"fg-thumb\"><span class=\"fg-image-wrap\"><img decoding=\"async\" title=\"\u00bfD\u00f3nde Comer?\" width=\"293\" height=\"400\" class=\"skip-lazy fg-image\" data-src-fg=\"https:\/\/upbeat-carver.217-154-185-52.plesk.page\/wp-content\/uploads\/cache\/2024\/06\/donde_comer-recomendado\/3830583107.webp\" src=\"data:image\/svg+xml,%3Csvg%20xmlns%3D%22http%3A%2F%2Fwww.w3.org%2F2000%2Fsvg%22%20width%3D%22293%22%20height%3D%22400%22%20viewBox%3D%220%200%20293%20400%22%3E%3C%2Fsvg%3E\" loading=\"eager\"><\/span><span class=\"fg-image-overlay\"><\/span><\/a><figcaption class=\"fg-caption\"><div class=\"fg-caption-inner\"><div class=\"fg-caption-title\">\u00bfD\u00f3nde Comer?<\/div><\/div><\/figcaption><\/figure><div class=\"fg-loader\"><\/div><\/div><div class=\"fg-item fg-type-iframe fg-idle\"><figure class=\"fg-item-inner\"><a href=\"https:\/\/upbeat-carver.217-154-185-52.plesk.page\/donde-dormir\/\" data-caption-title=\"\u00bfD\u00f3nde Dormir?\" data-attachment-id=\"16461\" data-type=\"iframe\" class=\"fg-thumb\"><span class=\"fg-image-wrap\"><img decoding=\"async\" title=\"\u00bfD\u00f3nde Dormir?\" width=\"293\" height=\"400\" class=\"skip-lazy fg-image\" data-src-fg=\"https:\/\/upbeat-carver.217-154-185-52.plesk.page\/wp-content\/uploads\/cache\/2024\/06\/donde-dormir-recomendado\/1300525129.webp\" src=\"data:image\/svg+xml,%3Csvg%20xmlns%3D%22http%3A%2F%2Fwww.w3.org%2F2000%2Fsvg%22%20width%3D%22293%22%20height%3D%22400%22%20viewBox%3D%220%200%20293%20400%22%3E%3C%2Fsvg%3E\" loading=\"eager\"><\/span><span class=\"fg-image-overlay\"><\/span><\/a><figcaption class=\"fg-caption\"><div class=\"fg-caption-inner\"><div class=\"fg-caption-title\">\u00bfD\u00f3nde Dormir?<\/div><\/div><\/figcaption><\/figure><div class=\"fg-loader\"><\/div><\/div><div class=\"fg-item fg-type-iframe fg-idle\"><figure class=\"fg-item-inner\"><a href=\"https:\/\/upbeat-carver.217-154-185-52.plesk.page\/turismo-activo\/caminos-de-arte-en-la-naturaleza\/\" data-caption-title=\"Caminos de Arte\" data-attachment-id=\"16459\" data-type=\"iframe\" class=\"fg-thumb\"><span class=\"fg-image-wrap\"><img decoding=\"async\" title=\"Caminos de Arte\" width=\"293\" height=\"400\" class=\"skip-lazy fg-image\" data-src-fg=\"https:\/\/upbeat-carver.217-154-185-52.plesk.page\/wp-content\/uploads\/cache\/2024\/06\/caminos-del-arte-recomendador\/3488217815.webp\" src=\"data:image\/svg+xml,%3Csvg%20xmlns%3D%22http%3A%2F%2Fwww.w3.org%2F2000%2Fsvg%22%20width%3D%22293%22%20height%3D%22400%22%20viewBox%3D%220%200%20293%20400%22%3E%3C%2Fsvg%3E\" loading=\"eager\"><\/span><span class=\"fg-image-overlay\"><\/span><\/a><figcaption class=\"fg-caption\"><div class=\"fg-caption-inner\"><div class=\"fg-caption-title\">Caminos de Arte<\/div><\/div><\/figcaption><\/figure><div class=\"fg-loader\"><\/div><\/div><div class=\"fg-item fg-type-iframe fg-idle\"><figure class=\"fg-item-inner\"><a href=\"https:\/\/upbeat-carver.217-154-185-52.plesk.page\/cultura\/centros-interpretacion-museos\/\" data-caption-title=\"Centros de Interpretaci\u00f3n\" data-attachment-id=\"16460\" data-type=\"iframe\" class=\"fg-thumb\"><span class=\"fg-image-wrap\"><img decoding=\"async\" title=\"Centros de Interpretaci\u00f3n\" width=\"293\" height=\"400\" class=\"skip-lazy fg-image\" data-src-fg=\"https:\/\/upbeat-carver.217-154-185-52.plesk.page\/wp-content\/uploads\/cache\/2024\/06\/centro-interpretacion-museo\/542232789.webp\" src=\"data:image\/svg+xml,%3Csvg%20xmlns%3D%22http%3A%2F%2Fwww.w3.org%2F2000%2Fsvg%22%20width%3D%22293%22%20height%3D%22400%22%20viewBox%3D%220%200%20293%20400%22%3E%3C%2Fsvg%3E\" loading=\"eager\"><\/span><span class=\"fg-image-overlay\"><\/span><\/a><figcaption class=\"fg-caption\"><div class=\"fg-caption-inner\"><div class=\"fg-caption-title\">Centros de Interpretaci\u00f3n<\/div><\/div><\/figcaption><\/figure><div class=\"fg-loader\"><\/div><\/div>\t<\/div>\n\t<div class=\"fg-carousel-bottom\"><\/div>\n\t<div class=\"fg-carousel-progress\"><\/div>\n\t<button type=\"button\" class=\"fg-carousel-next\" title=\"Siguiente\"><\/button>\n<\/div>\n\n\n<div style=\"height:50px\" aria-hidden=\"true\" class=\"wp-block-spacer\"><\/div>\n<\/div><\/div>\n<style class=\"advgb-styles-renderer\">\n#foogallery-gallery-3652 .fg-image { width: 293px; }#foogallery-gallery-3652 { \r\n width:100%;\r\n}\r\n\r\n#foogallery-gallery-3652 div.fg-caption-title { \r\nfont-weight:700;\r\n}\r\n\r\n<\/style>","protected":false},"excerpt":{"rendered":"<p>El calendario festivo est\u00e1 presente a lo largo de todo el a\u00f1o, en todos los meses donde hay diversas celebraciones&hellip; <a class=\"continue\" href=\"https:\/\/upbeat-carver.217-154-185-52.plesk.page\/?page_id=4963\">Seguir leyendo<span> Fiestas<\/span><\/a><\/p>\n","protected":false},"author":1,"featured_media":0,"parent":0,"menu_order":0,"comment_status":"closed","ping_status":"closed","template":"","meta":{"advgb_blocks_editor_width":"","advgb_blocks_columns_visual_guide":"","footnotes":""},"class_list":["post-4963","page","type-page","status-publish","hentry"],"yoast_head":"<!-- This site is optimized with the Yoast SEO plugin v27.2 - https:\/\/yoast.com\/product\/yoast-seo-wordpress\/ -->\n<title>Fiestas - Sierra de Francia<\/title>\n<meta name=\"description\" content=\"La actividad agroganadera tiene mucha importancia en la elecci\u00f3n de estas fiestas.\" \/>\n<meta name=\"robots\" content=\"index, follow, max-snippet:-1, max-image-preview:large, max-video-preview:-1\" \/>\n<link rel=\"canonical\" href=\"https:\/\/upbeat-carver.217-154-185-52.plesk.page\/fiestas\/\" \/>\n<meta property=\"og:locale\" content=\"es_ES\" \/>\n<meta property=\"og:type\" content=\"article\" \/>\n<meta property=\"og:title\" content=\"Fiestas - Sierra de Francia\" \/>\n<meta property=\"og:description\" content=\"La actividad agroganadera tiene mucha importancia en la elecci\u00f3n de estas fiestas.\" \/>\n<meta property=\"og:url\" content=\"https:\/\/upbeat-carver.217-154-185-52.plesk.page\/fiestas\/\" \/>\n<meta property=\"og:site_name\" content=\"Sierra de Francia\" \/>\n<meta property=\"article:publisher\" content=\"https:\/\/www.facebook.com\/visitasierradefrancia\/\" \/>\n<meta property=\"article:modified_time\" content=\"2024-10-24T20:53:17+00:00\" \/>\n<meta property=\"og:image\" content=\"https:\/\/upbeat-carver.217-154-185-52.plesk.page\/wp-content\/uploads\/2023\/08\/turismo-sierra-de-francia-fiestas-boda-tradicional-albercana.webp\" \/>\n\t<meta property=\"og:image:width\" content=\"1300\" \/>\n\t<meta property=\"og:image:height\" content=\"940\" \/>\n\t<meta property=\"og:image:type\" content=\"image\/webp\" \/>\n<meta name=\"twitter:card\" content=\"summary_large_image\" \/>\n<meta name=\"twitter:site\" content=\"@visitaSF\" \/>\n<meta name=\"twitter:label1\" content=\"Tiempo de lectura\" \/>\n\t<meta name=\"twitter:data1\" content=\"9 minutos\" \/>\n<script type=\"application\/ld+json\" class=\"yoast-schema-graph\">{\"@context\":\"https:\/\/schema.org\",\"@graph\":[{\"@type\":\"WebPage\",\"@id\":\"https:\/\/upbeat-carver.217-154-185-52.plesk.page\/fiestas\/\",\"url\":\"https:\/\/upbeat-carver.217-154-185-52.plesk.page\/fiestas\/\",\"name\":\"Fiestas - Sierra de Francia\",\"isPartOf\":{\"@id\":\"https:\/\/upbeat-carver.217-154-185-52.plesk.page\/#website\"},\"primaryImageOfPage\":{\"@id\":\"https:\/\/upbeat-carver.217-154-185-52.plesk.page\/fiestas\/#primaryimage\"},\"image\":{\"@id\":\"https:\/\/upbeat-carver.217-154-185-52.plesk.page\/fiestas\/#primaryimage\"},\"thumbnailUrl\":\"https:\/\/upbeat-carver.217-154-185-52.plesk.page\/wp-content\/uploads\/2023\/08\/turismo-sierra-de-francia-fiestas-boda-tradicional-albercana.webp\",\"datePublished\":\"2023-08-01T13:28:46+00:00\",\"dateModified\":\"2024-10-24T20:53:17+00:00\",\"description\":\"La actividad agroganadera tiene mucha importancia en la elecci\u00f3n de estas fiestas.\",\"breadcrumb\":{\"@id\":\"https:\/\/upbeat-carver.217-154-185-52.plesk.page\/fiestas\/#breadcrumb\"},\"inLanguage\":\"es\",\"potentialAction\":[{\"@type\":\"ReadAction\",\"target\":[\"https:\/\/upbeat-carver.217-154-185-52.plesk.page\/fiestas\/\"]}]},{\"@type\":\"ImageObject\",\"inLanguage\":\"es\",\"@id\":\"https:\/\/upbeat-carver.217-154-185-52.plesk.page\/fiestas\/#primaryimage\",\"url\":\"https:\/\/upbeat-carver.217-154-185-52.plesk.page\/wp-content\/uploads\/2023\/08\/turismo-sierra-de-francia-fiestas-boda-tradicional-albercana.webp\",\"contentUrl\":\"https:\/\/upbeat-carver.217-154-185-52.plesk.page\/wp-content\/uploads\/2023\/08\/turismo-sierra-de-francia-fiestas-boda-tradicional-albercana.webp\",\"width\":1300,\"height\":940,\"caption\":\"Boda tradicional en La Alberca\"},{\"@type\":\"BreadcrumbList\",\"@id\":\"https:\/\/upbeat-carver.217-154-185-52.plesk.page\/fiestas\/#breadcrumb\",\"itemListElement\":[{\"@type\":\"ListItem\",\"position\":1,\"name\":\"Inicio\",\"item\":\"https:\/\/upbeat-carver.217-154-185-52.plesk.page\/\"},{\"@type\":\"ListItem\",\"position\":2,\"name\":\"Fiestas\"}]},{\"@type\":\"WebSite\",\"@id\":\"https:\/\/upbeat-carver.217-154-185-52.plesk.page\/#website\",\"url\":\"https:\/\/upbeat-carver.217-154-185-52.plesk.page\/\",\"name\":\"Sierra de Francia\",\"description\":\"\",\"publisher\":{\"@id\":\"https:\/\/upbeat-carver.217-154-185-52.plesk.page\/#organization\"},\"alternateName\":\"Turismo Sierra de Francia\",\"potentialAction\":[{\"@type\":\"SearchAction\",\"target\":{\"@type\":\"EntryPoint\",\"urlTemplate\":\"https:\/\/upbeat-carver.217-154-185-52.plesk.page\/?s={search_term_string}\"},\"query-input\":{\"@type\":\"PropertyValueSpecification\",\"valueRequired\":true,\"valueName\":\"search_term_string\"}}],\"inLanguage\":\"es\"},{\"@type\":\"Organization\",\"@id\":\"https:\/\/upbeat-carver.217-154-185-52.plesk.page\/#organization\",\"name\":\"Sierra de Francia\",\"alternateName\":\"Turismo Sierra de Francia\",\"url\":\"https:\/\/upbeat-carver.217-154-185-52.plesk.page\/\",\"logo\":{\"@type\":\"ImageObject\",\"inLanguage\":\"es\",\"@id\":\"https:\/\/upbeat-carver.217-154-185-52.plesk.page\/#\/schema\/logo\/image\/\",\"url\":\"https:\/\/upbeat-carver.217-154-185-52.plesk.page\/wp-content\/uploads\/2024\/04\/cropped-logo_redondo-removebg-preview.png\",\"contentUrl\":\"https:\/\/upbeat-carver.217-154-185-52.plesk.page\/wp-content\/uploads\/2024\/04\/cropped-logo_redondo-removebg-preview.png\",\"width\":512,\"height\":512,\"caption\":\"Sierra de Francia\"},\"image\":{\"@id\":\"https:\/\/upbeat-carver.217-154-185-52.plesk.page\/#\/schema\/logo\/image\/\"},\"sameAs\":[\"https:\/\/www.facebook.com\/visitasierradefrancia\/\",\"https:\/\/x.com\/visitaSF\",\"https:\/\/www.instagram.com\/visitasierradefrancia\/\",\"https:\/\/www.youtube.com\/@visitasierradefrancia\"]}]}<\/script>\n<!-- \/ Yoast SEO plugin. -->","yoast_head_json":{"title":"Fiestas - Sierra de Francia","description":"La actividad agroganadera tiene mucha importancia en la elecci\u00f3n de estas fiestas.","robots":{"index":"index","follow":"follow","max-snippet":"max-snippet:-1","max-image-preview":"max-image-preview:large","max-video-preview":"max-video-preview:-1"},"canonical":"https:\/\/upbeat-carver.217-154-185-52.plesk.page\/fiestas\/","og_locale":"es_ES","og_type":"article","og_title":"Fiestas - Sierra de Francia","og_description":"La actividad agroganadera tiene mucha importancia en la elecci\u00f3n de estas fiestas.","og_url":"https:\/\/upbeat-carver.217-154-185-52.plesk.page\/fiestas\/","og_site_name":"Sierra de Francia","article_publisher":"https:\/\/www.facebook.com\/visitasierradefrancia\/","article_modified_time":"2024-10-24T20:53:17+00:00","og_image":[{"width":1300,"height":940,"url":"https:\/\/upbeat-carver.217-154-185-52.plesk.page\/wp-content\/uploads\/2023\/08\/turismo-sierra-de-francia-fiestas-boda-tradicional-albercana.webp","type":"image\/webp"}],"twitter_card":"summary_large_image","twitter_site":"@visitaSF","twitter_misc":{"Tiempo de lectura":"9 minutos"},"schema":{"@context":"https:\/\/schema.org","@graph":[{"@type":"WebPage","@id":"https:\/\/upbeat-carver.217-154-185-52.plesk.page\/fiestas\/","url":"https:\/\/upbeat-carver.217-154-185-52.plesk.page\/fiestas\/","name":"Fiestas - Sierra de Francia","isPartOf":{"@id":"https:\/\/upbeat-carver.217-154-185-52.plesk.page\/#website"},"primaryImageOfPage":{"@id":"https:\/\/upbeat-carver.217-154-185-52.plesk.page\/fiestas\/#primaryimage"},"image":{"@id":"https:\/\/upbeat-carver.217-154-185-52.plesk.page\/fiestas\/#primaryimage"},"thumbnailUrl":"https:\/\/upbeat-carver.217-154-185-52.plesk.page\/wp-content\/uploads\/2023\/08\/turismo-sierra-de-francia-fiestas-boda-tradicional-albercana.webp","datePublished":"2023-08-01T13:28:46+00:00","dateModified":"2024-10-24T20:53:17+00:00","description":"La actividad agroganadera tiene mucha importancia en la elecci\u00f3n de estas fiestas.","breadcrumb":{"@id":"https:\/\/upbeat-carver.217-154-185-52.plesk.page\/fiestas\/#breadcrumb"},"inLanguage":"es","potentialAction":[{"@type":"ReadAction","target":["https:\/\/upbeat-carver.217-154-185-52.plesk.page\/fiestas\/"]}]},{"@type":"ImageObject","inLanguage":"es","@id":"https:\/\/upbeat-carver.217-154-185-52.plesk.page\/fiestas\/#primaryimage","url":"https:\/\/upbeat-carver.217-154-185-52.plesk.page\/wp-content\/uploads\/2023\/08\/turismo-sierra-de-francia-fiestas-boda-tradicional-albercana.webp","contentUrl":"https:\/\/upbeat-carver.217-154-185-52.plesk.page\/wp-content\/uploads\/2023\/08\/turismo-sierra-de-francia-fiestas-boda-tradicional-albercana.webp","width":1300,"height":940,"caption":"Boda tradicional en La Alberca"},{"@type":"BreadcrumbList","@id":"https:\/\/upbeat-carver.217-154-185-52.plesk.page\/fiestas\/#breadcrumb","itemListElement":[{"@type":"ListItem","position":1,"name":"Inicio","item":"https:\/\/upbeat-carver.217-154-185-52.plesk.page\/"},{"@type":"ListItem","position":2,"name":"Fiestas"}]},{"@type":"WebSite","@id":"https:\/\/upbeat-carver.217-154-185-52.plesk.page\/#website","url":"https:\/\/upbeat-carver.217-154-185-52.plesk.page\/","name":"Sierra de Francia","description":"","publisher":{"@id":"https:\/\/upbeat-carver.217-154-185-52.plesk.page\/#organization"},"alternateName":"Turismo Sierra de Francia","potentialAction":[{"@type":"SearchAction","target":{"@type":"EntryPoint","urlTemplate":"https:\/\/upbeat-carver.217-154-185-52.plesk.page\/?s={search_term_string}"},"query-input":{"@type":"PropertyValueSpecification","valueRequired":true,"valueName":"search_term_string"}}],"inLanguage":"es"},{"@type":"Organization","@id":"https:\/\/upbeat-carver.217-154-185-52.plesk.page\/#organization","name":"Sierra de Francia","alternateName":"Turismo Sierra de Francia","url":"https:\/\/upbeat-carver.217-154-185-52.plesk.page\/","logo":{"@type":"ImageObject","inLanguage":"es","@id":"https:\/\/upbeat-carver.217-154-185-52.plesk.page\/#\/schema\/logo\/image\/","url":"https:\/\/upbeat-carver.217-154-185-52.plesk.page\/wp-content\/uploads\/2024\/04\/cropped-logo_redondo-removebg-preview.png","contentUrl":"https:\/\/upbeat-carver.217-154-185-52.plesk.page\/wp-content\/uploads\/2024\/04\/cropped-logo_redondo-removebg-preview.png","width":512,"height":512,"caption":"Sierra de Francia"},"image":{"@id":"https:\/\/upbeat-carver.217-154-185-52.plesk.page\/#\/schema\/logo\/image\/"},"sameAs":["https:\/\/www.facebook.com\/visitasierradefrancia\/","https:\/\/x.com\/visitaSF","https:\/\/www.instagram.com\/visitasierradefrancia\/","https:\/\/www.youtube.com\/@visitasierradefrancia"]}]}},"coauthors":[],"author_meta":{"author_link":"https:\/\/upbeat-carver.217-154-185-52.plesk.page\/?author=1","display_name":"admin"},"relative_dates":{"created":"Publicado 3 a\u00f1os hace","modified":"Actualizado 2 a\u00f1os hace"},"absolute_dates":{"created":"Publicado el 01\/08\/2023","modified":"Actualizado el 24\/10\/2024"},"absolute_dates_time":{"created":"Publicado el 01\/08\/2023 13:28","modified":"Actualizado el 24\/10\/2024 20:53"},"featured_img_caption":"","featured_img":false,"series_order":"","_links":{"self":[{"href":"https:\/\/upbeat-carver.217-154-185-52.plesk.page\/index.php?rest_route=\/wp\/v2\/pages\/4963","targetHints":{"allow":["GET"]}}],"collection":[{"href":"https:\/\/upbeat-carver.217-154-185-52.plesk.page\/index.php?rest_route=\/wp\/v2\/pages"}],"about":[{"href":"https:\/\/upbeat-carver.217-154-185-52.plesk.page\/index.php?rest_route=\/wp\/v2\/types\/page"}],"author":[{"embeddable":true,"href":"https:\/\/upbeat-carver.217-154-185-52.plesk.page\/index.php?rest_route=\/wp\/v2\/users\/1"}],"replies":[{"embeddable":true,"href":"https:\/\/upbeat-carver.217-154-185-52.plesk.page\/index.php?rest_route=%2Fwp%2Fv2%2Fcomments&post=4963"}],"version-history":[{"count":49,"href":"https:\/\/upbeat-carver.217-154-185-52.plesk.page\/index.php?rest_route=\/wp\/v2\/pages\/4963\/revisions"}],"predecessor-version":[{"id":18737,"href":"https:\/\/upbeat-carver.217-154-185-52.plesk.page\/index.php?rest_route=\/wp\/v2\/pages\/4963\/revisions\/18737"}],"wp:attachment":[{"href":"https:\/\/upbeat-carver.217-154-185-52.plesk.page\/index.php?rest_route=%2Fwp%2Fv2%2Fmedia&parent=4963"}],"curies":[{"name":"wp","href":"https:\/\/api.w.org\/{rel}","templated":true}]}}